{"id":1100,"date":"2025-05-15T11:11:00","date_gmt":"2025-05-15T09:11:00","guid":{"rendered":"https:\/\/laspezieriadellaseta.it\/?post_type=product&#038;p=1100"},"modified":"2026-02-18T09:21:42","modified_gmt":"2026-02-18T08:21:42","slug":"or-fragranza-ambiente","status":"publish","type":"product","link":"https:\/\/laspezieriadellaseta.it\/en\/product\/or-fragranza-ambiente\/","title":{"rendered":"\u00d2r \u2013 fragranza ambiente"},"content":{"rendered":"<h2 class=\"wp-block-heading\">Un&#8217;ode alla preziosit\u00e0 della tradizione bolognese.<\/h2>\n\n\n\n<p>I primi bagliori del mattino accarezzano la citt\u00e0 gi\u00e0 in fermento dove l&#8217;oro, \u00f2r nel dialetto antico, scorre nelle mani degli abili mercanti e brilla nei tessuti preziosi. Mentre il sole dipinge d&#8217;ambra le torri, i fornai plasmano tradizione: le loro squisitezze sprigionano aromi che danzano nell&#8217;aria come invisibili fili dorati.<\/p>\n\n\n\n<p>In questo tripudio di luce e profumi nasce \u00d2r, simbolo di preziosit\u00e0 ed essenza della lunga tradizione della citt\u00e0. La nota di testa di <strong>limone meringato<\/strong> spicca, abbracciata dalla dolce <strong>clementina <\/strong>e dalla vellutata <strong>albicocca<\/strong>. Nel cuore, la ciambella Brazad\u00e9la rivela il suo tesoro olfattivo, memoria aromatica di gesti antichi e preziosi tramandati di mano in mano attraverso i secoli. La luminosa mimosa danza con l&#8217;etereo <strong>fiore di lino<\/strong>, creando una sinfonia di luce e delicatezza. Nelle note di fondo, il <strong>pane fragrante<\/strong> offre il suo abbraccio avvolgente e il muschio bianco si rivela delicato. La <strong>polvere di mandorla<\/strong> sigilla la composizione con morbida eleganza.<\/p>\n\n\n\n<p>\u00d2r \u00e8 l\u2019emblema della tradizione, che, come l\u2019oro pi\u00f9 puro, non perde mai la sua lucentezza attraverso il tempo.<\/p>\n\n\n<style>.kb-row-layout-id1100_94fcb8-dd > .kt-row-column-wrap{align-content:start;}:where(.kb-row-layout-id1100_94fcb8-dd > .kt-row-column-wrap) > .wp-block-kadence-column{justify-content:start;}.kb-row-layout-id1100_94fcb8-dd > .kt-row-column-wrap{column-gap:var(--global-kb-gap-md, 2rem);row-gap:var(--global-kb-gap-md, 2rem);padding-top:var(--global-kb-spacing-sm, 1.5rem);padding-bottom:var(--global-kb-spacing-sm, 1.5rem);grid-template-columns:minmax(0, 1fr);}.kb-row-layout-id1100_94fcb8-dd > .kt-row-layout-overlay{opacity:0.30;}@media all and (max-width: 1024px){.kb-row-layout-id1100_94fcb8-dd > .kt-row-column-wrap{grid-template-columns:minmax(0, 1fr);}}@media all and (max-width: 767px){.kb-row-layout-id1100_94fcb8-dd > .kt-row-column-wrap{grid-template-columns:minmax(0, 1fr);}}<\/style><div class=\"kb-row-layout-wrap kb-row-layout-id1100_94fcb8-dd alignnone wp-block-kadence-rowlayout\"><div class=\"kt-row-column-wrap kt-has-1-columns kt-row-layout-equal kt-tab-layout-inherit kt-mobile-layout-row kt-row-valign-top\">\n<style>.kadence-column1100_26a91b-6b > .kt-inside-inner-col{display:flex;}.kadence-column1100_26a91b-6b > .kt-inside-inner-col,.kadence-column1100_26a91b-6b > .kt-inside-inner-col:before{border-top-left-radius:0px;border-top-right-radius:0px;border-bottom-right-radius:0px;border-bottom-left-radius:0px;}.kadence-column1100_26a91b-6b > .kt-inside-inner-col{column-gap:var(--global-kb-gap-sm, 1rem);}.kadence-column1100_26a91b-6b > .kt-inside-inner-col{flex-direction:row;flex-wrap:wrap;align-items:center;justify-content:center;}.kadence-column1100_26a91b-6b > .kt-inside-inner-col > *, .kadence-column1100_26a91b-6b > .kt-inside-inner-col > figure.wp-block-image, .kadence-column1100_26a91b-6b > .kt-inside-inner-col > figure.wp-block-kadence-image{margin-top:0px;margin-bottom:0px;}.kadence-column1100_26a91b-6b > .kt-inside-inner-col > .kb-image-is-ratio-size{flex-grow:1;}.kt-row-column-wrap > .kadence-column1100_26a91b-6b{align-self:center;}.kt-inner-column-height-full:not(.kt-has-1-columns) > .wp-block-kadence-column.kadence-column1100_26a91b-6b{align-self:auto;}.kt-inner-column-height-full:not(.kt-has-1-columns) > .wp-block-kadence-column.kadence-column1100_26a91b-6b > .kt-inside-inner-col{align-items:center;}.kadence-column1100_26a91b-6b > .kt-inside-inner-col:before{opacity:0.3;}.kadence-column1100_26a91b-6b{position:relative;}@media all and (max-width: 1024px){.kt-row-column-wrap > .kadence-column1100_26a91b-6b{align-self:center;}}@media all and (max-width: 1024px){.kt-inner-column-height-full:not(.kt-has-1-columns) > .wp-block-kadence-column.kadence-column1100_26a91b-6b{align-self:auto;}}@media all and (max-width: 1024px){.kt-inner-column-height-full:not(.kt-has-1-columns) > .wp-block-kadence-column.kadence-column1100_26a91b-6b > .kt-inside-inner-col{align-items:center;}}@media all and (max-width: 1024px){.kadence-column1100_26a91b-6b > .kt-inside-inner-col{flex-direction:row;flex-wrap:wrap;align-items:center;justify-content:center;}}@media all and (min-width: 768px) and (max-width: 1024px){.kadence-column1100_26a91b-6b > .kt-inside-inner-col > *, .kadence-column1100_26a91b-6b > .kt-inside-inner-col > figure.wp-block-image, .kadence-column1100_26a91b-6b > .kt-inside-inner-col > figure.wp-block-kadence-image{margin-top:0px;margin-bottom:0px;}.kadence-column1100_26a91b-6b > .kt-inside-inner-col > .kb-image-is-ratio-size{flex-grow:1;}}@media all and (max-width: 767px){.kt-row-column-wrap > .kadence-column1100_26a91b-6b{align-self:center;}.kt-inner-column-height-full:not(.kt-has-1-columns) > .wp-block-kadence-column.kadence-column1100_26a91b-6b{align-self:auto;}.kt-inner-column-height-full:not(.kt-has-1-columns) > .wp-block-kadence-column.kadence-column1100_26a91b-6b > .kt-inside-inner-col{flex-direction:column;justify-content:center;}.kadence-column1100_26a91b-6b > .kt-inside-inner-col{flex-direction:column-reverse;justify-content:center;align-items:stretch;flex-wrap:nowrap;}.wp-block-kadence-column.kb-section-dir-horizontal.kadence-column1100_26a91b-6b > .kt-inside-inner-col > .wp-block-kadence-infobox{align-self:unset;}}<\/style>\n<div class=\"wp-block-kadence-column kadence-column1100_26a91b-6b kb-section-dir-horizontal kb-section-sm-dir-vertical-reverse\"><div class=\"kt-inside-inner-col\"><style>.kadence-column1100_a7be1c-3a, .wp-block-kadence-column.kb-section-dir-horizontal > .kt-inside-inner-col > .kadence-column1100_a7be1c-3a{flex-grow:1;}.kadence-column1100_a7be1c-3a > .kt-inside-inner-col{height:100%;}.kadence-column1100_a7be1c-3a > .kt-inside-inner-col,.kadence-column1100_a7be1c-3a > .kt-inside-inner-col:before{border-top-left-radius:0px;border-top-right-radius:0px;border-bottom-right-radius:0px;border-bottom-left-radius:0px;}.kadence-column1100_a7be1c-3a > .kt-inside-inner-col{column-gap:var(--global-kb-gap-sm, 1rem);}.kadence-column1100_a7be1c-3a > .kt-inside-inner-col{flex-direction:column;}.kadence-column1100_a7be1c-3a > .kt-inside-inner-col > .aligncenter{width:100%;}.kadence-column1100_a7be1c-3a > .kt-inside-inner-col:before{opacity:0.3;}.kadence-column1100_a7be1c-3a{position:relative;}@media all and (max-width: 1024px){.kadence-column1100_a7be1c-3a > .kt-inside-inner-col{flex-direction:column;justify-content:center;}}@media all and (max-width: 767px){.kadence-column1100_a7be1c-3a > .kt-inside-inner-col{flex-direction:column;justify-content:center;}}<\/style>\n<div class=\"wp-block-kadence-column kadence-column1100_a7be1c-3a\"><div class=\"kt-inside-inner-col\"><style>.kb-image1100_834ed1-ba .kb-image-has-overlay:after{opacity:0.3;border-top-left-radius:5px;border-top-right-radius:5px;border-bottom-right-radius:5px;border-bottom-left-radius:5px;}.kb-image1100_834ed1-ba img.kb-img, .kb-image1100_834ed1-ba .kb-img img{border-top-left-radius:5px;border-top-right-radius:5px;border-bottom-right-radius:5px;border-bottom-left-radius:5px;}<\/style>\n<figure class=\"wp-block-kadence-image kb-image1100_834ed1-ba size-full\"><img decoding=\"async\" width=\"800\" height=\"800\" src=\"https:\/\/laspezieriadellaseta.it\/wp-content\/uploads\/2025\/05\/La-Spezieria-della-Seta-Profumi-Ambiente-Marion-Garcia-Camaret-.jpg\" alt=\"Profumeria Artistica La Spezieria della Seta Profumiere Naso Marion Garcia Camaret\" class=\"kb-img wp-image-1101\" title=\"Profumeria Artistica La Spezieria della Seta Profumiere Naso Bertrand Duchaufour\" srcset=\"https:\/\/laspezieriadellaseta.it\/wp-content\/uploads\/2025\/05\/La-Spezieria-della-Seta-Profumi-Ambiente-Marion-Garcia-Camaret-.jpg 800w, https:\/\/laspezieriadellaseta.it\/wp-content\/uploads\/2025\/05\/La-Spezieria-della-Seta-Profumi-Ambiente-Marion-Garcia-Camaret--300x300.jpg 300w, https:\/\/laspezieriadellaseta.it\/wp-content\/uploads\/2025\/05\/La-Spezieria-della-Seta-Profumi-Ambiente-Marion-Garcia-Camaret--150x150.jpg 150w, https:\/\/laspezieriadellaseta.it\/wp-content\/uploads\/2025\/05\/La-Spezieria-della-Seta-Profumi-Ambiente-Marion-Garcia-Camaret--768x768.jpg 768w, https:\/\/laspezieriadellaseta.it\/wp-content\/uploads\/2025\/05\/La-Spezieria-della-Seta-Profumi-Ambiente-Marion-Garcia-Camaret--12x12.jpg 12w, https:\/\/laspezieriadellaseta.it\/wp-content\/uploads\/2025\/05\/La-Spezieria-della-Seta-Profumi-Ambiente-Marion-Garcia-Camaret--600x600.jpg 600w\" sizes=\"(max-width: 800px) 100vw, 800px\" \/><\/figure>\n<\/div><\/div>\n\n\n<style>.kadence-column1100_f240d9-31 > .kt-inside-inner-col{display:flex;}.kadence-column1100_f240d9-31, .wp-block-kadence-column.kb-section-dir-horizontal > .kt-inside-inner-col > .kadence-column1100_f240d9-31{flex-grow:2;}.kadence-column1100_f240d9-31 > .kt-inside-inner-col{height:100%;}.kadence-column1100_f240d9-31 > .kt-inside-inner-col,.kadence-column1100_f240d9-31 > .kt-inside-inner-col:before{border-top-left-radius:0px;border-top-right-radius:0px;border-bottom-right-radius:0px;border-bottom-left-radius:0px;}.kadence-column1100_f240d9-31 > .kt-inside-inner-col{column-gap:var(--global-kb-gap-sm, 1rem);}.kadence-column1100_f240d9-31 > .kt-inside-inner-col{flex-direction:column;justify-content:center;}.kadence-column1100_f240d9-31 > .kt-inside-inner-col > .aligncenter{width:100%;}.kt-row-column-wrap > .kadence-column1100_f240d9-31{align-self:center;}.kt-inner-column-height-full:not(.kt-has-1-columns) > .wp-block-kadence-column.kadence-column1100_f240d9-31{align-self:auto;}.kt-inner-column-height-full:not(.kt-has-1-columns) > .wp-block-kadence-column.kadence-column1100_f240d9-31 > .kt-inside-inner-col{flex-direction:column;justify-content:center;}.kadence-column1100_f240d9-31 > .kt-inside-inner-col:before{opacity:0.3;}.kadence-column1100_f240d9-31{position:relative;}@media all and (max-width: 1024px){.kt-row-column-wrap > .kadence-column1100_f240d9-31{align-self:center;}}@media all and (max-width: 1024px){.kt-inner-column-height-full:not(.kt-has-1-columns) > .wp-block-kadence-column.kadence-column1100_f240d9-31{align-self:auto;}}@media all and (max-width: 1024px){.kt-inner-column-height-full:not(.kt-has-1-columns) > .wp-block-kadence-column.kadence-column1100_f240d9-31 > .kt-inside-inner-col{flex-direction:column;justify-content:center;}}@media all and (max-width: 1024px){.kadence-column1100_f240d9-31 > .kt-inside-inner-col{flex-direction:column;justify-content:center;}}@media all and (max-width: 767px){.kt-row-column-wrap > .kadence-column1100_f240d9-31{align-self:center;}.kt-inner-column-height-full:not(.kt-has-1-columns) > .wp-block-kadence-column.kadence-column1100_f240d9-31{align-self:auto;}.kt-inner-column-height-full:not(.kt-has-1-columns) > .wp-block-kadence-column.kadence-column1100_f240d9-31 > .kt-inside-inner-col{flex-direction:column;justify-content:center;}.kadence-column1100_f240d9-31 > .kt-inside-inner-col{flex-direction:column;justify-content:center;}}<\/style>\n<div class=\"wp-block-kadence-column kadence-column1100_f240d9-31\"><div class=\"kt-inside-inner-col\">\n<h2 class=\"wp-block-heading\" id=\"le-parole-del-profumiere-bertrand-duchaufour\">Le parole del profumiere &#8211; Marion Garcia Camaret<\/h2>\n\n\n\n<p><em>&#8220;\u00d2r \u00e8 una fragranza retro-chic che reinventa la dolcezza dei ricordi. Le note di testa di limone frizzante e meringa dolce evocano i dolci della nonna. Nel cuore, la mimosa in polvere illumina la composizione con un&#8217;eleganza floreale senza tempo. Nel fondo, la polvere di mandorle e i morbidi muschi creano una scia confortante, come un abbraccio moderno.&#8221;<\/em><\/p>\n<\/div><\/div>\n<\/div><\/div>\n\n<\/div><\/div>\n\n\n<h2 class=\"wp-block-heading has-text-align-center\">Note olfattive<\/h2>\n\n\n\n<div style=\"height:30px\" aria-hidden=\"true\" class=\"wp-block-spacer\"><\/div>\n\n\n<style>.wp-block-kadence-column.kb-section-dir-horizontal > .kt-inside-inner-col > .kt-info-box1100_7cbb1a-3f .kt-blocks-info-box-link-wrap{max-width:unset;}.kt-info-box1100_7cbb1a-3f .kt-blocks-info-box-link-wrap{border-top:2px solid #F6F6F6;border-right:2px solid #F6F6F6;border-bottom:2px solid #F6F6F6;border-left:2px solid #F6F6F6;border-top-left-radius:20px;border-top-right-radius:20px;border-bottom-right-radius:20px;border-bottom-left-radius:20px;background:#ffffff;padding-top:var(--global-kb-spacing-sm, 1.5rem);padding-right:var(--global-kb-spacing-sm, 1.5rem);padding-bottom:var(--global-kb-spacing-sm, 1.5rem);padding-left:var(--global-kb-spacing-sm, 1.5rem);margin-top:50px;}.kt-info-box1100_7cbb1a-3f .kt-blocks-info-box-media-align-top .kt-blocks-info-box-media-container{max-width:100%;}.kt-info-box1100_7cbb1a-3f.wp-block-kadence-infobox{max-width:100%;}.kt-info-box1100_7cbb1a-3f .kadence-info-box-image-inner-intrisic-container{max-width:100px;}.kt-info-box1100_7cbb1a-3f .kadence-info-box-image-inner-intrisic-container .kadence-info-box-image-intrisic{max-width:100%;}.kt-info-box1100_7cbb1a-3f .kt-blocks-info-box-media .kt-info-box-image{width:100px;height:auto;}.kt-info-box1100_7cbb1a-3f .kadence-info-box-icon-container .kt-info-svg-icon, .kt-info-box1100_7cbb1a-3f .kt-info-svg-icon-flip, .kt-info-box1100_7cbb1a-3f .kt-blocks-info-box-number{font-size:50px;}.kt-info-box1100_7cbb1a-3f .kt-blocks-info-box-media{background:#ffffff;border-color:#F6F6F6;border-top-width:0px;border-right-width:0px;border-bottom-width:0px;border-left-width:0px;padding-top:5px;padding-right:5px;padding-bottom:5px;padding-left:5px;}.kt-info-box1100_7cbb1a-3f .kt-blocks-info-box-media-container{margin-top:-75px;margin-right:0px;margin-bottom:20px;margin-left:0px;}.kt-info-box1100_7cbb1a-3f .kt-infobox-textcontent h3.kt-blocks-info-box-title{padding-top:0px;padding-right:0px;padding-bottom:0px;padding-left:0px;margin-top:5px;margin-right:0px;margin-bottom:10px;margin-left:0px;}.kt-info-box1100_7cbb1a-3f .kt-blocks-info-box-learnmore{background:transparent;border-width:0px 0px 0px 0px;padding-top:4px;padding-right:8px;padding-bottom:4px;padding-left:8px;margin-top:10px;margin-right:0px;margin-bottom:10px;margin-left:0px;}@media all and (max-width: 1024px){.kt-info-box1100_7cbb1a-3f .kt-blocks-info-box-link-wrap{border-top:2px solid #F6F6F6;border-right:2px solid #F6F6F6;border-bottom:2px solid #F6F6F6;border-left:2px solid #F6F6F6;}}@media all and (max-width: 767px){.kt-info-box1100_7cbb1a-3f .kt-blocks-info-box-link-wrap{border-top:2px solid #F6F6F6;border-right:2px solid #F6F6F6;border-bottom:2px solid #F6F6F6;border-left:2px solid #F6F6F6;}}<\/style>\n<div class=\"wp-block-kadence-infobox kt-info-box1100_7cbb1a-3f\"><span class=\"kt-blocks-info-box-link-wrap info-box-link kt-blocks-info-box-media-align-top kt-info-halign-center\"><div class=\"kt-blocks-info-box-media-container\"><div class=\"kt-blocks-info-box-media kt-info-media-animate-none\"><div class=\"kadence-info-box-image-inner-intrisic-container\"><div class=\"kadence-info-box-image-intrisic kt-info-animate-none kb-info-box-image-type-svg\"><div class=\"kadence-info-box-image-inner-intrisic\"><img decoding=\"async\" src=\"https:\/\/laspezieriadellaseta.it\/wp-content\/uploads\/2025\/03\/profumi-nicchia-piramide-olfattiva-testa.svg\" alt=\"La Spezieria della Seta Piramide Olfattiva Testa\" width=\"100\" class=\"kt-info-box-image wp-image-713 kt-info-svg-image\"\/><\/div><\/div><\/div><\/div><\/div><div class=\"kt-infobox-textcontent\"><h3 class=\"kt-blocks-info-box-title\">Testa<\/h3><p class=\"kt-blocks-info-box-text\">L&#8217;esordio di questo profumo \u00e8 un&#8217;<strong>esplosione solare di agrumi vivaci<\/strong>. Il <strong>limone <\/strong>e la <strong>clementina <\/strong>sprigionano una freschezza frizzante. Un tocco inatteso di <strong>albicocca <\/strong>aggiunge un guizzo malizioso, come un raggio di sole che scalda la pelle.<\/p><\/div><\/span><\/div>\n\n\n<style>.wp-block-kadence-column.kb-section-dir-horizontal > .kt-inside-inner-col > .kt-info-box1100_09ce04-80 .kt-blocks-info-box-link-wrap{max-width:unset;}.kt-info-box1100_09ce04-80 .kt-blocks-info-box-link-wrap{border-top:2px solid #F6F6F6;border-right:2px solid #F6F6F6;border-bottom:2px solid #F6F6F6;border-left:2px solid #F6F6F6;border-top-left-radius:20px;border-top-right-radius:20px;border-bottom-right-radius:20px;border-bottom-left-radius:20px;background:#ffffff;padding-top:var(--global-kb-spacing-sm, 1.5rem);padding-right:var(--global-kb-spacing-sm, 1.5rem);padding-bottom:var(--global-kb-spacing-sm, 1.5rem);padding-left:var(--global-kb-spacing-sm, 1.5rem);margin-top:50px;}.kt-info-box1100_09ce04-80 .kt-blocks-info-box-media-align-top .kt-blocks-info-box-media-container{max-width:100%;}.kt-info-box1100_09ce04-80.wp-block-kadence-infobox{max-width:100%;}.kt-info-box1100_09ce04-80 .kadence-info-box-image-inner-intrisic-container{max-width:100px;}.kt-info-box1100_09ce04-80 .kadence-info-box-image-inner-intrisic-container .kadence-info-box-image-intrisic{max-width:100%;}.kt-info-box1100_09ce04-80 .kt-blocks-info-box-media .kt-info-box-image{width:100px;height:auto;}.kt-info-box1100_09ce04-80 .kadence-info-box-icon-container .kt-info-svg-icon, .kt-info-box1100_09ce04-80 .kt-info-svg-icon-flip, .kt-info-box1100_09ce04-80 .kt-blocks-info-box-number{font-size:50px;}.kt-info-box1100_09ce04-80 .kt-blocks-info-box-media{background:#ffffff;border-color:#F6F6F6;border-top-width:0px;border-right-width:0px;border-bottom-width:0px;border-left-width:0px;padding-top:5px;padding-right:5px;padding-bottom:5px;padding-left:5px;}.kt-info-box1100_09ce04-80 .kt-blocks-info-box-media-container{margin-top:-75px;margin-right:0px;margin-bottom:20px;margin-left:0px;}.kt-info-box1100_09ce04-80 .kt-infobox-textcontent h3.kt-blocks-info-box-title{padding-top:0px;padding-right:0px;padding-bottom:0px;padding-left:0px;margin-top:5px;margin-right:0px;margin-bottom:10px;margin-left:0px;}.kt-info-box1100_09ce04-80 .kt-blocks-info-box-learnmore{background:transparent;border-width:0px 0px 0px 0px;padding-top:4px;padding-right:8px;padding-bottom:4px;padding-left:8px;margin-top:10px;margin-right:0px;margin-bottom:10px;margin-left:0px;}@media all and (max-width: 1024px){.kt-info-box1100_09ce04-80 .kt-blocks-info-box-link-wrap{border-top:2px solid #F6F6F6;border-right:2px solid #F6F6F6;border-bottom:2px solid #F6F6F6;border-left:2px solid #F6F6F6;}}@media all and (max-width: 767px){.kt-info-box1100_09ce04-80 .kt-blocks-info-box-link-wrap{border-top:2px solid #F6F6F6;border-right:2px solid #F6F6F6;border-bottom:2px solid #F6F6F6;border-left:2px solid #F6F6F6;}}<\/style>\n<div class=\"wp-block-kadence-infobox kt-info-box1100_09ce04-80\"><span class=\"kt-blocks-info-box-link-wrap info-box-link kt-blocks-info-box-media-align-top kt-info-halign-center\"><div class=\"kt-blocks-info-box-media-container\"><div class=\"kt-blocks-info-box-media kt-info-media-animate-none\"><div class=\"kadence-info-box-image-inner-intrisic-container\"><div class=\"kadence-info-box-image-intrisic kt-info-animate-none kb-info-box-image-type-svg\"><div class=\"kadence-info-box-image-inner-intrisic\"><img decoding=\"async\" src=\"https:\/\/laspezieriadellaseta.it\/wp-content\/uploads\/2025\/03\/profumi-nicchia-piramide-olfattiva-cuore.svg\" alt=\"La Spezieria della Seta Piramide Olfattiva Cuore\" width=\"100\" class=\"kt-info-box-image wp-image-711 kt-info-svg-image\"\/><\/div><\/div><\/div><\/div><\/div><div class=\"kt-infobox-textcontent\"><h3 class=\"kt-blocks-info-box-title\">Cuore<\/h3><p class=\"kt-blocks-info-box-text\">Il cuore rivela un <strong>bouquet delicato e goloso<\/strong>. La <strong>mimosa <\/strong>effonde la sua polvere dorata, danzando con l&#8217;eterea purezza del <strong>fiore di lino<\/strong>. Un <strong>accento <\/strong>deliziosamente <strong>gourmand <\/strong>di <strong>ciambella Brazad\u00e9la<\/strong> aggiunge una nota zuccherina e sofisticata, come un piccolo lusso da assaporare.<\/p><\/div><\/span><\/div>\n\n\n<style>.wp-block-kadence-column.kb-section-dir-horizontal > .kt-inside-inner-col > .kt-info-box1100_d05f3f-6c .kt-blocks-info-box-link-wrap{max-width:unset;}.kt-info-box1100_d05f3f-6c .kt-blocks-info-box-link-wrap{border-top:2px solid #F6F6F6;border-right:2px solid #F6F6F6;border-bottom:2px solid #F6F6F6;border-left:2px solid #F6F6F6;border-top-left-radius:20px;border-top-right-radius:20px;border-bottom-right-radius:20px;border-bottom-left-radius:20px;background:#ffffff;padding-top:var(--global-kb-spacing-sm, 1.5rem);padding-right:var(--global-kb-spacing-sm, 1.5rem);padding-bottom:var(--global-kb-spacing-sm, 1.5rem);padding-left:var(--global-kb-spacing-sm, 1.5rem);margin-top:50px;margin-bottom:50px;}.kt-info-box1100_d05f3f-6c .kt-blocks-info-box-media-align-top .kt-blocks-info-box-media-container{max-width:100%;}.kt-info-box1100_d05f3f-6c.wp-block-kadence-infobox{max-width:100%;}.kt-info-box1100_d05f3f-6c .kadence-info-box-image-inner-intrisic-container{max-width:100px;}.kt-info-box1100_d05f3f-6c .kadence-info-box-image-inner-intrisic-container .kadence-info-box-image-intrisic{max-width:100%;}.kt-info-box1100_d05f3f-6c .kt-blocks-info-box-media .kt-info-box-image{width:100px;height:auto;}.kt-info-box1100_d05f3f-6c .kadence-info-box-icon-container .kt-info-svg-icon, .kt-info-box1100_d05f3f-6c .kt-info-svg-icon-flip, .kt-info-box1100_d05f3f-6c .kt-blocks-info-box-number{font-size:50px;}.kt-info-box1100_d05f3f-6c .kt-blocks-info-box-media{background:#ffffff;border-color:#F6F6F6;border-top-width:0px;border-right-width:0px;border-bottom-width:0px;border-left-width:0px;padding-top:5px;padding-right:5px;padding-bottom:5px;padding-left:5px;}.kt-info-box1100_d05f3f-6c .kt-blocks-info-box-media-container{margin-top:-75px;margin-right:0px;margin-bottom:20px;margin-left:0px;}.kt-info-box1100_d05f3f-6c .kt-infobox-textcontent h3.kt-blocks-info-box-title{padding-top:0px;padding-right:0px;padding-bottom:0px;padding-left:0px;margin-top:5px;margin-right:0px;margin-bottom:10px;margin-left:0px;}.kt-info-box1100_d05f3f-6c .kt-blocks-info-box-learnmore{background:transparent;border-width:0px 0px 0px 0px;padding-top:4px;padding-right:8px;padding-bottom:4px;padding-left:8px;margin-top:10px;margin-right:0px;margin-bottom:10px;margin-left:0px;}@media all and (max-width: 1024px){.kt-info-box1100_d05f3f-6c .kt-blocks-info-box-link-wrap{border-top:2px solid #F6F6F6;border-right:2px solid #F6F6F6;border-bottom:2px solid #F6F6F6;border-left:2px solid #F6F6F6;}}@media all and (max-width: 767px){.kt-info-box1100_d05f3f-6c .kt-blocks-info-box-link-wrap{border-top:2px solid #F6F6F6;border-right:2px solid #F6F6F6;border-bottom:2px solid #F6F6F6;border-left:2px solid #F6F6F6;}}<\/style>\n<div class=\"wp-block-kadence-infobox kt-info-box1100_d05f3f-6c\"><span class=\"kt-blocks-info-box-link-wrap info-box-link kt-blocks-info-box-media-align-top kt-info-halign-center\"><div class=\"kt-blocks-info-box-media-container\"><div class=\"kt-blocks-info-box-media kt-info-media-animate-none\"><div class=\"kadence-info-box-image-inner-intrisic-container\"><div class=\"kadence-info-box-image-intrisic kt-info-animate-none kb-info-box-image-type-svg\"><div class=\"kadence-info-box-image-inner-intrisic\"><img decoding=\"async\" src=\"https:\/\/laspezieriadellaseta.it\/wp-content\/uploads\/2025\/03\/profumi-nicchia-piramide-olfattiva-fondo.svg\" alt=\"La Spezieria della Seta Piramide Olfattiva Fondo\" width=\"100\" class=\"kt-info-box-image wp-image-712 kt-info-svg-image\"\/><\/div><\/div><\/div><\/div><\/div><div class=\"kt-infobox-textcontent\"><h3 class=\"kt-blocks-info-box-title\">Fondo<\/h3><p class=\"kt-blocks-info-box-text\">La chiusura \u00e8 un sussurro avvolgente di dolcezza e morbidezza. Il <strong>pane fragrante<\/strong> evoca fragranze calde e familiari di pasticceria appena sfornata. La <strong>polvere di mandorla<\/strong> sigilla la fragranza con un tocco vellutato e rassicurante, lasciando una scia indimenticabile.<\/p><\/div><\/span><\/div>\n\n\n\n<details class=\"wp-block-details dett-prod is-layout-flow wp-block-details-is-layout-flow\"><summary>Punteggio FLORINDEX\u00ae: B<\/summary>\n<p>Questo prodotto contiene una fragranza eco-socio-concepita*:<br>\u2022 Sostenibilit\u00e0 certificata<br>\u2022 Minimo impatto ambientale e un design responsabile.<br>\u2022 Sviluppata rispettando rigorosi criteri di eco-socio-design.<br><em>*Per ulteriori informazioni, visita www.flor-index.fr<\/em><\/p>\n\n\n\n<p><\/p>\n<\/details>\n\n\n\n<details class=\"wp-block-details dett-prod is-layout-flow wp-block-details-is-layout-flow\"><summary>Ingredienti<\/summary>\n<p>4-tert-butylcyclohexyl acetate, Limonene, Tetramethyl acetyloctahydronaphthalenes, Linalool.<\/p>\n\n\n\n<p><em>Pu\u00f2 provocare una reazione allergica.&nbsp;&nbsp;<\/em><\/p>\n\n\n\n<p><\/p>\n<\/details>","protected":false},"excerpt":{"rendered":"<p>Spiccate note di limone meringato e clementina si intrecciano alla rotondit\u00e0 e dolcezza della ciambella Brazad\u00e9la e della mimosa, per chiudersi con una nota pulita di muschio bianco e polvere di mandorla. Lasciati ammaliare dalla dolcezza avvolgente di \u00d2r.<\/p>","protected":false},"featured_media":1102,"comment_status":"open","ping_status":"closed","template":"","meta":[],"product_brand":[25],"product_cat":[71],"product_tag":[],"famiglia_olfattiva":[208,42,78],"ingrediente":[214,217,213,216,212,215,219,218,220],"profumieri":[211],"class_list":{"0":"post-1100","1":"product","2":"type-product","3":"status-publish","4":"has-post-thumbnail","6":"product_brand-la-spezieria-della-seta","7":"product_cat-fragranze-ambiente","8":"famiglia_olfattiva-agrumata","9":"famiglia_olfattiva-floreale","10":"famiglia_olfattiva-gourmand","11":"ingrediente-albicocca","12":"ingrediente-ciambella-brazadela","13":"ingrediente-clementina","14":"ingrediente-fiore-di-lino","15":"ingrediente-limone-meringato","16":"ingrediente-mimosa","17":"ingrediente-muschio-bianco","18":"ingrediente-pane-fragrante","19":"ingrediente-polvere-di-mandorla","20":"profumieri-marion-garcia-camaret","22":"first","23":"instock","24":"taxable","25":"shipping-taxable","26":"purchasable","27":"product-type-simple"},"yoast_head":"<!-- This site is optimized with the Yoast SEO plugin v27.4 - https:\/\/yoast.com\/product\/yoast-seo-wordpress\/ -->\n<title>\u00d2r - fragranza ambiente gourmand con note dolci<\/title>\n<meta name=\"description\" content=\"La Spezieria della Seta - \u00d2r \u00e8 un profumo ambiente con note dolci di clementina, macaron e mimosa.\" \/>\n<meta name=\"robots\" content=\"index, follow, max-snippet:-1, max-image-preview:large, max-video-preview:-1\" \/>\n<link rel=\"canonical\" href=\"https:\/\/laspezieriadellaseta.it\/en\/product\/or-fragranza-ambiente\/\" \/>\n<meta property=\"og:locale\" content=\"en_GB\" \/>\n<meta property=\"og:type\" content=\"article\" \/>\n<meta property=\"og:title\" content=\"\u00d2r - fragranza ambiente gourmand con note dolci\" \/>\n<meta property=\"og:description\" content=\"La Spezieria della Seta - \u00d2r \u00e8 un profumo ambiente con note dolci di clementina, macaron e mimosa.\" \/>\n<meta property=\"og:url\" content=\"https:\/\/laspezieriadellaseta.it\/en\/product\/or-fragranza-ambiente\/\" \/>\n<meta property=\"og:site_name\" content=\"La Spezieria della Seta\" \/>\n<meta property=\"article:publisher\" content=\"https:\/\/www.facebook.com\/profile.php?id=61573979611482\" \/>\n<meta property=\"article:modified_time\" content=\"2026-02-18T08:21:42+00:00\" \/>\n<meta property=\"og:image\" content=\"https:\/\/laspezieriadellaseta.it\/wp-content\/uploads\/2025\/05\/Profumo-ambiente-dolce-OR-La-spezieria-della-seta-1.png\" \/>\n\t<meta property=\"og:image:width\" content=\"1920\" \/>\n\t<meta property=\"og:image:height\" content=\"1920\" \/>\n\t<meta property=\"og:image:type\" content=\"image\/png\" \/>\n<meta name=\"twitter:card\" content=\"summary_large_image\" \/>\n<meta name=\"twitter:label1\" content=\"Estimated reading time\" \/>\n\t<meta name=\"twitter:data1\" content=\"4 minutes\" \/>\n<script type=\"application\/ld+json\" class=\"yoast-schema-graph\">{\"@context\":\"https:\\\/\\\/schema.org\",\"@graph\":[{\"@type\":\"WebPage\",\"@id\":\"https:\\\/\\\/laspezieriadellaseta.it\\\/prodotto\\\/or-fragranza-ambiente\\\/\",\"url\":\"https:\\\/\\\/laspezieriadellaseta.it\\\/prodotto\\\/or-fragranza-ambiente\\\/\",\"name\":\"\u00d2r - fragranza ambiente gourmand con note dolci\",\"isPartOf\":{\"@id\":\"https:\\\/\\\/laspezieriadellaseta.it\\\/#website\"},\"primaryImageOfPage\":{\"@id\":\"https:\\\/\\\/laspezieriadellaseta.it\\\/prodotto\\\/or-fragranza-ambiente\\\/#primaryimage\"},\"image\":{\"@id\":\"https:\\\/\\\/laspezieriadellaseta.it\\\/prodotto\\\/or-fragranza-ambiente\\\/#primaryimage\"},\"thumbnailUrl\":\"https:\\\/\\\/laspezieriadellaseta.it\\\/wp-content\\\/uploads\\\/2025\\\/05\\\/Profumo-ambiente-dolce-OR-La-spezieria-della-seta-1.png\",\"datePublished\":\"2025-05-15T09:11:00+00:00\",\"dateModified\":\"2026-02-18T08:21:42+00:00\",\"description\":\"La Spezieria della Seta - \u00d2r \u00e8 un profumo ambiente con note dolci di clementina, macaron e mimosa.\",\"breadcrumb\":{\"@id\":\"https:\\\/\\\/laspezieriadellaseta.it\\\/prodotto\\\/or-fragranza-ambiente\\\/#breadcrumb\"},\"inLanguage\":\"en-GB\",\"potentialAction\":[{\"@type\":\"ReadAction\",\"target\":[\"https:\\\/\\\/laspezieriadellaseta.it\\\/prodotto\\\/or-fragranza-ambiente\\\/\"]}]},{\"@type\":\"ImageObject\",\"inLanguage\":\"en-GB\",\"@id\":\"https:\\\/\\\/laspezieriadellaseta.it\\\/prodotto\\\/or-fragranza-ambiente\\\/#primaryimage\",\"url\":\"https:\\\/\\\/laspezieriadellaseta.it\\\/wp-content\\\/uploads\\\/2025\\\/05\\\/Profumo-ambiente-dolce-OR-La-spezieria-della-seta-1.png\",\"contentUrl\":\"https:\\\/\\\/laspezieriadellaseta.it\\\/wp-content\\\/uploads\\\/2025\\\/05\\\/Profumo-ambiente-dolce-OR-La-spezieria-della-seta-1.png\",\"width\":1920,\"height\":1920,\"caption\":\"La Spezieria della Seta Profumi di nicchia Or fragranza ambiente Marion Garcia Camaret\"},{\"@type\":\"BreadcrumbList\",\"@id\":\"https:\\\/\\\/laspezieriadellaseta.it\\\/prodotto\\\/or-fragranza-ambiente\\\/#breadcrumb\",\"itemListElement\":[{\"@type\":\"ListItem\",\"position\":1,\"name\":\"Home\",\"item\":\"https:\\\/\\\/laspezieriadellaseta.it\\\/\"},{\"@type\":\"ListItem\",\"position\":2,\"name\":\"Fragranze La Spezieria della Seta\",\"item\":\"https:\\\/\\\/laspezieriadellaseta.it\\\/profumi-di-nicchia\\\/\"},{\"@type\":\"ListItem\",\"position\":3,\"name\":\"\u00d2r \u2013 fragranza ambiente\"}]},{\"@type\":\"WebSite\",\"@id\":\"https:\\\/\\\/laspezieriadellaseta.it\\\/#website\",\"url\":\"https:\\\/\\\/laspezieriadellaseta.it\\\/\",\"name\":\"La Spezieria della Seta - Profumi di nicchia\",\"description\":\"Profumi di nicchia per persona e ambiente\",\"publisher\":{\"@id\":\"https:\\\/\\\/laspezieriadellaseta.it\\\/#organization\"},\"alternateName\":\"La Spezieria della Seta - Profumi di nicchia\",\"potentialAction\":[{\"@type\":\"SearchAction\",\"target\":{\"@type\":\"EntryPoint\",\"urlTemplate\":\"https:\\\/\\\/laspezieriadellaseta.it\\\/?s={search_term_string}\"},\"query-input\":{\"@type\":\"PropertyValueSpecification\",\"valueRequired\":true,\"valueName\":\"search_term_string\"}}],\"inLanguage\":\"en-GB\"},{\"@type\":\"Organization\",\"@id\":\"https:\\\/\\\/laspezieriadellaseta.it\\\/#organization\",\"name\":\"La Spezieria della Seta\",\"url\":\"https:\\\/\\\/laspezieriadellaseta.it\\\/\",\"logo\":{\"@type\":\"ImageObject\",\"inLanguage\":\"en-GB\",\"@id\":\"https:\\\/\\\/laspezieriadellaseta.it\\\/#\\\/schema\\\/logo\\\/image\\\/\",\"url\":\"https:\\\/\\\/laspezieriadellaseta.it\\\/wp-content\\\/uploads\\\/2025\\\/03\\\/logo-la-spezieria-della-seta.png\",\"contentUrl\":\"https:\\\/\\\/laspezieriadellaseta.it\\\/wp-content\\\/uploads\\\/2025\\\/03\\\/logo-la-spezieria-della-seta.png\",\"width\":750,\"height\":750,\"caption\":\"La Spezieria della Seta\"},\"image\":{\"@id\":\"https:\\\/\\\/laspezieriadellaseta.it\\\/#\\\/schema\\\/logo\\\/image\\\/\"},\"sameAs\":[\"https:\\\/\\\/www.facebook.com\\\/profile.php?id=61573979611482\",\"https:\\\/\\\/www.instagram.com\\\/laspezieriadellaseta\",\"https:\\\/\\\/www.tiktok.com\\\/@laspezieriadellaseta\"]}]}<\/script>\n<!-- \/ Yoast SEO plugin. -->","yoast_head_json":{"title":"\u00d2r - fragranza ambiente gourmand con note dolci","description":"La Spezieria della Seta - \u00d2r \u00e8 un profumo ambiente con note dolci di clementina, macaron e mimosa.","robots":{"index":"index","follow":"follow","max-snippet":"max-snippet:-1","max-image-preview":"max-image-preview:large","max-video-preview":"max-video-preview:-1"},"canonical":"https:\/\/laspezieriadellaseta.it\/en\/product\/or-fragranza-ambiente\/","og_locale":"en_GB","og_type":"article","og_title":"\u00d2r - fragranza ambiente gourmand con note dolci","og_description":"La Spezieria della Seta - \u00d2r \u00e8 un profumo ambiente con note dolci di clementina, macaron e mimosa.","og_url":"https:\/\/laspezieriadellaseta.it\/en\/product\/or-fragranza-ambiente\/","og_site_name":"La Spezieria della Seta","article_publisher":"https:\/\/www.facebook.com\/profile.php?id=61573979611482","article_modified_time":"2026-02-18T08:21:42+00:00","og_image":[{"width":1920,"height":1920,"url":"https:\/\/laspezieriadellaseta.it\/wp-content\/uploads\/2025\/05\/Profumo-ambiente-dolce-OR-La-spezieria-della-seta-1.png","type":"image\/png"}],"twitter_card":"summary_large_image","twitter_misc":{"Estimated reading time":"4 minutes"},"schema":{"@context":"https:\/\/schema.org","@graph":[{"@type":"WebPage","@id":"https:\/\/laspezieriadellaseta.it\/prodotto\/or-fragranza-ambiente\/","url":"https:\/\/laspezieriadellaseta.it\/prodotto\/or-fragranza-ambiente\/","name":"\u00d2r - fragranza ambiente gourmand con note dolci","isPartOf":{"@id":"https:\/\/laspezieriadellaseta.it\/#website"},"primaryImageOfPage":{"@id":"https:\/\/laspezieriadellaseta.it\/prodotto\/or-fragranza-ambiente\/#primaryimage"},"image":{"@id":"https:\/\/laspezieriadellaseta.it\/prodotto\/or-fragranza-ambiente\/#primaryimage"},"thumbnailUrl":"https:\/\/laspezieriadellaseta.it\/wp-content\/uploads\/2025\/05\/Profumo-ambiente-dolce-OR-La-spezieria-della-seta-1.png","datePublished":"2025-05-15T09:11:00+00:00","dateModified":"2026-02-18T08:21:42+00:00","description":"La Spezieria della Seta - \u00d2r \u00e8 un profumo ambiente con note dolci di clementina, macaron e mimosa.","breadcrumb":{"@id":"https:\/\/laspezieriadellaseta.it\/prodotto\/or-fragranza-ambiente\/#breadcrumb"},"inLanguage":"en-GB","potentialAction":[{"@type":"ReadAction","target":["https:\/\/laspezieriadellaseta.it\/prodotto\/or-fragranza-ambiente\/"]}]},{"@type":"ImageObject","inLanguage":"en-GB","@id":"https:\/\/laspezieriadellaseta.it\/prodotto\/or-fragranza-ambiente\/#primaryimage","url":"https:\/\/laspezieriadellaseta.it\/wp-content\/uploads\/2025\/05\/Profumo-ambiente-dolce-OR-La-spezieria-della-seta-1.png","contentUrl":"https:\/\/laspezieriadellaseta.it\/wp-content\/uploads\/2025\/05\/Profumo-ambiente-dolce-OR-La-spezieria-della-seta-1.png","width":1920,"height":1920,"caption":"La Spezieria della Seta Profumi di nicchia Or fragranza ambiente Marion Garcia Camaret"},{"@type":"BreadcrumbList","@id":"https:\/\/laspezieriadellaseta.it\/prodotto\/or-fragranza-ambiente\/#breadcrumb","itemListElement":[{"@type":"ListItem","position":1,"name":"Home","item":"https:\/\/laspezieriadellaseta.it\/"},{"@type":"ListItem","position":2,"name":"Fragranze La Spezieria della Seta","item":"https:\/\/laspezieriadellaseta.it\/profumi-di-nicchia\/"},{"@type":"ListItem","position":3,"name":"\u00d2r \u2013 fragranza ambiente"}]},{"@type":"WebSite","@id":"https:\/\/laspezieriadellaseta.it\/#website","url":"https:\/\/laspezieriadellaseta.it\/","name":"La Spezieria della Seta - Profumi di nicchia","description":"Profumi di nicchia per persona e ambiente","publisher":{"@id":"https:\/\/laspezieriadellaseta.it\/#organization"},"alternateName":"La Spezieria della Seta - Profumi di nicchia","potentialAction":[{"@type":"SearchAction","target":{"@type":"EntryPoint","urlTemplate":"https:\/\/laspezieriadellaseta.it\/?s={search_term_string}"},"query-input":{"@type":"PropertyValueSpecification","valueRequired":true,"valueName":"search_term_string"}}],"inLanguage":"en-GB"},{"@type":"Organization","@id":"https:\/\/laspezieriadellaseta.it\/#organization","name":"La Spezieria della Seta","url":"https:\/\/laspezieriadellaseta.it\/","logo":{"@type":"ImageObject","inLanguage":"en-GB","@id":"https:\/\/laspezieriadellaseta.it\/#\/schema\/logo\/image\/","url":"https:\/\/laspezieriadellaseta.it\/wp-content\/uploads\/2025\/03\/logo-la-spezieria-della-seta.png","contentUrl":"https:\/\/laspezieriadellaseta.it\/wp-content\/uploads\/2025\/03\/logo-la-spezieria-della-seta.png","width":750,"height":750,"caption":"La Spezieria della Seta"},"image":{"@id":"https:\/\/laspezieriadellaseta.it\/#\/schema\/logo\/image\/"},"sameAs":["https:\/\/www.facebook.com\/profile.php?id=61573979611482","https:\/\/www.instagram.com\/laspezieriadellaseta","https:\/\/www.tiktok.com\/@laspezieriadellaseta"]}]}},"_links":{"self":[{"href":"https:\/\/laspezieriadellaseta.it\/en\/wp-json\/wp\/v2\/product\/1100","targetHints":{"allow":["GET"]}}],"collection":[{"href":"https:\/\/laspezieriadellaseta.it\/en\/wp-json\/wp\/v2\/product"}],"about":[{"href":"https:\/\/laspezieriadellaseta.it\/en\/wp-json\/wp\/v2\/types\/product"}],"replies":[{"embeddable":true,"href":"https:\/\/laspezieriadellaseta.it\/en\/wp-json\/wp\/v2\/comments?post=1100"}],"wp:featuredmedia":[{"embeddable":true,"href":"https:\/\/laspezieriadellaseta.it\/en\/wp-json\/wp\/v2\/media\/1102"}],"wp:attachment":[{"href":"https:\/\/laspezieriadellaseta.it\/en\/wp-json\/wp\/v2\/media?parent=1100"}],"wp:term":[{"taxonomy":"product_brand","embeddable":true,"href":"https:\/\/laspezieriadellaseta.it\/en\/wp-json\/wp\/v2\/product_brand?post=1100"},{"taxonomy":"product_cat","embeddable":true,"href":"https:\/\/laspezieriadellaseta.it\/en\/wp-json\/wp\/v2\/product_cat?post=1100"},{"taxonomy":"product_tag","embeddable":true,"href":"https:\/\/laspezieriadellaseta.it\/en\/wp-json\/wp\/v2\/product_tag?post=1100"},{"taxonomy":"famiglia_olfattiva","embeddable":true,"href":"https:\/\/laspezieriadellaseta.it\/en\/wp-json\/wp\/v2\/famiglia_olfattiva?post=1100"},{"taxonomy":"ingrediente","embeddable":true,"href":"https:\/\/laspezieriadellaseta.it\/en\/wp-json\/wp\/v2\/ingrediente?post=1100"},{"taxonomy":"profumieri","embeddable":true,"href":"https:\/\/laspezieriadellaseta.it\/en\/wp-json\/wp\/v2\/profumieri?post=1100"}],"curies":[{"name":"wp","href":"https:\/\/api.w.org\/{rel}","templated":true}]}}