{"id":125,"date":"2025-01-28T20:30:16","date_gmt":"2025-01-28T19:30:16","guid":{"rendered":"http:\/\/localhost\/lsds28\/?post_type=product&#038;p=41"},"modified":"2026-01-30T10:01:12","modified_gmt":"2026-01-30T09:01:12","slug":"anima-eau-de-parfum","status":"publish","type":"product","link":"https:\/\/laspezieriadellaseta.it\/en\/product\/anima-eau-de-parfum\/","title":{"rendered":"Soul \u2013 Eau de Parfum"},"content":{"rendered":"<h2 class=\"wp-block-heading\">Un viaggio olfattivo che prende vita dal rituale inaugurativo del mercato, dove l\u2019incenso incontra il t\u00e8 bianco in un\u2019unione silenziosa che parla all\u2019anima.<\/h2>\n\n\n\n<p>Un viaggio olfattivo che prende vita dal rituale inaugurativo del mercato, dove l\u2019incenso incontra il t\u00e8 bianco in un\u2019unione silenziosa che parla all\u2019anima.<\/p>\n\n\n\n<p>Le prime luci del mattino accarezzano il mercato che gi\u00e0 brulica di vita con voci che si intrecciano tra gli stretti vicoli. Il primo bagliore del giorno illumina le bancarelle ricche di spezie dai colori intensi e tessuti pregiati. Improvvisamente una fragranza inebriante si diffonde nell&#8217;aria, catturando l&#8217;attenzione di tutti i presenti. \u00c8 il momento mistico dell\u2019inaugurazione del mercato. Gli incensi si alzano in volute dense e leggere, danzando tra i banchi, intrecciandosi ai profumi del mercato. Un gesto sacro e solenne, quasi arcano. Il fumo si fonde al t\u00e8 bianco, lasciando nell\u2019aria un\u2019essenza sottile e regalando una fragranza eterea, come un respiro di eternit\u00e0.<\/p>\n\n\n\n<p>La fragranza si apre con un&#8217;esplosione di calore e vivacit\u00e0: il <strong>cardamomo <\/strong>aromatico si intreccia con il mordente del <strong>pepe nero<\/strong>, mentre la <strong>cinnamon <\/strong>aggiunge una dolcezza speziata. Un tocco inaspettato di <strong>nocciola tostata<\/strong> conferisce una profondit\u00e0 gourmand, creando un accordo iniziale ricco e intrigante.<\/p>\n\n\n\n<p>Il cuore della fragranza rivela la sua anima contemplativa. L&#8217;<strong>incense<\/strong> si fonde con la purezza del <strong>t\u00e8 bianco<\/strong>, creando un contrasto affascinante. Il <strong>driftwood <\/strong>avvolge con la sua profondit\u00e0 silenziosa, mentre l&#8217;<strong>orchidea<\/strong> introduce una sfumatura floreale sottile e luminosa, che equilibra la composizione.<\/p>\n\n\n\n<p>Nel fondo, la composizione si ancora a note pi\u00f9 profonde e persistenti. La dolcezza del <strong>sandalwood<\/strong> si intreccia con la resina calda dell&#8217;<strong>opoponax<\/strong>, creando una base ricca e avvolgente. Il <strong>musk <\/strong>aggiunge una sensualit\u00e0 sottile, mentre la <strong>fava tonka<\/strong> conclude con la sua dolcezza vanigliata.<\/p>\n\n\n\n<p>Anima \u00e8 un desiderio di equilibrio tra mente e corpo, una promessa di tranquillit\u00e0, un soffio di pace per chi cerca di elevare la propria essenza oltre il trascendente.<\/p>\n\n\n<style>.kb-row-layout-id125_b96d8b-c5 > .kt-row-column-wrap{align-content:start;}:where(.kb-row-layout-id125_b96d8b-c5 > .kt-row-column-wrap) > .wp-block-kadence-column{justify-content:start;}.kb-row-layout-id125_b96d8b-c5 > .kt-row-column-wrap{column-gap:var(--global-kb-gap-md, 2rem);row-gap:var(--global-kb-gap-md, 2rem);padding-top:var(--global-kb-spacing-sm, 1.5rem);padding-bottom:var(--global-kb-spacing-sm, 1.5rem);grid-template-columns:minmax(0, 1fr);}.kb-row-layout-id125_b96d8b-c5 > .kt-row-layout-overlay{opacity:0.30;}@media all and (max-width: 1024px){.kb-row-layout-id125_b96d8b-c5 > .kt-row-column-wrap{grid-template-columns:minmax(0, 1fr);}}@media all and (max-width: 767px){.kb-row-layout-id125_b96d8b-c5 > .kt-row-column-wrap{grid-template-columns:minmax(0, 1fr);}}<\/style><div class=\"kb-row-layout-wrap kb-row-layout-id125_b96d8b-c5 alignnone wp-block-kadence-rowlayout\"><div class=\"kt-row-column-wrap kt-has-1-columns kt-row-layout-equal kt-tab-layout-inherit kt-mobile-layout-row kt-row-valign-top\">\n<style>.kadence-column125_ac59c6-8c > .kt-inside-inner-col{display:flex;}.kadence-column125_ac59c6-8c > .kt-inside-inner-col,.kadence-column125_ac59c6-8c > .kt-inside-inner-col:before{border-top-left-radius:0px;border-top-right-radius:0px;border-bottom-right-radius:0px;border-bottom-left-radius:0px;}.kadence-column125_ac59c6-8c > .kt-inside-inner-col{column-gap:var(--global-kb-gap-sm, 1rem);}.kadence-column125_ac59c6-8c > .kt-inside-inner-col{flex-direction:row;flex-wrap:wrap;align-items:center;justify-content:center;}.kadence-column125_ac59c6-8c > .kt-inside-inner-col > *, .kadence-column125_ac59c6-8c > .kt-inside-inner-col > figure.wp-block-image, .kadence-column125_ac59c6-8c > .kt-inside-inner-col > figure.wp-block-kadence-image{margin-top:0px;margin-bottom:0px;}.kadence-column125_ac59c6-8c > .kt-inside-inner-col > .kb-image-is-ratio-size{flex-grow:1;}.kt-row-column-wrap > .kadence-column125_ac59c6-8c{align-self:center;}.kt-inner-column-height-full:not(.kt-has-1-columns) > .wp-block-kadence-column.kadence-column125_ac59c6-8c{align-self:auto;}.kt-inner-column-height-full:not(.kt-has-1-columns) > .wp-block-kadence-column.kadence-column125_ac59c6-8c > .kt-inside-inner-col{align-items:center;}.kadence-column125_ac59c6-8c > .kt-inside-inner-col:before{opacity:0.3;}.kadence-column125_ac59c6-8c{position:relative;}@media all and (max-width: 1024px){.kt-row-column-wrap > .kadence-column125_ac59c6-8c{align-self:center;}}@media all and (max-width: 1024px){.kt-inner-column-height-full:not(.kt-has-1-columns) > .wp-block-kadence-column.kadence-column125_ac59c6-8c{align-self:auto;}}@media all and (max-width: 1024px){.kt-inner-column-height-full:not(.kt-has-1-columns) > .wp-block-kadence-column.kadence-column125_ac59c6-8c > .kt-inside-inner-col{align-items:center;}}@media all and (max-width: 1024px){.kadence-column125_ac59c6-8c > .kt-inside-inner-col{flex-direction:row;flex-wrap:wrap;align-items:center;justify-content:center;}}@media all and (min-width: 768px) and (max-width: 1024px){.kadence-column125_ac59c6-8c > .kt-inside-inner-col > *, .kadence-column125_ac59c6-8c > .kt-inside-inner-col > figure.wp-block-image, .kadence-column125_ac59c6-8c > .kt-inside-inner-col > figure.wp-block-kadence-image{margin-top:0px;margin-bottom:0px;}.kadence-column125_ac59c6-8c > .kt-inside-inner-col > .kb-image-is-ratio-size{flex-grow:1;}}@media all and (max-width: 767px){.kt-row-column-wrap > .kadence-column125_ac59c6-8c{align-self:center;}.kt-inner-column-height-full:not(.kt-has-1-columns) > .wp-block-kadence-column.kadence-column125_ac59c6-8c{align-self:auto;}.kt-inner-column-height-full:not(.kt-has-1-columns) > .wp-block-kadence-column.kadence-column125_ac59c6-8c > .kt-inside-inner-col{flex-direction:column;justify-content:center;}.kadence-column125_ac59c6-8c > .kt-inside-inner-col{flex-direction:column-reverse;justify-content:center;align-items:stretch;flex-wrap:nowrap;}.wp-block-kadence-column.kb-section-dir-horizontal.kadence-column125_ac59c6-8c > .kt-inside-inner-col > .wp-block-kadence-infobox{align-self:unset;}}<\/style>\n<div class=\"wp-block-kadence-column kadence-column125_ac59c6-8c kb-section-dir-horizontal kb-section-sm-dir-vertical-reverse\"><div class=\"kt-inside-inner-col\"><style>.kadence-column125_ad4784-37, .wp-block-kadence-column.kb-section-dir-horizontal > .kt-inside-inner-col > .kadence-column125_ad4784-37{flex-grow:1;}.kadence-column125_ad4784-37 > .kt-inside-inner-col{height:100%;}.kadence-column125_ad4784-37 > .kt-inside-inner-col,.kadence-column125_ad4784-37 > .kt-inside-inner-col:before{border-top-left-radius:0px;border-top-right-radius:0px;border-bottom-right-radius:0px;border-bottom-left-radius:0px;}.kadence-column125_ad4784-37 > .kt-inside-inner-col{column-gap:var(--global-kb-gap-sm, 1rem);}.kadence-column125_ad4784-37 > .kt-inside-inner-col{flex-direction:column;}.kadence-column125_ad4784-37 > .kt-inside-inner-col > .aligncenter{width:100%;}.kadence-column125_ad4784-37 > .kt-inside-inner-col:before{opacity:0.3;}.kadence-column125_ad4784-37{position:relative;}@media all and (max-width: 1024px){.kadence-column125_ad4784-37 > .kt-inside-inner-col{flex-direction:column;justify-content:center;}}@media all and (max-width: 767px){.kadence-column125_ad4784-37 > .kt-inside-inner-col{flex-direction:column;justify-content:center;}}<\/style>\n<div class=\"wp-block-kadence-column kadence-column125_ad4784-37\"><div class=\"kt-inside-inner-col\"><style>.kb-image125_893d8d-cb .kb-image-has-overlay:after{opacity:0.3;border-top-left-radius:5px;border-top-right-radius:5px;border-bottom-right-radius:5px;border-bottom-left-radius:5px;}.kb-image125_893d8d-cb img.kb-img, .kb-image125_893d8d-cb .kb-img img{border-top-left-radius:5px;border-top-right-radius:5px;border-bottom-right-radius:5px;border-bottom-left-radius:5px;}<\/style>\n<figure class=\"wp-block-kadence-image kb-image125_893d8d-cb size-large\"><img decoding=\"async\" width=\"1024\" height=\"1024\" src=\"https:\/\/laspezieriadellaseta.it\/wp-content\/uploads\/2025\/02\/La-Spezieria-della-Seta-Profumi-bertrand-douchafour-1024x1024.jpg\" alt=\"Profumeria Artistica La Spezieria della Seta Profumiere Naso Bertrand Duchaufour\" class=\"kb-img wp-image-725\" title=\"Profumeria Artistica La Spezieria della Seta Profumiere Naso Bertrand Duchaufour\" srcset=\"https:\/\/laspezieriadellaseta.it\/wp-content\/uploads\/2025\/02\/La-Spezieria-della-Seta-Profumi-bertrand-douchafour-1024x1024.jpg 1024w, https:\/\/laspezieriadellaseta.it\/wp-content\/uploads\/2025\/02\/La-Spezieria-della-Seta-Profumi-bertrand-douchafour-300x300.jpg 300w, https:\/\/laspezieriadellaseta.it\/wp-content\/uploads\/2025\/02\/La-Spezieria-della-Seta-Profumi-bertrand-douchafour-150x150.jpg 150w, https:\/\/laspezieriadellaseta.it\/wp-content\/uploads\/2025\/02\/La-Spezieria-della-Seta-Profumi-bertrand-douchafour-768x768.jpg 768w, https:\/\/laspezieriadellaseta.it\/wp-content\/uploads\/2025\/02\/La-Spezieria-della-Seta-Profumi-bertrand-douchafour-12x12.jpg 12w, https:\/\/laspezieriadellaseta.it\/wp-content\/uploads\/2025\/02\/La-Spezieria-della-Seta-Profumi-bertrand-douchafour-600x600.jpg 600w, https:\/\/laspezieriadellaseta.it\/wp-content\/uploads\/2025\/02\/La-Spezieria-della-Seta-Profumi-bertrand-douchafour-900x900.jpg 900w, https:\/\/laspezieriadellaseta.it\/wp-content\/uploads\/2025\/02\/La-Spezieria-della-Seta-Profumi-bertrand-douchafour.jpg 1080w\" sizes=\"(max-width: 1024px) 100vw, 1024px\" \/><\/figure>\n<\/div><\/div>\n\n\n<style>.kadence-column125_c3e699-2e > .kt-inside-inner-col{display:flex;}.kadence-column125_c3e699-2e, .wp-block-kadence-column.kb-section-dir-horizontal > .kt-inside-inner-col > .kadence-column125_c3e699-2e{flex-grow:2;}.kadence-column125_c3e699-2e > .kt-inside-inner-col{height:100%;}.kadence-column125_c3e699-2e > .kt-inside-inner-col,.kadence-column125_c3e699-2e > .kt-inside-inner-col:before{border-top-left-radius:0px;border-top-right-radius:0px;border-bottom-right-radius:0px;border-bottom-left-radius:0px;}.kadence-column125_c3e699-2e > .kt-inside-inner-col{column-gap:var(--global-kb-gap-sm, 1rem);}.kadence-column125_c3e699-2e > .kt-inside-inner-col{flex-direction:column;justify-content:center;}.kadence-column125_c3e699-2e > .kt-inside-inner-col > .aligncenter{width:100%;}.kt-row-column-wrap > .kadence-column125_c3e699-2e{align-self:center;}.kt-inner-column-height-full:not(.kt-has-1-columns) > .wp-block-kadence-column.kadence-column125_c3e699-2e{align-self:auto;}.kt-inner-column-height-full:not(.kt-has-1-columns) > .wp-block-kadence-column.kadence-column125_c3e699-2e > .kt-inside-inner-col{flex-direction:column;justify-content:center;}.kadence-column125_c3e699-2e > .kt-inside-inner-col:before{opacity:0.3;}.kadence-column125_c3e699-2e{position:relative;}@media all and (max-width: 1024px){.kt-row-column-wrap > .kadence-column125_c3e699-2e{align-self:center;}}@media all and (max-width: 1024px){.kt-inner-column-height-full:not(.kt-has-1-columns) > .wp-block-kadence-column.kadence-column125_c3e699-2e{align-self:auto;}}@media all and (max-width: 1024px){.kt-inner-column-height-full:not(.kt-has-1-columns) > .wp-block-kadence-column.kadence-column125_c3e699-2e > .kt-inside-inner-col{flex-direction:column;justify-content:center;}}@media all and (max-width: 1024px){.kadence-column125_c3e699-2e > .kt-inside-inner-col{flex-direction:column;justify-content:center;}}@media all and (max-width: 767px){.kt-row-column-wrap > .kadence-column125_c3e699-2e{align-self:center;}.kt-inner-column-height-full:not(.kt-has-1-columns) > .wp-block-kadence-column.kadence-column125_c3e699-2e{align-self:auto;}.kt-inner-column-height-full:not(.kt-has-1-columns) > .wp-block-kadence-column.kadence-column125_c3e699-2e > .kt-inside-inner-col{flex-direction:column;justify-content:center;}.kadence-column125_c3e699-2e > .kt-inside-inner-col{flex-direction:column;justify-content:center;}}<\/style>\n<div class=\"wp-block-kadence-column kadence-column125_c3e699-2e\"><div class=\"kt-inside-inner-col\">\n<h2 class=\"wp-block-heading\" id=\"le-parole-del-profumiere-bertrand-duchaufour\">Le parole del profumiere &#8211; Bertrand Duchaufour<\/h2>\n\n\n\n<p><em>&#8220;Esplora Anima, un accattivante profumo che mescola cannella, cardamomo, orchidea, incenso e fava tonka. Un viaggio olfattivo legnoso e speziato, che evoca il mistero e l&#8217;eleganza di terre orientali lontane.&#8221;<\/em><\/p>\n<\/div><\/div>\n<\/div><\/div>\n\n<\/div><\/div>\n\n\n<h2 class=\"wp-block-heading has-text-align-center\">Note olfattive<\/h2>\n\n\n\n<div style=\"height:30px\" aria-hidden=\"true\" class=\"wp-block-spacer\"><\/div>\n\n\n<style>.wp-block-kadence-column.kb-section-dir-horizontal > .kt-inside-inner-col > .kt-info-box125_5d3c34-95 .kt-blocks-info-box-link-wrap{max-width:unset;}.kt-info-box125_5d3c34-95 .kt-blocks-info-box-link-wrap{border-top:2px solid #F6F6F6;border-right:2px solid #F6F6F6;border-bottom:2px solid #F6F6F6;border-left:2px solid #F6F6F6;border-top-left-radius:20px;border-top-right-radius:20px;border-bottom-right-radius:20px;border-bottom-left-radius:20px;background:#ffffff;padding-top:var(--global-kb-spacing-sm, 1.5rem);padding-right:var(--global-kb-spacing-sm, 1.5rem);padding-bottom:var(--global-kb-spacing-sm, 1.5rem);padding-left:var(--global-kb-spacing-sm, 1.5rem);margin-top:50px;}.kt-info-box125_5d3c34-95 .kt-blocks-info-box-media-align-top .kt-blocks-info-box-media-container{max-width:100%;}.kt-info-box125_5d3c34-95.wp-block-kadence-infobox{max-width:100%;}.kt-info-box125_5d3c34-95 .kadence-info-box-image-inner-intrisic-container{max-width:100px;}.kt-info-box125_5d3c34-95 .kadence-info-box-image-inner-intrisic-container .kadence-info-box-image-intrisic{max-width:100%;}.kt-info-box125_5d3c34-95 .kt-blocks-info-box-media .kt-info-box-image{width:100px;height:auto;}.kt-info-box125_5d3c34-95 .kadence-info-box-icon-container .kt-info-svg-icon, .kt-info-box125_5d3c34-95 .kt-info-svg-icon-flip, .kt-info-box125_5d3c34-95 .kt-blocks-info-box-number{font-size:50px;}.kt-info-box125_5d3c34-95 .kt-blocks-info-box-media{background:#ffffff;border-color:#F6F6F6;border-top-width:0px;border-right-width:0px;border-bottom-width:0px;border-left-width:0px;padding-top:5px;padding-right:5px;padding-bottom:5px;padding-left:5px;}.kt-info-box125_5d3c34-95 .kt-blocks-info-box-media-container{margin-top:-75px;margin-right:0px;margin-bottom:20px;margin-left:0px;}.kt-info-box125_5d3c34-95 .kt-infobox-textcontent h3.kt-blocks-info-box-title{padding-top:0px;padding-right:0px;padding-bottom:0px;padding-left:0px;margin-top:5px;margin-right:0px;margin-bottom:10px;margin-left:0px;}.kt-info-box125_5d3c34-95 .kt-blocks-info-box-learnmore{background:transparent;border-width:0px 0px 0px 0px;padding-top:4px;padding-right:8px;padding-bottom:4px;padding-left:8px;margin-top:10px;margin-right:0px;margin-bottom:10px;margin-left:0px;}@media all and (max-width: 1024px){.kt-info-box125_5d3c34-95 .kt-blocks-info-box-link-wrap{border-top:2px solid #F6F6F6;border-right:2px solid #F6F6F6;border-bottom:2px solid #F6F6F6;border-left:2px solid #F6F6F6;}}@media all and (max-width: 767px){.kt-info-box125_5d3c34-95 .kt-blocks-info-box-link-wrap{border-top:2px solid #F6F6F6;border-right:2px solid #F6F6F6;border-bottom:2px solid #F6F6F6;border-left:2px solid #F6F6F6;}}<\/style>\n<div class=\"wp-block-kadence-infobox kt-info-box125_5d3c34-95\"><span class=\"kt-blocks-info-box-link-wrap info-box-link kt-blocks-info-box-media-align-top kt-info-halign-center\"><div class=\"kt-blocks-info-box-media-container\"><div class=\"kt-blocks-info-box-media kt-info-media-animate-none\"><div class=\"kadence-info-box-image-inner-intrisic-container\"><div class=\"kadence-info-box-image-intrisic kt-info-animate-none kb-info-box-image-type-svg\"><div class=\"kadence-info-box-image-inner-intrisic\"><img decoding=\"async\" src=\"https:\/\/laspezieriadellaseta.it\/wp-content\/uploads\/2025\/03\/profumi-nicchia-piramide-olfattiva-testa.svg\" alt=\"La Spezieria della Seta Piramide Olfattiva Testa\" width=\"100\" class=\"kt-info-box-image wp-image-713 kt-info-svg-image\"\/><\/div><\/div><\/div><\/div><\/div><div class=\"kt-infobox-textcontent\"><h3 class=\"kt-blocks-info-box-title\">Testa<\/h3><p class=\"kt-blocks-info-box-text\">L&#8217;<strong>apertura <\/strong>\u00e8 <strong>vibrante <\/strong>e <strong>speziata<\/strong>, con il calore esotico del cardamomo, la pungente <strong>vivacit\u00e0 del pepe nero<\/strong> e la <strong>dolcezza calda della cannella<\/strong>. La nocciola tostata aggiunge una nota gourmand che ammorbidisce l&#8217;aspetto speziato, donando una partenza accogliente e avvolgente. Questa combinazione introduce subito un contrasto tra freschezza speziata e comfort, catturando l&#8217;attenzione in modo intrigante e sofisticato.<\/p><\/div><\/span><\/div>\n\n\n<style>.wp-block-kadence-column.kb-section-dir-horizontal > .kt-inside-inner-col > .kt-info-box125_f7c53e-65 .kt-blocks-info-box-link-wrap{max-width:unset;}.kt-info-box125_f7c53e-65 .kt-blocks-info-box-link-wrap{border-top:2px solid #F6F6F6;border-right:2px solid #F6F6F6;border-bottom:2px solid #F6F6F6;border-left:2px solid #F6F6F6;border-top-left-radius:20px;border-top-right-radius:20px;border-bottom-right-radius:20px;border-bottom-left-radius:20px;background:#ffffff;padding-top:var(--global-kb-spacing-sm, 1.5rem);padding-right:var(--global-kb-spacing-sm, 1.5rem);padding-bottom:var(--global-kb-spacing-sm, 1.5rem);padding-left:var(--global-kb-spacing-sm, 1.5rem);margin-top:50px;}.kt-info-box125_f7c53e-65 .kt-blocks-info-box-media-align-top .kt-blocks-info-box-media-container{max-width:100%;}.kt-info-box125_f7c53e-65.wp-block-kadence-infobox{max-width:100%;}.kt-info-box125_f7c53e-65 .kadence-info-box-image-inner-intrisic-container{max-width:100px;}.kt-info-box125_f7c53e-65 .kadence-info-box-image-inner-intrisic-container .kadence-info-box-image-intrisic{max-width:100%;}.kt-info-box125_f7c53e-65 .kt-blocks-info-box-media .kt-info-box-image{width:100px;height:auto;}.kt-info-box125_f7c53e-65 .kadence-info-box-icon-container .kt-info-svg-icon, .kt-info-box125_f7c53e-65 .kt-info-svg-icon-flip, .kt-info-box125_f7c53e-65 .kt-blocks-info-box-number{font-size:50px;}.kt-info-box125_f7c53e-65 .kt-blocks-info-box-media{background:#ffffff;border-color:#F6F6F6;border-top-width:0px;border-right-width:0px;border-bottom-width:0px;border-left-width:0px;padding-top:5px;padding-right:5px;padding-bottom:5px;padding-left:5px;}.kt-info-box125_f7c53e-65 .kt-blocks-info-box-media-container{margin-top:-75px;margin-right:0px;margin-bottom:20px;margin-left:0px;}.kt-info-box125_f7c53e-65 .kt-infobox-textcontent h3.kt-blocks-info-box-title{padding-top:0px;padding-right:0px;padding-bottom:0px;padding-left:0px;margin-top:5px;margin-right:0px;margin-bottom:10px;margin-left:0px;}.kt-info-box125_f7c53e-65 .kt-blocks-info-box-learnmore{background:transparent;border-width:0px 0px 0px 0px;padding-top:4px;padding-right:8px;padding-bottom:4px;padding-left:8px;margin-top:10px;margin-right:0px;margin-bottom:10px;margin-left:0px;}@media all and (max-width: 1024px){.kt-info-box125_f7c53e-65 .kt-blocks-info-box-link-wrap{border-top:2px solid #F6F6F6;border-right:2px solid #F6F6F6;border-bottom:2px solid #F6F6F6;border-left:2px solid #F6F6F6;}}@media all and (max-width: 767px){.kt-info-box125_f7c53e-65 .kt-blocks-info-box-link-wrap{border-top:2px solid #F6F6F6;border-right:2px solid #F6F6F6;border-bottom:2px solid #F6F6F6;border-left:2px solid #F6F6F6;}}<\/style>\n<div class=\"wp-block-kadence-infobox kt-info-box125_f7c53e-65\"><span class=\"kt-blocks-info-box-link-wrap info-box-link kt-blocks-info-box-media-align-top kt-info-halign-center\"><div class=\"kt-blocks-info-box-media-container\"><div class=\"kt-blocks-info-box-media kt-info-media-animate-none\"><div class=\"kadence-info-box-image-inner-intrisic-container\"><div class=\"kadence-info-box-image-intrisic kt-info-animate-none kb-info-box-image-type-svg\"><div class=\"kadence-info-box-image-inner-intrisic\"><img decoding=\"async\" src=\"https:\/\/laspezieriadellaseta.it\/wp-content\/uploads\/2025\/03\/profumi-nicchia-piramide-olfattiva-cuore.svg\" alt=\"La Spezieria della Seta Piramide Olfattiva Cuore\" width=\"100\" class=\"kt-info-box-image wp-image-711 kt-info-svg-image\"\/><\/div><\/div><\/div><\/div><\/div><div class=\"kt-infobox-textcontent\"><h3 class=\"kt-blocks-info-box-title\">Cuore<\/h3><p class=\"kt-blocks-info-box-text\">Le <strong>note centrali del profumo<\/strong> si sviluppano in una direzione pi\u00f9 eterea e spirituale. L&#8217;incenso dona un carattere fumoso, quasi mistico, mentre il <strong>t\u00e8 bianco<\/strong> apporta leggerezza e una sensazione di tranquillit\u00e0. Il <strong>driftwood<\/strong>, con il suo profumo salmastro e legnoso, evoca una freschezza naturale, come il vento che accarezza legni trasportati dalle acque. L&#8217;<strong>orchidea <\/strong>introduce una nota floreale delicata e seducente, mantenendo l&#8217;equilibrio tra le sfumature terrose e l&#8217;eleganza sensuale.<\/p><\/div><\/span><\/div>\n\n\n<style>.wp-block-kadence-column.kb-section-dir-horizontal > .kt-inside-inner-col > .kt-info-box125_df4152-4f .kt-blocks-info-box-link-wrap{max-width:unset;}.kt-info-box125_df4152-4f .kt-blocks-info-box-link-wrap{border-top:2px solid #F6F6F6;border-right:2px solid #F6F6F6;border-bottom:2px solid #F6F6F6;border-left:2px solid #F6F6F6;border-top-left-radius:20px;border-top-right-radius:20px;border-bottom-right-radius:20px;border-bottom-left-radius:20px;background:#ffffff;padding-top:var(--global-kb-spacing-sm, 1.5rem);padding-right:var(--global-kb-spacing-sm, 1.5rem);padding-bottom:var(--global-kb-spacing-sm, 1.5rem);padding-left:var(--global-kb-spacing-sm, 1.5rem);margin-top:50px;margin-bottom:50px;}.kt-info-box125_df4152-4f .kt-blocks-info-box-media-align-top .kt-blocks-info-box-media-container{max-width:100%;}.kt-info-box125_df4152-4f.wp-block-kadence-infobox{max-width:100%;}.kt-info-box125_df4152-4f .kadence-info-box-image-inner-intrisic-container{max-width:100px;}.kt-info-box125_df4152-4f .kadence-info-box-image-inner-intrisic-container .kadence-info-box-image-intrisic{max-width:100%;}.kt-info-box125_df4152-4f .kt-blocks-info-box-media .kt-info-box-image{width:100px;height:auto;}.kt-info-box125_df4152-4f .kadence-info-box-icon-container .kt-info-svg-icon, .kt-info-box125_df4152-4f .kt-info-svg-icon-flip, .kt-info-box125_df4152-4f .kt-blocks-info-box-number{font-size:50px;}.kt-info-box125_df4152-4f .kt-blocks-info-box-media{background:#ffffff;border-color:#F6F6F6;border-top-width:0px;border-right-width:0px;border-bottom-width:0px;border-left-width:0px;padding-top:5px;padding-right:5px;padding-bottom:5px;padding-left:5px;}.kt-info-box125_df4152-4f .kt-blocks-info-box-media-container{margin-top:-75px;margin-right:0px;margin-bottom:20px;margin-left:0px;}.kt-info-box125_df4152-4f .kt-infobox-textcontent h3.kt-blocks-info-box-title{padding-top:0px;padding-right:0px;padding-bottom:0px;padding-left:0px;margin-top:5px;margin-right:0px;margin-bottom:10px;margin-left:0px;}.kt-info-box125_df4152-4f .kt-blocks-info-box-learnmore{background:transparent;border-width:0px 0px 0px 0px;padding-top:4px;padding-right:8px;padding-bottom:4px;padding-left:8px;margin-top:10px;margin-right:0px;margin-bottom:10px;margin-left:0px;}@media all and (max-width: 1024px){.kt-info-box125_df4152-4f .kt-blocks-info-box-link-wrap{border-top:2px solid #F6F6F6;border-right:2px solid #F6F6F6;border-bottom:2px solid #F6F6F6;border-left:2px solid #F6F6F6;}}@media all and (max-width: 767px){.kt-info-box125_df4152-4f .kt-blocks-info-box-link-wrap{border-top:2px solid #F6F6F6;border-right:2px solid #F6F6F6;border-bottom:2px solid #F6F6F6;border-left:2px solid #F6F6F6;}}<\/style>\n<div class=\"wp-block-kadence-infobox kt-info-box125_df4152-4f\"><span class=\"kt-blocks-info-box-link-wrap info-box-link kt-blocks-info-box-media-align-top kt-info-halign-center\"><div class=\"kt-blocks-info-box-media-container\"><div class=\"kt-blocks-info-box-media kt-info-media-animate-none\"><div class=\"kadence-info-box-image-inner-intrisic-container\"><div class=\"kadence-info-box-image-intrisic kt-info-animate-none kb-info-box-image-type-svg\"><div class=\"kadence-info-box-image-inner-intrisic\"><img decoding=\"async\" src=\"https:\/\/laspezieriadellaseta.it\/wp-content\/uploads\/2025\/03\/profumi-nicchia-piramide-olfattiva-fondo.svg\" alt=\"La Spezieria della Seta Piramide Olfattiva Fondo\" width=\"100\" class=\"kt-info-box-image wp-image-712 kt-info-svg-image\"\/><\/div><\/div><\/div><\/div><\/div><div class=\"kt-infobox-textcontent\"><h3 class=\"kt-blocks-info-box-title\">Fondo<\/h3><p class=\"kt-blocks-info-box-text\">La base della fragranza \u00e8 <strong>calda, terrosa e avvolgente<\/strong>. Il <strong>sandalwood<\/strong> \u00e8 cremoso e liscio, contribuendo a una sensazione di comfort profondo. L&#8217;<strong>opoponax<\/strong>, con il suo carattere resinoso e dolcemente balsamico, accentua il lato mistico e meditativo del profumo. Il <strong>musk <\/strong>aggiunge un tocco intimo e sensuale, mentre la fava tonka porta dolcezza e calore, con le sue sfumature di <strong>vaniglia e mandorla<\/strong> che chiudono il profumo in maniera vellutata.<\/p><\/div><\/span><\/div>\n\n\n\n<details class=\"wp-block-details dett-prod is-layout-flow wp-block-details-is-layout-flow\"><summary>Stile e carattere della fragranza<\/summary>\n<p>Questa fragranza ha uno stile <strong>sofisticato, artistico e intimo <\/strong>pensato per coloro che apprezzano le creazioni olfattive uniche. Ha un&#8217;anima introspettiva, misteriosa e avvolgente, con un equilibrio tra toni speziati, legnosi, fumosi e gourmand. \u00c8 ideale per chi cerca un profumo elegante, <strong>caldo e meditativo<\/strong>, con una struttura complessa e multi-strato.<\/p>\n<\/details>\n\n\n\n<details class=\"wp-block-details dett-prod is-layout-flow wp-block-details-is-layout-flow\"><summary>Per chi \u00e8 perfetto<\/summary>\n<p>Questo profumo \u00e8 perfetto per chi ama <strong>fragranze ricche e misteriose<\/strong>, che si sviluppano lentamente sulla pelle e offrono un&#8217;esperienza olfattiva variegata. Si adatta bene a persone sicure di s\u00e9, che desiderano un profumo che trasmetta <strong>personalit\u00e0 e intensit\u00e0<\/strong> senza essere eccessivamente invadente. \u00c8 indicato per chi apprezza i profumi caldi, legnosi e resinosi, con tocchi gourmand, e per coloro che cercano un compagno olfattivo che li accompagni in momenti di riflessione o intimit\u00e0.<\/p>\n<\/details>\n\n\n\n<details class=\"wp-block-details dett-prod is-layout-flow wp-block-details-is-layout-flow\"><summary>Punteggio FLORINDEX\u00ae: B<\/summary>\n<p>Questo prodotto contiene una fragranza eco-socio-concepita*:<br>\u2022 Sostenibilit\u00e0 certificata<br>\u2022 Minimo impatto ambientale e un design responsabile.<br>\u2022 Sviluppata rispettando rigorosi criteri di eco-socio-design.<br><em>*Per ulteriori informazioni, visita www.flor-index.fr<\/em><\/p>\n<\/details>\n\n\n\n<details class=\"wp-block-details dett-prod is-layout-flow wp-block-details-is-layout-flow\"><summary>Ingredienti<\/summary>\n<p>Alcohol Denat., Parfum (Fragrance), Aqua (Water), Cinnamal, Coumarin, Eugenol, Hydroxycitronellal, Isoeugenol, Limonene, Linalool, Beta-caryophyllene, Cinnamomum Zeylanicum Bark Oil, Isoeugenyl Acetate, Juniperus Virginiana Oil, Pinene, Pogostemon Cablin Oil, Terpineol, Terpinolene, Tetramethyl Acetyloctahydronaphthalenes.<\/p>\n\n\n\n<p><\/p>\n<\/details>","protected":false},"excerpt":{"rendered":"<p>Immergiti in un&#8217;esperienza olfattiva intensa e avvolgente con questa fragranza speziata e legnosa che incarna l&#8217;essenza del mistero senza tempo.<\/p>","protected":false},"featured_media":874,"comment_status":"open","ping_status":"closed","template":"","meta":[],"product_brand":[25],"product_cat":[15],"product_tag":[],"famiglia_olfattiva":[27,35],"ingrediente":[138,139,157,177,144,183,169,151,187,189,191,190],"profumieri":[122],"class_list":{"0":"post-125","1":"product","2":"type-product","3":"status-publish","4":"has-post-thumbnail","6":"product_brand-la-spezieria-della-seta","7":"product_cat-profumi-persona","8":"famiglia_olfattiva-legnosa","9":"famiglia_olfattiva-speziata","10":"ingrediente-cannella","11":"ingrediente-cardamomo","12":"ingrediente-driftwood","13":"ingrediente-fava-tonka","14":"ingrediente-incenso","15":"ingrediente-legno-di-sandalo","16":"ingrediente-musk","17":"ingrediente-nocciola-tostata","18":"ingrediente-opoponax","19":"ingrediente-orchidea","20":"ingrediente-pepe-nero","21":"ingrediente-te-bianco","22":"profumieri-bertrand-duchaufour","24":"first","25":"instock","26":"taxable","27":"shipping-taxable","28":"purchasable","29":"product-type-simple"},"yoast_head":"<!-- This site is optimized with the Yoast SEO plugin v27.4 - https:\/\/yoast.com\/product\/yoast-seo-wordpress\/ -->\n<title>Anima \u2013 profumo persona speziato con note legnose<\/title>\n<meta name=\"description\" content=\"La Spezieria della Seta \u2013 Anima \u00e8 una fragranza per persona con note come pepe nero, incenso e fava tonka. Perfetta per offrire un\u2019esperienza olfattiva intensa e misteriosa.\" \/>\n<meta name=\"robots\" content=\"index, follow, max-snippet:-1, max-image-preview:large, max-video-preview:-1\" \/>\n<link rel=\"canonical\" href=\"https:\/\/laspezieriadellaseta.it\/en\/product\/anima-eau-de-parfum\/\" \/>\n<meta property=\"og:locale\" content=\"en_GB\" \/>\n<meta property=\"og:type\" content=\"article\" \/>\n<meta property=\"og:title\" content=\"Anima \u2013 profumo persona speziato con note legnose\" \/>\n<meta property=\"og:description\" content=\"La Spezieria della Seta \u2013 Anima \u00e8 una fragranza per persona con note come pepe nero, incenso e fava tonka. Perfetta per offrire un\u2019esperienza olfattiva intensa e misteriosa.\" \/>\n<meta property=\"og:url\" content=\"https:\/\/laspezieriadellaseta.it\/en\/product\/anima-eau-de-parfum\/\" \/>\n<meta property=\"og:site_name\" content=\"La Spezieria della Seta\" \/>\n<meta property=\"article:publisher\" content=\"https:\/\/www.facebook.com\/profile.php?id=61573979611482\" \/>\n<meta property=\"article:modified_time\" content=\"2026-01-30T09:01:12+00:00\" \/>\n<meta property=\"og:image\" content=\"https:\/\/laspezieriadellaseta.it\/wp-content\/uploads\/2025\/01\/la-spezieria-della-seta-profumeria-artistica-anima-duchaufour.png\" \/>\n\t<meta property=\"og:image:width\" content=\"1920\" \/>\n\t<meta property=\"og:image:height\" content=\"1920\" \/>\n\t<meta property=\"og:image:type\" content=\"image\/png\" \/>\n<meta name=\"twitter:card\" content=\"summary_large_image\" \/>\n<meta name=\"twitter:label1\" content=\"Estimated reading time\" \/>\n\t<meta name=\"twitter:data1\" content=\"6 minutes\" \/>\n<script type=\"application\/ld+json\" class=\"yoast-schema-graph\">{\"@context\":\"https:\\\/\\\/schema.org\",\"@graph\":[{\"@type\":\"WebPage\",\"@id\":\"https:\\\/\\\/laspezieriadellaseta.it\\\/prodotto\\\/anima-eau-de-parfum\\\/\",\"url\":\"https:\\\/\\\/laspezieriadellaseta.it\\\/prodotto\\\/anima-eau-de-parfum\\\/\",\"name\":\"Anima \u2013 profumo persona speziato con note legnose\",\"isPartOf\":{\"@id\":\"https:\\\/\\\/laspezieriadellaseta.it\\\/#website\"},\"primaryImageOfPage\":{\"@id\":\"https:\\\/\\\/laspezieriadellaseta.it\\\/prodotto\\\/anima-eau-de-parfum\\\/#primaryimage\"},\"image\":{\"@id\":\"https:\\\/\\\/laspezieriadellaseta.it\\\/prodotto\\\/anima-eau-de-parfum\\\/#primaryimage\"},\"thumbnailUrl\":\"https:\\\/\\\/laspezieriadellaseta.it\\\/wp-content\\\/uploads\\\/2025\\\/01\\\/la-spezieria-della-seta-profumeria-artistica-anima-duchaufour.png\",\"datePublished\":\"2025-01-28T19:30:16+00:00\",\"dateModified\":\"2026-01-30T09:01:12+00:00\",\"description\":\"La Spezieria della Seta \u2013 Anima \u00e8 una fragranza per persona con note come pepe nero, incenso e fava tonka. Perfetta per offrire un\u2019esperienza olfattiva intensa e misteriosa.\",\"breadcrumb\":{\"@id\":\"https:\\\/\\\/laspezieriadellaseta.it\\\/prodotto\\\/anima-eau-de-parfum\\\/#breadcrumb\"},\"inLanguage\":\"en-GB\",\"potentialAction\":[{\"@type\":\"ReadAction\",\"target\":[\"https:\\\/\\\/laspezieriadellaseta.it\\\/prodotto\\\/anima-eau-de-parfum\\\/\"]}]},{\"@type\":\"ImageObject\",\"inLanguage\":\"en-GB\",\"@id\":\"https:\\\/\\\/laspezieriadellaseta.it\\\/prodotto\\\/anima-eau-de-parfum\\\/#primaryimage\",\"url\":\"https:\\\/\\\/laspezieriadellaseta.it\\\/wp-content\\\/uploads\\\/2025\\\/01\\\/la-spezieria-della-seta-profumeria-artistica-anima-duchaufour.png\",\"contentUrl\":\"https:\\\/\\\/laspezieriadellaseta.it\\\/wp-content\\\/uploads\\\/2025\\\/01\\\/la-spezieria-della-seta-profumeria-artistica-anima-duchaufour.png\",\"width\":1920,\"height\":1920,\"caption\":\"La Spezieria della Seta Profumi di nicchia Bologna Anima Profumo Bertrand Duchaufour\"},{\"@type\":\"BreadcrumbList\",\"@id\":\"https:\\\/\\\/laspezieriadellaseta.it\\\/prodotto\\\/anima-eau-de-parfum\\\/#breadcrumb\",\"itemListElement\":[{\"@type\":\"ListItem\",\"position\":1,\"name\":\"Home\",\"item\":\"https:\\\/\\\/laspezieriadellaseta.it\\\/\"},{\"@type\":\"ListItem\",\"position\":2,\"name\":\"Fragranze La Spezieria della Seta\",\"item\":\"https:\\\/\\\/laspezieriadellaseta.it\\\/profumi-di-nicchia\\\/\"},{\"@type\":\"ListItem\",\"position\":3,\"name\":\"Anima \u2013 Eau de Parfum\"}]},{\"@type\":\"WebSite\",\"@id\":\"https:\\\/\\\/laspezieriadellaseta.it\\\/#website\",\"url\":\"https:\\\/\\\/laspezieriadellaseta.it\\\/\",\"name\":\"La Spezieria della Seta - Profumi di nicchia\",\"description\":\"Profumi di nicchia per persona e ambiente\",\"publisher\":{\"@id\":\"https:\\\/\\\/laspezieriadellaseta.it\\\/#organization\"},\"alternateName\":\"La Spezieria della Seta - Profumi di nicchia\",\"potentialAction\":[{\"@type\":\"SearchAction\",\"target\":{\"@type\":\"EntryPoint\",\"urlTemplate\":\"https:\\\/\\\/laspezieriadellaseta.it\\\/?s={search_term_string}\"},\"query-input\":{\"@type\":\"PropertyValueSpecification\",\"valueRequired\":true,\"valueName\":\"search_term_string\"}}],\"inLanguage\":\"en-GB\"},{\"@type\":\"Organization\",\"@id\":\"https:\\\/\\\/laspezieriadellaseta.it\\\/#organization\",\"name\":\"La Spezieria della Seta\",\"url\":\"https:\\\/\\\/laspezieriadellaseta.it\\\/\",\"logo\":{\"@type\":\"ImageObject\",\"inLanguage\":\"en-GB\",\"@id\":\"https:\\\/\\\/laspezieriadellaseta.it\\\/#\\\/schema\\\/logo\\\/image\\\/\",\"url\":\"https:\\\/\\\/laspezieriadellaseta.it\\\/wp-content\\\/uploads\\\/2025\\\/03\\\/logo-la-spezieria-della-seta.png\",\"contentUrl\":\"https:\\\/\\\/laspezieriadellaseta.it\\\/wp-content\\\/uploads\\\/2025\\\/03\\\/logo-la-spezieria-della-seta.png\",\"width\":750,\"height\":750,\"caption\":\"La Spezieria della Seta\"},\"image\":{\"@id\":\"https:\\\/\\\/laspezieriadellaseta.it\\\/#\\\/schema\\\/logo\\\/image\\\/\"},\"sameAs\":[\"https:\\\/\\\/www.facebook.com\\\/profile.php?id=61573979611482\",\"https:\\\/\\\/www.instagram.com\\\/laspezieriadellaseta\",\"https:\\\/\\\/www.tiktok.com\\\/@laspezieriadellaseta\"]}]}<\/script>\n<!-- \/ Yoast SEO plugin. -->","yoast_head_json":{"title":"Anima \u2013 profumo persona speziato con note legnose","description":"La Spezieria della Seta \u2013 Anima \u00e8 una fragranza per persona con note come pepe nero, incenso e fava tonka. Perfetta per offrire un\u2019esperienza olfattiva intensa e misteriosa.","robots":{"index":"index","follow":"follow","max-snippet":"max-snippet:-1","max-image-preview":"max-image-preview:large","max-video-preview":"max-video-preview:-1"},"canonical":"https:\/\/laspezieriadellaseta.it\/en\/product\/anima-eau-de-parfum\/","og_locale":"en_GB","og_type":"article","og_title":"Anima \u2013 profumo persona speziato con note legnose","og_description":"La Spezieria della Seta \u2013 Anima \u00e8 una fragranza per persona con note come pepe nero, incenso e fava tonka. Perfetta per offrire un\u2019esperienza olfattiva intensa e misteriosa.","og_url":"https:\/\/laspezieriadellaseta.it\/en\/product\/anima-eau-de-parfum\/","og_site_name":"La Spezieria della Seta","article_publisher":"https:\/\/www.facebook.com\/profile.php?id=61573979611482","article_modified_time":"2026-01-30T09:01:12+00:00","og_image":[{"width":1920,"height":1920,"url":"https:\/\/laspezieriadellaseta.it\/wp-content\/uploads\/2025\/01\/la-spezieria-della-seta-profumeria-artistica-anima-duchaufour.png","type":"image\/png"}],"twitter_card":"summary_large_image","twitter_misc":{"Estimated reading time":"6 minutes"},"schema":{"@context":"https:\/\/schema.org","@graph":[{"@type":"WebPage","@id":"https:\/\/laspezieriadellaseta.it\/prodotto\/anima-eau-de-parfum\/","url":"https:\/\/laspezieriadellaseta.it\/prodotto\/anima-eau-de-parfum\/","name":"Anima \u2013 profumo persona speziato con note legnose","isPartOf":{"@id":"https:\/\/laspezieriadellaseta.it\/#website"},"primaryImageOfPage":{"@id":"https:\/\/laspezieriadellaseta.it\/prodotto\/anima-eau-de-parfum\/#primaryimage"},"image":{"@id":"https:\/\/laspezieriadellaseta.it\/prodotto\/anima-eau-de-parfum\/#primaryimage"},"thumbnailUrl":"https:\/\/laspezieriadellaseta.it\/wp-content\/uploads\/2025\/01\/la-spezieria-della-seta-profumeria-artistica-anima-duchaufour.png","datePublished":"2025-01-28T19:30:16+00:00","dateModified":"2026-01-30T09:01:12+00:00","description":"La Spezieria della Seta \u2013 Anima \u00e8 una fragranza per persona con note come pepe nero, incenso e fava tonka. Perfetta per offrire un\u2019esperienza olfattiva intensa e misteriosa.","breadcrumb":{"@id":"https:\/\/laspezieriadellaseta.it\/prodotto\/anima-eau-de-parfum\/#breadcrumb"},"inLanguage":"en-GB","potentialAction":[{"@type":"ReadAction","target":["https:\/\/laspezieriadellaseta.it\/prodotto\/anima-eau-de-parfum\/"]}]},{"@type":"ImageObject","inLanguage":"en-GB","@id":"https:\/\/laspezieriadellaseta.it\/prodotto\/anima-eau-de-parfum\/#primaryimage","url":"https:\/\/laspezieriadellaseta.it\/wp-content\/uploads\/2025\/01\/la-spezieria-della-seta-profumeria-artistica-anima-duchaufour.png","contentUrl":"https:\/\/laspezieriadellaseta.it\/wp-content\/uploads\/2025\/01\/la-spezieria-della-seta-profumeria-artistica-anima-duchaufour.png","width":1920,"height":1920,"caption":"La Spezieria della Seta Profumi di nicchia Bologna Anima Profumo Bertrand Duchaufour"},{"@type":"BreadcrumbList","@id":"https:\/\/laspezieriadellaseta.it\/prodotto\/anima-eau-de-parfum\/#breadcrumb","itemListElement":[{"@type":"ListItem","position":1,"name":"Home","item":"https:\/\/laspezieriadellaseta.it\/"},{"@type":"ListItem","position":2,"name":"Fragranze La Spezieria della Seta","item":"https:\/\/laspezieriadellaseta.it\/profumi-di-nicchia\/"},{"@type":"ListItem","position":3,"name":"Anima \u2013 Eau de Parfum"}]},{"@type":"WebSite","@id":"https:\/\/laspezieriadellaseta.it\/#website","url":"https:\/\/laspezieriadellaseta.it\/","name":"La Spezieria della Seta - Profumi di nicchia","description":"Profumi di nicchia per persona e ambiente","publisher":{"@id":"https:\/\/laspezieriadellaseta.it\/#organization"},"alternateName":"La Spezieria della Seta - Profumi di nicchia","potentialAction":[{"@type":"SearchAction","target":{"@type":"EntryPoint","urlTemplate":"https:\/\/laspezieriadellaseta.it\/?s={search_term_string}"},"query-input":{"@type":"PropertyValueSpecification","valueRequired":true,"valueName":"search_term_string"}}],"inLanguage":"en-GB"},{"@type":"Organization","@id":"https:\/\/laspezieriadellaseta.it\/#organization","name":"La Spezieria della Seta","url":"https:\/\/laspezieriadellaseta.it\/","logo":{"@type":"ImageObject","inLanguage":"en-GB","@id":"https:\/\/laspezieriadellaseta.it\/#\/schema\/logo\/image\/","url":"https:\/\/laspezieriadellaseta.it\/wp-content\/uploads\/2025\/03\/logo-la-spezieria-della-seta.png","contentUrl":"https:\/\/laspezieriadellaseta.it\/wp-content\/uploads\/2025\/03\/logo-la-spezieria-della-seta.png","width":750,"height":750,"caption":"La Spezieria della Seta"},"image":{"@id":"https:\/\/laspezieriadellaseta.it\/#\/schema\/logo\/image\/"},"sameAs":["https:\/\/www.facebook.com\/profile.php?id=61573979611482","https:\/\/www.instagram.com\/laspezieriadellaseta","https:\/\/www.tiktok.com\/@laspezieriadellaseta"]}]}},"_links":{"self":[{"href":"https:\/\/laspezieriadellaseta.it\/en\/wp-json\/wp\/v2\/product\/125","targetHints":{"allow":["GET"]}}],"collection":[{"href":"https:\/\/laspezieriadellaseta.it\/en\/wp-json\/wp\/v2\/product"}],"about":[{"href":"https:\/\/laspezieriadellaseta.it\/en\/wp-json\/wp\/v2\/types\/product"}],"replies":[{"embeddable":true,"href":"https:\/\/laspezieriadellaseta.it\/en\/wp-json\/wp\/v2\/comments?post=125"}],"wp:featuredmedia":[{"embeddable":true,"href":"https:\/\/laspezieriadellaseta.it\/en\/wp-json\/wp\/v2\/media\/874"}],"wp:attachment":[{"href":"https:\/\/laspezieriadellaseta.it\/en\/wp-json\/wp\/v2\/media?parent=125"}],"wp:term":[{"taxonomy":"product_brand","embeddable":true,"href":"https:\/\/laspezieriadellaseta.it\/en\/wp-json\/wp\/v2\/product_brand?post=125"},{"taxonomy":"product_cat","embeddable":true,"href":"https:\/\/laspezieriadellaseta.it\/en\/wp-json\/wp\/v2\/product_cat?post=125"},{"taxonomy":"product_tag","embeddable":true,"href":"https:\/\/laspezieriadellaseta.it\/en\/wp-json\/wp\/v2\/product_tag?post=125"},{"taxonomy":"famiglia_olfattiva","embeddable":true,"href":"https:\/\/laspezieriadellaseta.it\/en\/wp-json\/wp\/v2\/famiglia_olfattiva?post=125"},{"taxonomy":"ingrediente","embeddable":true,"href":"https:\/\/laspezieriadellaseta.it\/en\/wp-json\/wp\/v2\/ingrediente?post=125"},{"taxonomy":"profumieri","embeddable":true,"href":"https:\/\/laspezieriadellaseta.it\/en\/wp-json\/wp\/v2\/profumieri?post=125"}],"curies":[{"name":"wp","href":"https:\/\/api.w.org\/{rel}","templated":true}]}}