{"id":131,"date":"2025-01-28T20:44:53","date_gmt":"2025-01-28T19:44:53","guid":{"rendered":"http:\/\/localhost\/lsds28\/?post_type=product&#038;p=49"},"modified":"2026-01-30T10:28:43","modified_gmt":"2026-01-30T09:28:43","slug":"levante-eau-de-parfum","status":"publish","type":"product","link":"https:\/\/laspezieriadellaseta.it\/en\/product\/levante-eau-de-parfum\/","title":{"rendered":"Levante \u2013 Eau de Parfum"},"content":{"rendered":"<h2 class=\"wp-block-heading\">Il calore orientale che scalda l\u2019occidente con un viaggio sensoriale tra spezie e legni preziosi.<\/h2>\n\n\n\n<p>Il <strong>calore orientale<\/strong> che scalda l\u2019occidente con un viaggio sensoriale tra spezie e legni preziosi.<\/p>\n\n\n\n<p>Tra spezie preziose e tessuti pregiati, avanza un mercante a cavallo giunto da terre d\u2019Oriente che scende dalla sella vicino ad un banco di rose. Nell\u2019aria si diffonde un intreccio ammaliante: il cuoio caldo, le rose vellutate e la freschezza del limone si fondono in un\u2019armonia sospesa, come un vento che porta con s\u00e9 memorie di mondi lontani.<\/p>\n\n\n\n<p>La fragranza si apre con un&#8217;esplosione di sensazioni: la <strong>cannella piccante<\/strong> si fonde con la delicatezza della <strong>rosa<\/strong>, mentre un <strong>tocco di limone<\/strong> aggiunge una freschezza inaspettata. Questo accordo vibrante risveglia i sensi e preannuncia l&#8217;intensit\u00e0 che seguir\u00e0.<\/p>\n\n\n\n<p>Nel cuore, la rosa si evolve, rivelando sfaccettature pi\u00f9 profonde e vellutate. Si intreccia con l&#8217;<strong>oud prezioso<\/strong>, creando un duetto ricco e avvolgente, mentre il <strong>musk <\/strong>aggiunge una nota di sensualit\u00e0 che perdura sulla pelle.<\/p>\n\n\n\n<p>Il fondo svela l&#8217;anima pi\u00f9 intensa della fragranza. Il <strong>patchouli<\/strong> terroso si fonde con la robustezza del <strong>legno di cedro<\/strong>, creando una base solida e persistente. L&#8217;<strong>ambra dorata<\/strong> avvolge il tutto in un caldo abbraccio, lasciando una scia seducente e indimenticabile.<\/p>\n\n\n\n<p>Levante \u00e8 un tributo alla complessit\u00e0 e alla profondit\u00e0. Un profumo che racconta storie di terre lontane e dell\u2019incontro tra Oriente e Occidente.<\/p>\n\n\n<style>.kb-row-layout-id131_246a9c-b4 > .kt-row-column-wrap{align-content:start;}:where(.kb-row-layout-id131_246a9c-b4 > .kt-row-column-wrap) > .wp-block-kadence-column{justify-content:start;}.kb-row-layout-id131_246a9c-b4 > .kt-row-column-wrap{column-gap:var(--global-kb-gap-md, 2rem);row-gap:var(--global-kb-gap-md, 2rem);padding-top:var(--global-kb-spacing-sm, 1.5rem);padding-bottom:var(--global-kb-spacing-sm, 1.5rem);grid-template-columns:minmax(0, 1fr);}.kb-row-layout-id131_246a9c-b4 > .kt-row-layout-overlay{opacity:0.30;}@media all and (max-width: 1024px){.kb-row-layout-id131_246a9c-b4 > .kt-row-column-wrap{grid-template-columns:minmax(0, 1fr);}}@media all and (max-width: 767px){.kb-row-layout-id131_246a9c-b4 > .kt-row-column-wrap{grid-template-columns:minmax(0, 1fr);}}<\/style><div class=\"kb-row-layout-wrap kb-row-layout-id131_246a9c-b4 alignnone wp-block-kadence-rowlayout\"><div class=\"kt-row-column-wrap kt-has-1-columns kt-row-layout-equal kt-tab-layout-inherit kt-mobile-layout-row kt-row-valign-top\">\n<style>.kadence-column131_e26853-60 > .kt-inside-inner-col{display:flex;}.kadence-column131_e26853-60 > .kt-inside-inner-col,.kadence-column131_e26853-60 > .kt-inside-inner-col:before{border-top-left-radius:0px;border-top-right-radius:0px;border-bottom-right-radius:0px;border-bottom-left-radius:0px;}.kadence-column131_e26853-60 > .kt-inside-inner-col{column-gap:var(--global-kb-gap-sm, 1rem);}.kadence-column131_e26853-60 > .kt-inside-inner-col{flex-direction:row;flex-wrap:wrap;align-items:center;justify-content:center;}.kadence-column131_e26853-60 > .kt-inside-inner-col > *, .kadence-column131_e26853-60 > .kt-inside-inner-col > figure.wp-block-image, .kadence-column131_e26853-60 > .kt-inside-inner-col > figure.wp-block-kadence-image{margin-top:0px;margin-bottom:0px;}.kadence-column131_e26853-60 > .kt-inside-inner-col > .kb-image-is-ratio-size{flex-grow:1;}.kt-row-column-wrap > .kadence-column131_e26853-60{align-self:center;}.kt-inner-column-height-full:not(.kt-has-1-columns) > .wp-block-kadence-column.kadence-column131_e26853-60{align-self:auto;}.kt-inner-column-height-full:not(.kt-has-1-columns) > .wp-block-kadence-column.kadence-column131_e26853-60 > .kt-inside-inner-col{align-items:center;}.kadence-column131_e26853-60 > .kt-inside-inner-col:before{opacity:0.3;}.kadence-column131_e26853-60{position:relative;}@media all and (max-width: 1024px){.kt-row-column-wrap > .kadence-column131_e26853-60{align-self:center;}}@media all and (max-width: 1024px){.kt-inner-column-height-full:not(.kt-has-1-columns) > .wp-block-kadence-column.kadence-column131_e26853-60{align-self:auto;}}@media all and (max-width: 1024px){.kt-inner-column-height-full:not(.kt-has-1-columns) > .wp-block-kadence-column.kadence-column131_e26853-60 > .kt-inside-inner-col{align-items:center;}}@media all and (max-width: 1024px){.kadence-column131_e26853-60 > .kt-inside-inner-col{flex-direction:row;flex-wrap:wrap;align-items:center;justify-content:center;}}@media all and (min-width: 768px) and (max-width: 1024px){.kadence-column131_e26853-60 > .kt-inside-inner-col > *, .kadence-column131_e26853-60 > .kt-inside-inner-col > figure.wp-block-image, .kadence-column131_e26853-60 > .kt-inside-inner-col > figure.wp-block-kadence-image{margin-top:0px;margin-bottom:0px;}.kadence-column131_e26853-60 > .kt-inside-inner-col > .kb-image-is-ratio-size{flex-grow:1;}}@media all and (max-width: 767px){.kt-row-column-wrap > .kadence-column131_e26853-60{align-self:center;}.kt-inner-column-height-full:not(.kt-has-1-columns) > .wp-block-kadence-column.kadence-column131_e26853-60{align-self:auto;}.kt-inner-column-height-full:not(.kt-has-1-columns) > .wp-block-kadence-column.kadence-column131_e26853-60 > .kt-inside-inner-col{flex-direction:column;justify-content:center;}.kadence-column131_e26853-60 > .kt-inside-inner-col{flex-direction:column-reverse;justify-content:center;align-items:stretch;flex-wrap:nowrap;}.wp-block-kadence-column.kb-section-dir-horizontal.kadence-column131_e26853-60 > .kt-inside-inner-col > .wp-block-kadence-infobox{align-self:unset;}}<\/style>\n<div class=\"wp-block-kadence-column kadence-column131_e26853-60 kb-section-dir-horizontal kb-section-sm-dir-vertical-reverse\"><div class=\"kt-inside-inner-col\"><style>.kadence-column131_5d6f0a-70, .wp-block-kadence-column.kb-section-dir-horizontal > .kt-inside-inner-col > .kadence-column131_5d6f0a-70{flex-grow:1;}.kadence-column131_5d6f0a-70 > .kt-inside-inner-col{height:100%;}.kadence-column131_5d6f0a-70 > .kt-inside-inner-col,.kadence-column131_5d6f0a-70 > .kt-inside-inner-col:before{border-top-left-radius:0px;border-top-right-radius:0px;border-bottom-right-radius:0px;border-bottom-left-radius:0px;}.kadence-column131_5d6f0a-70 > .kt-inside-inner-col{column-gap:var(--global-kb-gap-sm, 1rem);}.kadence-column131_5d6f0a-70 > .kt-inside-inner-col{flex-direction:column;}.kadence-column131_5d6f0a-70 > .kt-inside-inner-col > .aligncenter{width:100%;}.kadence-column131_5d6f0a-70 > .kt-inside-inner-col:before{opacity:0.3;}.kadence-column131_5d6f0a-70{position:relative;}@media all and (max-width: 1024px){.kadence-column131_5d6f0a-70 > .kt-inside-inner-col{flex-direction:column;justify-content:center;}}@media all and (max-width: 767px){.kadence-column131_5d6f0a-70 > .kt-inside-inner-col{flex-direction:column;justify-content:center;}}<\/style>\n<div class=\"wp-block-kadence-column kadence-column131_5d6f0a-70\"><div class=\"kt-inside-inner-col\"><style>.kb-image131_a29d9d-a9 .kb-image-has-overlay:after{opacity:0.3;border-top-left-radius:5px;border-top-right-radius:5px;border-bottom-right-radius:5px;border-bottom-left-radius:5px;}.kb-image131_a29d9d-a9 img.kb-img, .kb-image131_a29d9d-a9 .kb-img img{border-top-left-radius:5px;border-top-right-radius:5px;border-bottom-right-radius:5px;border-bottom-left-radius:5px;}<\/style>\n<figure class=\"wp-block-kadence-image kb-image131_a29d9d-a9\"><img decoding=\"async\" width=\"1080\" height=\"1080\" src=\"https:\/\/laspezieriadellaseta.it\/wp-content\/uploads\/2025\/02\/La-Spezieria-della-Seta-Profumi-pierre-flores.jpg\" alt=\"Profumeria Artistica La Spezieria della Seta Profumiere Naso Pierre Flores\" class=\"kb-img wp-image-727\" srcset=\"https:\/\/laspezieriadellaseta.it\/wp-content\/uploads\/2025\/02\/La-Spezieria-della-Seta-Profumi-pierre-flores.jpg 1080w, https:\/\/laspezieriadellaseta.it\/wp-content\/uploads\/2025\/02\/La-Spezieria-della-Seta-Profumi-pierre-flores-300x300.jpg 300w, https:\/\/laspezieriadellaseta.it\/wp-content\/uploads\/2025\/02\/La-Spezieria-della-Seta-Profumi-pierre-flores-1024x1024.jpg 1024w, https:\/\/laspezieriadellaseta.it\/wp-content\/uploads\/2025\/02\/La-Spezieria-della-Seta-Profumi-pierre-flores-150x150.jpg 150w, https:\/\/laspezieriadellaseta.it\/wp-content\/uploads\/2025\/02\/La-Spezieria-della-Seta-Profumi-pierre-flores-768x768.jpg 768w, https:\/\/laspezieriadellaseta.it\/wp-content\/uploads\/2025\/02\/La-Spezieria-della-Seta-Profumi-pierre-flores-12x12.jpg 12w, https:\/\/laspezieriadellaseta.it\/wp-content\/uploads\/2025\/02\/La-Spezieria-della-Seta-Profumi-pierre-flores-600x600.jpg 600w, https:\/\/laspezieriadellaseta.it\/wp-content\/uploads\/2025\/02\/La-Spezieria-della-Seta-Profumi-pierre-flores-900x900.jpg 900w\" sizes=\"(max-width: 1080px) 100vw, 1080px\" \/><\/figure>\n<\/div><\/div>\n\n\n<style>.kadence-column131_152fc9-e0 > .kt-inside-inner-col{display:flex;}.kadence-column131_152fc9-e0, .wp-block-kadence-column.kb-section-dir-horizontal > .kt-inside-inner-col > .kadence-column131_152fc9-e0{flex-grow:2;}.kadence-column131_152fc9-e0 > .kt-inside-inner-col{height:100%;}.kadence-column131_152fc9-e0 > .kt-inside-inner-col,.kadence-column131_152fc9-e0 > .kt-inside-inner-col:before{border-top-left-radius:0px;border-top-right-radius:0px;border-bottom-right-radius:0px;border-bottom-left-radius:0px;}.kadence-column131_152fc9-e0 > .kt-inside-inner-col{column-gap:var(--global-kb-gap-sm, 1rem);}.kadence-column131_152fc9-e0 > .kt-inside-inner-col{flex-direction:column;justify-content:center;}.kadence-column131_152fc9-e0 > .kt-inside-inner-col > .aligncenter{width:100%;}.kt-row-column-wrap > .kadence-column131_152fc9-e0{align-self:center;}.kt-inner-column-height-full:not(.kt-has-1-columns) > .wp-block-kadence-column.kadence-column131_152fc9-e0{align-self:auto;}.kt-inner-column-height-full:not(.kt-has-1-columns) > .wp-block-kadence-column.kadence-column131_152fc9-e0 > .kt-inside-inner-col{flex-direction:column;justify-content:center;}.kadence-column131_152fc9-e0 > .kt-inside-inner-col:before{opacity:0.3;}.kadence-column131_152fc9-e0{position:relative;}@media all and (max-width: 1024px){.kt-row-column-wrap > .kadence-column131_152fc9-e0{align-self:center;}}@media all and (max-width: 1024px){.kt-inner-column-height-full:not(.kt-has-1-columns) > .wp-block-kadence-column.kadence-column131_152fc9-e0{align-self:auto;}}@media all and (max-width: 1024px){.kt-inner-column-height-full:not(.kt-has-1-columns) > .wp-block-kadence-column.kadence-column131_152fc9-e0 > .kt-inside-inner-col{flex-direction:column;justify-content:center;}}@media all and (max-width: 1024px){.kadence-column131_152fc9-e0 > .kt-inside-inner-col{flex-direction:column;justify-content:center;}}@media all and (max-width: 767px){.kt-row-column-wrap > .kadence-column131_152fc9-e0{align-self:center;}.kt-inner-column-height-full:not(.kt-has-1-columns) > .wp-block-kadence-column.kadence-column131_152fc9-e0{align-self:auto;}.kt-inner-column-height-full:not(.kt-has-1-columns) > .wp-block-kadence-column.kadence-column131_152fc9-e0 > .kt-inside-inner-col{flex-direction:column;justify-content:center;}.kadence-column131_152fc9-e0 > .kt-inside-inner-col{flex-direction:column;justify-content:center;}}<\/style>\n<div class=\"wp-block-kadence-column kadence-column131_152fc9-e0\"><div class=\"kt-inside-inner-col\">\n<h2 class=\"wp-block-heading\" id=\"le-parole-del-profumiere-bertrand-duchaufour\">Le parole del profumiere &#8211; Pierre Flores<\/h2>\n\n\n\n<p><em>&#8220;Immergetevi nell&#8217;oscurit\u00e0 accattivante del Levante, un profumo dal carattere forte e dalla misteriosa sottigliezza. Con i suoi accordi ambrati legnosi e oud profondo, questa fragranza dalle sfumature complesse rivela un percorso intrigante e accattivante.&#8221;<\/em><\/p>\n<\/div><\/div>\n<\/div><\/div>\n\n<\/div><\/div>\n\n\n<h2 class=\"wp-block-heading has-text-align-center\">Note olfattive<\/h2>\n\n\n\n<div style=\"height:30px\" aria-hidden=\"true\" class=\"wp-block-spacer\"><\/div>\n\n\n<style>.wp-block-kadence-column.kb-section-dir-horizontal > .kt-inside-inner-col > .kt-info-box131_c306d1-50 .kt-blocks-info-box-link-wrap{max-width:unset;}.kt-info-box131_c306d1-50 .kt-blocks-info-box-link-wrap{border-top:2px solid #F6F6F6;border-right:2px solid #F6F6F6;border-bottom:2px solid #F6F6F6;border-left:2px solid #F6F6F6;border-top-left-radius:20px;border-top-right-radius:20px;border-bottom-right-radius:20px;border-bottom-left-radius:20px;background:#ffffff;padding-top:var(--global-kb-spacing-sm, 1.5rem);padding-right:var(--global-kb-spacing-sm, 1.5rem);padding-bottom:var(--global-kb-spacing-sm, 1.5rem);padding-left:var(--global-kb-spacing-sm, 1.5rem);margin-top:50px;}.kt-info-box131_c306d1-50 .kt-blocks-info-box-media-align-top .kt-blocks-info-box-media-container{max-width:100%;}.kt-info-box131_c306d1-50.wp-block-kadence-infobox{max-width:100%;}.kt-info-box131_c306d1-50 .kadence-info-box-image-inner-intrisic-container{max-width:100px;}.kt-info-box131_c306d1-50 .kadence-info-box-image-inner-intrisic-container .kadence-info-box-image-intrisic{max-width:100%;}.kt-info-box131_c306d1-50 .kt-blocks-info-box-media .kt-info-box-image{width:100px;height:auto;}.kt-info-box131_c306d1-50 .kadence-info-box-icon-container .kt-info-svg-icon, .kt-info-box131_c306d1-50 .kt-info-svg-icon-flip, .kt-info-box131_c306d1-50 .kt-blocks-info-box-number{font-size:50px;}.kt-info-box131_c306d1-50 .kt-blocks-info-box-media{background:#ffffff;border-color:#F6F6F6;border-top-width:0px;border-right-width:0px;border-bottom-width:0px;border-left-width:0px;padding-top:5px;padding-right:5px;padding-bottom:5px;padding-left:5px;}.kt-info-box131_c306d1-50 .kt-blocks-info-box-media-container{margin-top:-75px;margin-right:0px;margin-bottom:20px;margin-left:0px;}.kt-info-box131_c306d1-50 .kt-infobox-textcontent h3.kt-blocks-info-box-title{padding-top:0px;padding-right:0px;padding-bottom:0px;padding-left:0px;margin-top:5px;margin-right:0px;margin-bottom:10px;margin-left:0px;}.kt-info-box131_c306d1-50 .kt-blocks-info-box-learnmore{background:transparent;border-width:0px 0px 0px 0px;padding-top:4px;padding-right:8px;padding-bottom:4px;padding-left:8px;margin-top:10px;margin-right:0px;margin-bottom:10px;margin-left:0px;}@media all and (max-width: 1024px){.kt-info-box131_c306d1-50 .kt-blocks-info-box-link-wrap{border-top:2px solid #F6F6F6;border-right:2px solid #F6F6F6;border-bottom:2px solid #F6F6F6;border-left:2px solid #F6F6F6;}}@media all and (max-width: 767px){.kt-info-box131_c306d1-50 .kt-blocks-info-box-link-wrap{border-top:2px solid #F6F6F6;border-right:2px solid #F6F6F6;border-bottom:2px solid #F6F6F6;border-left:2px solid #F6F6F6;}}<\/style>\n<div class=\"wp-block-kadence-infobox kt-info-box131_c306d1-50\"><span class=\"kt-blocks-info-box-link-wrap info-box-link kt-blocks-info-box-media-align-top kt-info-halign-center\"><div class=\"kt-blocks-info-box-media-container\"><div class=\"kt-blocks-info-box-media kt-info-media-animate-none\"><div class=\"kadence-info-box-image-inner-intrisic-container\"><div class=\"kadence-info-box-image-intrisic kt-info-animate-none kb-info-box-image-type-svg\"><div class=\"kadence-info-box-image-inner-intrisic\"><img decoding=\"async\" src=\"https:\/\/laspezieriadellaseta.it\/wp-content\/uploads\/2025\/03\/profumi-nicchia-piramide-olfattiva-testa.svg\" alt=\"La Spezieria della Seta Piramide Olfattiva Testa\" width=\"100\" class=\"kt-info-box-image wp-image-713 kt-info-svg-image\"\/><\/div><\/div><\/div><\/div><\/div><div class=\"kt-infobox-textcontent\"><h3 class=\"kt-blocks-info-box-title\">Testa<\/h3><p class=\"kt-blocks-info-box-text\">Le <strong>note di testa<\/strong> sono le prime a sprigionarsi e definiscono l\u2019impatto iniziale. La <strong>cannella aggiunge un tocco caldo e speziato<\/strong>, che pu\u00f2 evocare immediatamente sensazioni di calore e comfort. Il <strong>limone<\/strong>, invece, apporta una <strong>freschezza agrumata<\/strong> e frizzante, creando un contrasto vivace con la dolcezza speziata della cannella. La <strong>rosa<\/strong> nella testa introduce gi\u00e0 da subito una <strong>raffinatezza floreale<\/strong>, offrendo un carattere delicato e romantico. Questa combinazione crea un\u2019apertura che \u00e8 allo stesso tempo calda e fresca, ideale per catturare l\u2019attenzione senza essere invadente. \u00c8 un inizio che gioca su contrasti: la dolcezza speziata e l&#8217;asprezza agrumata bilanciano e arricchiscono il bouquet.<\/p><\/div><\/span><\/div>\n\n\n<style>.wp-block-kadence-column.kb-section-dir-horizontal > .kt-inside-inner-col > .kt-info-box131_c00f2a-2e .kt-blocks-info-box-link-wrap{max-width:unset;}.kt-info-box131_c00f2a-2e .kt-blocks-info-box-link-wrap{border-top:2px solid #F6F6F6;border-right:2px solid #F6F6F6;border-bottom:2px solid #F6F6F6;border-left:2px solid #F6F6F6;border-top-left-radius:20px;border-top-right-radius:20px;border-bottom-right-radius:20px;border-bottom-left-radius:20px;background:#ffffff;padding-top:var(--global-kb-spacing-sm, 1.5rem);padding-right:var(--global-kb-spacing-sm, 1.5rem);padding-bottom:var(--global-kb-spacing-sm, 1.5rem);padding-left:var(--global-kb-spacing-sm, 1.5rem);margin-top:50px;}.kt-info-box131_c00f2a-2e .kt-blocks-info-box-media-align-top .kt-blocks-info-box-media-container{max-width:100%;}.kt-info-box131_c00f2a-2e.wp-block-kadence-infobox{max-width:100%;}.kt-info-box131_c00f2a-2e .kadence-info-box-image-inner-intrisic-container{max-width:100px;}.kt-info-box131_c00f2a-2e .kadence-info-box-image-inner-intrisic-container .kadence-info-box-image-intrisic{max-width:100%;}.kt-info-box131_c00f2a-2e .kt-blocks-info-box-media .kt-info-box-image{width:100px;height:auto;}.kt-info-box131_c00f2a-2e .kadence-info-box-icon-container .kt-info-svg-icon, .kt-info-box131_c00f2a-2e .kt-info-svg-icon-flip, .kt-info-box131_c00f2a-2e .kt-blocks-info-box-number{font-size:50px;}.kt-info-box131_c00f2a-2e .kt-blocks-info-box-media{background:#ffffff;border-color:#F6F6F6;border-top-width:0px;border-right-width:0px;border-bottom-width:0px;border-left-width:0px;padding-top:5px;padding-right:5px;padding-bottom:5px;padding-left:5px;}.kt-info-box131_c00f2a-2e .kt-blocks-info-box-media-container{margin-top:-75px;margin-right:0px;margin-bottom:20px;margin-left:0px;}.kt-info-box131_c00f2a-2e .kt-infobox-textcontent h3.kt-blocks-info-box-title{padding-top:0px;padding-right:0px;padding-bottom:0px;padding-left:0px;margin-top:5px;margin-right:0px;margin-bottom:10px;margin-left:0px;}.kt-info-box131_c00f2a-2e .kt-blocks-info-box-learnmore{background:transparent;border-width:0px 0px 0px 0px;padding-top:4px;padding-right:8px;padding-bottom:4px;padding-left:8px;margin-top:10px;margin-right:0px;margin-bottom:10px;margin-left:0px;}@media all and (max-width: 1024px){.kt-info-box131_c00f2a-2e .kt-blocks-info-box-link-wrap{border-top:2px solid #F6F6F6;border-right:2px solid #F6F6F6;border-bottom:2px solid #F6F6F6;border-left:2px solid #F6F6F6;}}@media all and (max-width: 767px){.kt-info-box131_c00f2a-2e .kt-blocks-info-box-link-wrap{border-top:2px solid #F6F6F6;border-right:2px solid #F6F6F6;border-bottom:2px solid #F6F6F6;border-left:2px solid #F6F6F6;}}<\/style>\n<div class=\"wp-block-kadence-infobox kt-info-box131_c00f2a-2e\"><span class=\"kt-blocks-info-box-link-wrap info-box-link kt-blocks-info-box-media-align-top kt-info-halign-center\"><div class=\"kt-blocks-info-box-media-container\"><div class=\"kt-blocks-info-box-media kt-info-media-animate-none\"><div class=\"kadence-info-box-image-inner-intrisic-container\"><div class=\"kadence-info-box-image-intrisic kt-info-animate-none kb-info-box-image-type-svg\"><div class=\"kadence-info-box-image-inner-intrisic\"><img decoding=\"async\" src=\"https:\/\/laspezieriadellaseta.it\/wp-content\/uploads\/2025\/03\/profumi-nicchia-piramide-olfattiva-cuore.svg\" alt=\"La Spezieria della Seta Piramide Olfattiva Cuore\" width=\"100\" class=\"kt-info-box-image wp-image-711 kt-info-svg-image\"\/><\/div><\/div><\/div><\/div><\/div><div class=\"kt-infobox-textcontent\"><h3 class=\"kt-blocks-info-box-title\">Cuore<\/h3><p class=\"kt-blocks-info-box-text\">Le <strong>note di cuore<\/strong> rappresentano l\u2019essenza del profumo e definiscono il suo carattere principale. La <strong>rosa <\/strong>continua ad essere un protagonista importante, regalando eleganza, <strong>femminilit\u00e0 e morbidezza<\/strong>. L\u2019<strong>oud<\/strong>, invece, \u00e8 una nota preziosa e complessa, famosa per il suo calore e la sua <strong>profondit\u00e0 leggermente sensuale<\/strong>. Questa combinazione di note crea un cuore avvolgente e sofisticato, dove la delicatezza della rosa si fonde con la ricchezza avvolgente dell\u2019oud. Il cuore del profumo diventa quindi magnetico, sofisticato e un po&#8217; misterioso, unendo la sensualit\u00e0 delle <strong>note floreali<\/strong> con la morbidezza e il <strong>calore ambrato<\/strong>.<\/p><\/div><\/span><\/div>\n\n\n<style>.wp-block-kadence-column.kb-section-dir-horizontal > .kt-inside-inner-col > .kt-info-box131_2ee656-13 .kt-blocks-info-box-link-wrap{max-width:unset;}.kt-info-box131_2ee656-13 .kt-blocks-info-box-link-wrap{border-top:2px solid #F6F6F6;border-right:2px solid #F6F6F6;border-bottom:2px solid #F6F6F6;border-left:2px solid #F6F6F6;border-top-left-radius:20px;border-top-right-radius:20px;border-bottom-right-radius:20px;border-bottom-left-radius:20px;background:#ffffff;padding-top:var(--global-kb-spacing-sm, 1.5rem);padding-right:var(--global-kb-spacing-sm, 1.5rem);padding-bottom:var(--global-kb-spacing-sm, 1.5rem);padding-left:var(--global-kb-spacing-sm, 1.5rem);margin-top:50px;margin-bottom:50px;}.kt-info-box131_2ee656-13 .kt-blocks-info-box-media-align-top .kt-blocks-info-box-media-container{max-width:100%;}.kt-info-box131_2ee656-13.wp-block-kadence-infobox{max-width:100%;}.kt-info-box131_2ee656-13 .kadence-info-box-image-inner-intrisic-container{max-width:100px;}.kt-info-box131_2ee656-13 .kadence-info-box-image-inner-intrisic-container .kadence-info-box-image-intrisic{max-width:100%;}.kt-info-box131_2ee656-13 .kt-blocks-info-box-media .kt-info-box-image{width:100px;height:auto;}.kt-info-box131_2ee656-13 .kadence-info-box-icon-container .kt-info-svg-icon, .kt-info-box131_2ee656-13 .kt-info-svg-icon-flip, .kt-info-box131_2ee656-13 .kt-blocks-info-box-number{font-size:50px;}.kt-info-box131_2ee656-13 .kt-blocks-info-box-media{background:#ffffff;border-color:#F6F6F6;border-top-width:0px;border-right-width:0px;border-bottom-width:0px;border-left-width:0px;padding-top:5px;padding-right:5px;padding-bottom:5px;padding-left:5px;}.kt-info-box131_2ee656-13 .kt-blocks-info-box-media-container{margin-top:-75px;margin-right:0px;margin-bottom:20px;margin-left:0px;}.kt-info-box131_2ee656-13 .kt-infobox-textcontent h3.kt-blocks-info-box-title{padding-top:0px;padding-right:0px;padding-bottom:0px;padding-left:0px;margin-top:5px;margin-right:0px;margin-bottom:10px;margin-left:0px;}.kt-info-box131_2ee656-13 .kt-blocks-info-box-learnmore{background:transparent;border-width:0px 0px 0px 0px;padding-top:4px;padding-right:8px;padding-bottom:4px;padding-left:8px;margin-top:10px;margin-right:0px;margin-bottom:10px;margin-left:0px;}@media all and (max-width: 1024px){.kt-info-box131_2ee656-13 .kt-blocks-info-box-link-wrap{border-top:2px solid #F6F6F6;border-right:2px solid #F6F6F6;border-bottom:2px solid #F6F6F6;border-left:2px solid #F6F6F6;}}@media all and (max-width: 767px){.kt-info-box131_2ee656-13 .kt-blocks-info-box-link-wrap{border-top:2px solid #F6F6F6;border-right:2px solid #F6F6F6;border-bottom:2px solid #F6F6F6;border-left:2px solid #F6F6F6;}}<\/style>\n<div class=\"wp-block-kadence-infobox kt-info-box131_2ee656-13\"><span class=\"kt-blocks-info-box-link-wrap info-box-link kt-blocks-info-box-media-align-top kt-info-halign-center\"><div class=\"kt-blocks-info-box-media-container\"><div class=\"kt-blocks-info-box-media kt-info-media-animate-none\"><div class=\"kadence-info-box-image-inner-intrisic-container\"><div class=\"kadence-info-box-image-intrisic kt-info-animate-none kb-info-box-image-type-svg\"><div class=\"kadence-info-box-image-inner-intrisic\"><img decoding=\"async\" src=\"https:\/\/laspezieriadellaseta.it\/wp-content\/uploads\/2025\/03\/profumi-nicchia-piramide-olfattiva-fondo.svg\" alt=\"La Spezieria della Seta Piramide Olfattiva Fondo\" width=\"100\" class=\"kt-info-box-image wp-image-712 kt-info-svg-image\"\/><\/div><\/div><\/div><\/div><\/div><div class=\"kt-infobox-textcontent\"><h3 class=\"kt-blocks-info-box-title\">Fondo<\/h3><p class=\"kt-blocks-info-box-text\">Le <strong>note di fondo<\/strong> sono quelle che persistono pi\u00f9 a lungo sulla pelle e lasciano la scia del profumo. Il <strong>patchouli <\/strong>aggiunge un <strong>tono terroso e intenso<\/strong>, conferendo profondit\u00e0 e una sfumatura leggermente esotica. Il <strong>legno di cedro<\/strong> porta un tocco secco e legnoso, contribuendo a una base solida e austera. L\u2019<strong>ambra<\/strong> esprime il suo carattere pi\u00f9 dolce e avvolgente. Il fondo del profumo \u00e8 quindi ricco e strutturato, con un equilibrio tra la sensualit\u00e0 calda dell&#8217;ambra e la forza robusta e legnosa del patchouli e del cedro.<\/p><\/div><\/span><\/div>\n\n\n\n<details class=\"wp-block-details dett-prod is-layout-flow wp-block-details-is-layout-flow\"><summary>Stile e carattere della fragranza<\/summary>\n<p>Questa composizione evoca un <strong>profumo artistico complesso<\/strong>, che gioca sui contrasti tra calore e freschezza, delicatezza e intensit\u00e0. \u00c8 una fragranza che trasmette un <strong>senso di lusso e raffinatezza<\/strong>, perfetta per chi cerca un profumo che non si riveli immediatamente, ma che si sveli con il tempo, lasciando una scia avvolgente e sofisticata. Grazie all\u2019<strong>apertura agrumata e speziata<\/strong>, seguita da un cuore floreale-muschiato e da una base legnosa e calda, questa fragranza ha un\u2019eleganza senza tempo, che pu\u00f2 adattarsi tanto a uno stile moderno quanto a uno classico. Si tratta di un profumo che esprime fiducia in s\u00e9, perfetto per chi ama atmosfere ricercate e ha una sensibilit\u00e0 artistica.<\/p>\n<\/details>\n\n\n\n<details class=\"wp-block-details dett-prod is-layout-flow wp-block-details-is-layout-flow\"><summary>Per chi \u00e8 perfetto<\/summary>\n<p>Questa fragranza \u00e8 ideale per una <strong>persona sofisticata, che apprezza sia la delicatezza dei fiori che la profondit\u00e0 delle note legnose e resinose<\/strong>. \u00c8 perfetta per chi cerca un profumo che possa essere distintivo e ricco di sfumature, senza essere troppo aggressivo. Si adatta bene a un pubblico che preferisce profumi complessi e sfaccettati.<\/p>\n<\/details>\n\n\n\n<details class=\"wp-block-details dett-prod is-layout-flow wp-block-details-is-layout-flow\"><summary>Punteggio FLORINDEX\u00ae: B<\/summary>\n<p>Questo prodotto contiene una fragranza eco-socio-concepita*:<br>\u2022 Sostenibilit\u00e0 certificata<br>\u2022 Minimo impatto ambientale e un design responsabile.<br>\u2022 Sviluppata rispettando rigorosi criteri di eco-socio-design.<br><em>*Per ulteriori informazioni, visita www.flor-index.fr<\/em><\/p>\n\n\n\n<p><\/p>\n<\/details>\n\n\n\n<details class=\"wp-block-details dett-prod is-layout-flow wp-block-details-is-layout-flow\"><summary>Ingredienti<\/summary>\n<p>Alcohol Denat., Parfum (Fragrance), Aqua (Water), Benzyl Alcohol, Benzyl Benzoate, Cinnamal, Citral, Citronellol, Eugenol, Geraniol, Isoeugenol, Limonene, Linalool, Benzaldehyde, Beta-caryophyllene, Cinnamomum Zeylanicum Bark Oil, Geranyl Acetate, Hexadecanolactone, Isoeugenyl Acetate, Juniperus Virginiana Oil, Linalyl Acetate, Pelargonium Graveolens Flower Oil, Pinene, Pogostemon Cablin Oil, Rose Ketones, Terpineol, Terpinolene, Tetramethyl Acetyloctahydronaphthalenes, Vanillin.<\/p>\n\n\n\n<p><\/p>\n<\/details>","protected":false},"excerpt":{"rendered":"<p>Scopri l&#8217;essenza della seduzione con questa fragranza audace e sofisticata, un connubio perfetto tra Oriente e Occidente. Un profumo che intreccia sapientemente note speziate, ambrate e legnose per creare un&#8217;aura di raffinatezza.<\/p>","protected":false},"featured_media":899,"comment_status":"open","ping_status":"closed","template":"","meta":[],"product_brand":[25],"product_cat":[15],"product_tag":[],"famiglia_olfattiva":[57,27,35],"ingrediente":[171,138,181,147,169,196,188,195],"profumieri":[124],"class_list":{"0":"post-131","1":"product","2":"type-product","3":"status-publish","4":"has-post-thumbnail","6":"product_brand-la-spezieria-della-seta","7":"product_cat-profumi-persona","8":"famiglia_olfattiva-ambrata","9":"famiglia_olfattiva-legnosa","10":"famiglia_olfattiva-speziata","11":"ingrediente-ambra","12":"ingrediente-cannella","13":"ingrediente-legno-di-cedro","14":"ingrediente-limone","15":"ingrediente-musk","16":"ingrediente-oud","17":"ingrediente-patchouli","18":"ingrediente-rosa","19":"profumieri-pierre-flores","21":"first","22":"instock","23":"taxable","24":"shipping-taxable","25":"purchasable","26":"product-type-simple"},"yoast_head":"<!-- This site is optimized with the Yoast SEO plugin v27.4 - https:\/\/yoast.com\/product\/yoast-seo-wordpress\/ -->\n<title>Levante \u2013 profumo persona speziato e legnoso<\/title>\n<meta name=\"description\" content=\"La Spezieria della Seta \u2013 Levante \u00e8 una fragranza per persona con note ambrate e speziate come cannella, rosa, patchouli e ambra.\" \/>\n<meta name=\"robots\" content=\"index, follow, max-snippet:-1, max-image-preview:large, max-video-preview:-1\" \/>\n<link rel=\"canonical\" href=\"https:\/\/laspezieriadellaseta.it\/en\/product\/levante-eau-de-parfum\/\" \/>\n<meta property=\"og:locale\" content=\"en_GB\" \/>\n<meta property=\"og:type\" content=\"article\" \/>\n<meta property=\"og:title\" content=\"Levante \u2013 profumo persona speziato e legnoso\" \/>\n<meta property=\"og:description\" content=\"La Spezieria della Seta \u2013 Levante \u00e8 una fragranza per persona con note ambrate e speziate come cannella, rosa, patchouli e ambra.\" \/>\n<meta property=\"og:url\" content=\"https:\/\/laspezieriadellaseta.it\/en\/product\/levante-eau-de-parfum\/\" \/>\n<meta property=\"og:site_name\" content=\"La Spezieria della Seta\" \/>\n<meta property=\"article:publisher\" content=\"https:\/\/www.facebook.com\/profile.php?id=61573979611482\" \/>\n<meta property=\"article:modified_time\" content=\"2026-01-30T09:28:43+00:00\" \/>\n<meta property=\"og:image\" content=\"https:\/\/laspezieriadellaseta.it\/wp-content\/uploads\/2025\/01\/la-spezieria-della-seta-profumeria-artistica-levante-pierre-flores.png\" \/>\n\t<meta property=\"og:image:width\" content=\"1920\" \/>\n\t<meta property=\"og:image:height\" content=\"1920\" \/>\n\t<meta property=\"og:image:type\" content=\"image\/png\" \/>\n<meta name=\"twitter:card\" content=\"summary_large_image\" \/>\n<meta name=\"twitter:label1\" content=\"Estimated reading time\" \/>\n\t<meta name=\"twitter:data1\" content=\"6 minutes\" \/>\n<script type=\"application\/ld+json\" class=\"yoast-schema-graph\">{\"@context\":\"https:\\\/\\\/schema.org\",\"@graph\":[{\"@type\":\"WebPage\",\"@id\":\"https:\\\/\\\/laspezieriadellaseta.it\\\/prodotto\\\/levante-eau-de-parfum\\\/\",\"url\":\"https:\\\/\\\/laspezieriadellaseta.it\\\/prodotto\\\/levante-eau-de-parfum\\\/\",\"name\":\"Levante \u2013 profumo persona speziato e legnoso\",\"isPartOf\":{\"@id\":\"https:\\\/\\\/laspezieriadellaseta.it\\\/#website\"},\"primaryImageOfPage\":{\"@id\":\"https:\\\/\\\/laspezieriadellaseta.it\\\/prodotto\\\/levante-eau-de-parfum\\\/#primaryimage\"},\"image\":{\"@id\":\"https:\\\/\\\/laspezieriadellaseta.it\\\/prodotto\\\/levante-eau-de-parfum\\\/#primaryimage\"},\"thumbnailUrl\":\"https:\\\/\\\/laspezieriadellaseta.it\\\/wp-content\\\/uploads\\\/2025\\\/01\\\/la-spezieria-della-seta-profumeria-artistica-levante-pierre-flores.png\",\"datePublished\":\"2025-01-28T19:44:53+00:00\",\"dateModified\":\"2026-01-30T09:28:43+00:00\",\"description\":\"La Spezieria della Seta \u2013 Levante \u00e8 una fragranza per persona con note ambrate e speziate come cannella, rosa, patchouli e ambra.\",\"breadcrumb\":{\"@id\":\"https:\\\/\\\/laspezieriadellaseta.it\\\/prodotto\\\/levante-eau-de-parfum\\\/#breadcrumb\"},\"inLanguage\":\"en-GB\",\"potentialAction\":[{\"@type\":\"ReadAction\",\"target\":[\"https:\\\/\\\/laspezieriadellaseta.it\\\/prodotto\\\/levante-eau-de-parfum\\\/\"]}]},{\"@type\":\"ImageObject\",\"inLanguage\":\"en-GB\",\"@id\":\"https:\\\/\\\/laspezieriadellaseta.it\\\/prodotto\\\/levante-eau-de-parfum\\\/#primaryimage\",\"url\":\"https:\\\/\\\/laspezieriadellaseta.it\\\/wp-content\\\/uploads\\\/2025\\\/01\\\/la-spezieria-della-seta-profumeria-artistica-levante-pierre-flores.png\",\"contentUrl\":\"https:\\\/\\\/laspezieriadellaseta.it\\\/wp-content\\\/uploads\\\/2025\\\/01\\\/la-spezieria-della-seta-profumeria-artistica-levante-pierre-flores.png\",\"width\":1920,\"height\":1920,\"caption\":\"La Spezieria della Seta Profumi di nicchia Bologna Levante Eau de Parfum Pierre Flores\"},{\"@type\":\"BreadcrumbList\",\"@id\":\"https:\\\/\\\/laspezieriadellaseta.it\\\/prodotto\\\/levante-eau-de-parfum\\\/#breadcrumb\",\"itemListElement\":[{\"@type\":\"ListItem\",\"position\":1,\"name\":\"Home\",\"item\":\"https:\\\/\\\/laspezieriadellaseta.it\\\/\"},{\"@type\":\"ListItem\",\"position\":2,\"name\":\"Fragranze La Spezieria della Seta\",\"item\":\"https:\\\/\\\/laspezieriadellaseta.it\\\/profumi-di-nicchia\\\/\"},{\"@type\":\"ListItem\",\"position\":3,\"name\":\"Levante \u2013 Eau de Parfum\"}]},{\"@type\":\"WebSite\",\"@id\":\"https:\\\/\\\/laspezieriadellaseta.it\\\/#website\",\"url\":\"https:\\\/\\\/laspezieriadellaseta.it\\\/\",\"name\":\"La Spezieria della Seta - Profumi di nicchia\",\"description\":\"Profumi di nicchia per persona e ambiente\",\"publisher\":{\"@id\":\"https:\\\/\\\/laspezieriadellaseta.it\\\/#organization\"},\"alternateName\":\"La Spezieria della Seta - Profumi di nicchia\",\"potentialAction\":[{\"@type\":\"SearchAction\",\"target\":{\"@type\":\"EntryPoint\",\"urlTemplate\":\"https:\\\/\\\/laspezieriadellaseta.it\\\/?s={search_term_string}\"},\"query-input\":{\"@type\":\"PropertyValueSpecification\",\"valueRequired\":true,\"valueName\":\"search_term_string\"}}],\"inLanguage\":\"en-GB\"},{\"@type\":\"Organization\",\"@id\":\"https:\\\/\\\/laspezieriadellaseta.it\\\/#organization\",\"name\":\"La Spezieria della Seta\",\"url\":\"https:\\\/\\\/laspezieriadellaseta.it\\\/\",\"logo\":{\"@type\":\"ImageObject\",\"inLanguage\":\"en-GB\",\"@id\":\"https:\\\/\\\/laspezieriadellaseta.it\\\/#\\\/schema\\\/logo\\\/image\\\/\",\"url\":\"https:\\\/\\\/laspezieriadellaseta.it\\\/wp-content\\\/uploads\\\/2025\\\/03\\\/logo-la-spezieria-della-seta.png\",\"contentUrl\":\"https:\\\/\\\/laspezieriadellaseta.it\\\/wp-content\\\/uploads\\\/2025\\\/03\\\/logo-la-spezieria-della-seta.png\",\"width\":750,\"height\":750,\"caption\":\"La Spezieria della Seta\"},\"image\":{\"@id\":\"https:\\\/\\\/laspezieriadellaseta.it\\\/#\\\/schema\\\/logo\\\/image\\\/\"},\"sameAs\":[\"https:\\\/\\\/www.facebook.com\\\/profile.php?id=61573979611482\",\"https:\\\/\\\/www.instagram.com\\\/laspezieriadellaseta\",\"https:\\\/\\\/www.tiktok.com\\\/@laspezieriadellaseta\"]}]}<\/script>\n<!-- \/ Yoast SEO plugin. -->","yoast_head_json":{"title":"Levante \u2013 profumo persona speziato e legnoso","description":"La Spezieria della Seta \u2013 Levante \u00e8 una fragranza per persona con note ambrate e speziate come cannella, rosa, patchouli e ambra.","robots":{"index":"index","follow":"follow","max-snippet":"max-snippet:-1","max-image-preview":"max-image-preview:large","max-video-preview":"max-video-preview:-1"},"canonical":"https:\/\/laspezieriadellaseta.it\/en\/product\/levante-eau-de-parfum\/","og_locale":"en_GB","og_type":"article","og_title":"Levante \u2013 profumo persona speziato e legnoso","og_description":"La Spezieria della Seta \u2013 Levante \u00e8 una fragranza per persona con note ambrate e speziate come cannella, rosa, patchouli e ambra.","og_url":"https:\/\/laspezieriadellaseta.it\/en\/product\/levante-eau-de-parfum\/","og_site_name":"La Spezieria della Seta","article_publisher":"https:\/\/www.facebook.com\/profile.php?id=61573979611482","article_modified_time":"2026-01-30T09:28:43+00:00","og_image":[{"width":1920,"height":1920,"url":"https:\/\/laspezieriadellaseta.it\/wp-content\/uploads\/2025\/01\/la-spezieria-della-seta-profumeria-artistica-levante-pierre-flores.png","type":"image\/png"}],"twitter_card":"summary_large_image","twitter_misc":{"Estimated reading time":"6 minutes"},"schema":{"@context":"https:\/\/schema.org","@graph":[{"@type":"WebPage","@id":"https:\/\/laspezieriadellaseta.it\/prodotto\/levante-eau-de-parfum\/","url":"https:\/\/laspezieriadellaseta.it\/prodotto\/levante-eau-de-parfum\/","name":"Levante \u2013 profumo persona speziato e legnoso","isPartOf":{"@id":"https:\/\/laspezieriadellaseta.it\/#website"},"primaryImageOfPage":{"@id":"https:\/\/laspezieriadellaseta.it\/prodotto\/levante-eau-de-parfum\/#primaryimage"},"image":{"@id":"https:\/\/laspezieriadellaseta.it\/prodotto\/levante-eau-de-parfum\/#primaryimage"},"thumbnailUrl":"https:\/\/laspezieriadellaseta.it\/wp-content\/uploads\/2025\/01\/la-spezieria-della-seta-profumeria-artistica-levante-pierre-flores.png","datePublished":"2025-01-28T19:44:53+00:00","dateModified":"2026-01-30T09:28:43+00:00","description":"La Spezieria della Seta \u2013 Levante \u00e8 una fragranza per persona con note ambrate e speziate come cannella, rosa, patchouli e ambra.","breadcrumb":{"@id":"https:\/\/laspezieriadellaseta.it\/prodotto\/levante-eau-de-parfum\/#breadcrumb"},"inLanguage":"en-GB","potentialAction":[{"@type":"ReadAction","target":["https:\/\/laspezieriadellaseta.it\/prodotto\/levante-eau-de-parfum\/"]}]},{"@type":"ImageObject","inLanguage":"en-GB","@id":"https:\/\/laspezieriadellaseta.it\/prodotto\/levante-eau-de-parfum\/#primaryimage","url":"https:\/\/laspezieriadellaseta.it\/wp-content\/uploads\/2025\/01\/la-spezieria-della-seta-profumeria-artistica-levante-pierre-flores.png","contentUrl":"https:\/\/laspezieriadellaseta.it\/wp-content\/uploads\/2025\/01\/la-spezieria-della-seta-profumeria-artistica-levante-pierre-flores.png","width":1920,"height":1920,"caption":"La Spezieria della Seta Profumi di nicchia Bologna Levante Eau de Parfum Pierre Flores"},{"@type":"BreadcrumbList","@id":"https:\/\/laspezieriadellaseta.it\/prodotto\/levante-eau-de-parfum\/#breadcrumb","itemListElement":[{"@type":"ListItem","position":1,"name":"Home","item":"https:\/\/laspezieriadellaseta.it\/"},{"@type":"ListItem","position":2,"name":"Fragranze La Spezieria della Seta","item":"https:\/\/laspezieriadellaseta.it\/profumi-di-nicchia\/"},{"@type":"ListItem","position":3,"name":"Levante \u2013 Eau de Parfum"}]},{"@type":"WebSite","@id":"https:\/\/laspezieriadellaseta.it\/#website","url":"https:\/\/laspezieriadellaseta.it\/","name":"La Spezieria della Seta - Profumi di nicchia","description":"Profumi di nicchia per persona e ambiente","publisher":{"@id":"https:\/\/laspezieriadellaseta.it\/#organization"},"alternateName":"La Spezieria della Seta - Profumi di nicchia","potentialAction":[{"@type":"SearchAction","target":{"@type":"EntryPoint","urlTemplate":"https:\/\/laspezieriadellaseta.it\/?s={search_term_string}"},"query-input":{"@type":"PropertyValueSpecification","valueRequired":true,"valueName":"search_term_string"}}],"inLanguage":"en-GB"},{"@type":"Organization","@id":"https:\/\/laspezieriadellaseta.it\/#organization","name":"La Spezieria della Seta","url":"https:\/\/laspezieriadellaseta.it\/","logo":{"@type":"ImageObject","inLanguage":"en-GB","@id":"https:\/\/laspezieriadellaseta.it\/#\/schema\/logo\/image\/","url":"https:\/\/laspezieriadellaseta.it\/wp-content\/uploads\/2025\/03\/logo-la-spezieria-della-seta.png","contentUrl":"https:\/\/laspezieriadellaseta.it\/wp-content\/uploads\/2025\/03\/logo-la-spezieria-della-seta.png","width":750,"height":750,"caption":"La Spezieria della Seta"},"image":{"@id":"https:\/\/laspezieriadellaseta.it\/#\/schema\/logo\/image\/"},"sameAs":["https:\/\/www.facebook.com\/profile.php?id=61573979611482","https:\/\/www.instagram.com\/laspezieriadellaseta","https:\/\/www.tiktok.com\/@laspezieriadellaseta"]}]}},"_links":{"self":[{"href":"https:\/\/laspezieriadellaseta.it\/en\/wp-json\/wp\/v2\/product\/131","targetHints":{"allow":["GET"]}}],"collection":[{"href":"https:\/\/laspezieriadellaseta.it\/en\/wp-json\/wp\/v2\/product"}],"about":[{"href":"https:\/\/laspezieriadellaseta.it\/en\/wp-json\/wp\/v2\/types\/product"}],"replies":[{"embeddable":true,"href":"https:\/\/laspezieriadellaseta.it\/en\/wp-json\/wp\/v2\/comments?post=131"}],"wp:featuredmedia":[{"embeddable":true,"href":"https:\/\/laspezieriadellaseta.it\/en\/wp-json\/wp\/v2\/media\/899"}],"wp:attachment":[{"href":"https:\/\/laspezieriadellaseta.it\/en\/wp-json\/wp\/v2\/media?parent=131"}],"wp:term":[{"taxonomy":"product_brand","embeddable":true,"href":"https:\/\/laspezieriadellaseta.it\/en\/wp-json\/wp\/v2\/product_brand?post=131"},{"taxonomy":"product_cat","embeddable":true,"href":"https:\/\/laspezieriadellaseta.it\/en\/wp-json\/wp\/v2\/product_cat?post=131"},{"taxonomy":"product_tag","embeddable":true,"href":"https:\/\/laspezieriadellaseta.it\/en\/wp-json\/wp\/v2\/product_tag?post=131"},{"taxonomy":"famiglia_olfattiva","embeddable":true,"href":"https:\/\/laspezieriadellaseta.it\/en\/wp-json\/wp\/v2\/famiglia_olfattiva?post=131"},{"taxonomy":"ingrediente","embeddable":true,"href":"https:\/\/laspezieriadellaseta.it\/en\/wp-json\/wp\/v2\/ingrediente?post=131"},{"taxonomy":"profumieri","embeddable":true,"href":"https:\/\/laspezieriadellaseta.it\/en\/wp-json\/wp\/v2\/profumieri?post=131"}],"curies":[{"name":"wp","href":"https:\/\/api.w.org\/{rel}","templated":true}]}}