{"id":300,"date":"2025-02-17T13:58:24","date_gmt":"2025-02-17T12:58:24","guid":{"rendered":"https:\/\/laspezieriadellaseta.it\/?post_type=product&#038;p=300"},"modified":"2026-01-30T10:01:03","modified_gmt":"2026-01-30T09:01:03","slug":"ilios-eau-de-parfum","status":"publish","type":"product","link":"https:\/\/laspezieriadellaseta.it\/en\/product\/ilios-eau-de-parfum\/","title":{"rendered":"\u00cclios \u2013 Eau de Parfum"},"content":{"rendered":"<h2 class=\"wp-block-heading\">\u00cclios: un abbraccio avvolgente che risveglia i sensi, fondendo la dolcezza gourmand con la profondit\u00e0 legnosa<\/h2>\n\n\n\n<p>Ci sono le prime luci del giorno che profilano gli alti portici. I raggi del sole appena sorto penetrano attraverso le aperture, creando fasci di luce dorata che danzano sulle sete esposte. I colori prendono vita: cremisi profondi, azzurri celestiali, verde smeraldo. Il calore del sole sembra fondersi con i tessuti, rilasciando nell&#8217;aria un <strong>profumo dolce e rotondo<\/strong> che stuzzica l\u2019atmosfera e accarezza delicatamente chi ha la fortuna di intercettarlo. La fragranza si apre con un&#8217;esplosione di freschezza agrumata, arricchita dalle <strong>note speziate<\/strong> della <strong>cinnamon <\/strong>e dalla <strong>purezza aromatica della lavanda<\/strong>.<\/p>\n\n\n\n<p>Il cuore della fragranza rivela la sua <strong>anima gourmand<\/strong>: un abbraccio cremoso di <strong>latte e cocco<\/strong> si intreccia con l&#8217;<strong>aroma intenso del caff\u00e8<\/strong> e la soave <strong>dolcezza dei biscotti al burro<\/strong> appena sfornati.<\/p>\n\n\n\n<p>Infine, il fondo si sviluppa in una sinfonia di <strong>legni preziosi<\/strong>. Il <strong>sandalo <\/strong>e il <strong>cedro <\/strong>si fondono armoniosamente con il <strong>muschio<\/strong> sensuale, mentre la <strong>vaniglia <\/strong>e i <strong>balsami <\/strong>avvolgenti donano una morbidezza persistente che seduce i sensi. Ilios \u00e8 un risveglio olfattivo che riscalda l&#8217;anima, proprio come il caldo e vitale abbraccio del sole al mattino.<\/p>\n\n\n<style>.kb-row-layout-id300_7379e9-cc > .kt-row-column-wrap{align-content:start;}:where(.kb-row-layout-id300_7379e9-cc > .kt-row-column-wrap) > .wp-block-kadence-column{justify-content:start;}.kb-row-layout-id300_7379e9-cc > .kt-row-column-wrap{column-gap:var(--global-kb-gap-md, 2rem);row-gap:var(--global-kb-gap-md, 2rem);padding-top:var(--global-kb-spacing-sm, 1.5rem);padding-bottom:var(--global-kb-spacing-sm, 1.5rem);grid-template-columns:minmax(0, 1fr);}.kb-row-layout-id300_7379e9-cc > .kt-row-layout-overlay{opacity:0.30;}@media all and (max-width: 1024px){.kb-row-layout-id300_7379e9-cc > .kt-row-column-wrap{grid-template-columns:minmax(0, 1fr);}}@media all and (max-width: 767px){.kb-row-layout-id300_7379e9-cc > .kt-row-column-wrap{grid-template-columns:minmax(0, 1fr);}}<\/style><div class=\"kb-row-layout-wrap kb-row-layout-id300_7379e9-cc alignnone wp-block-kadence-rowlayout\"><div class=\"kt-row-column-wrap kt-has-1-columns kt-row-layout-equal kt-tab-layout-inherit kt-mobile-layout-row kt-row-valign-top\">\n<style>.kadence-column300_2fff1b-35 > .kt-inside-inner-col{display:flex;}.kadence-column300_2fff1b-35 > .kt-inside-inner-col,.kadence-column300_2fff1b-35 > .kt-inside-inner-col:before{border-top-left-radius:0px;border-top-right-radius:0px;border-bottom-right-radius:0px;border-bottom-left-radius:0px;}.kadence-column300_2fff1b-35 > .kt-inside-inner-col{column-gap:var(--global-kb-gap-sm, 1rem);}.kadence-column300_2fff1b-35 > .kt-inside-inner-col{flex-direction:row;flex-wrap:wrap;align-items:center;justify-content:center;}.kadence-column300_2fff1b-35 > .kt-inside-inner-col > *, .kadence-column300_2fff1b-35 > .kt-inside-inner-col > figure.wp-block-image, .kadence-column300_2fff1b-35 > .kt-inside-inner-col > figure.wp-block-kadence-image{margin-top:0px;margin-bottom:0px;}.kadence-column300_2fff1b-35 > .kt-inside-inner-col > .kb-image-is-ratio-size{flex-grow:1;}.kt-row-column-wrap > .kadence-column300_2fff1b-35{align-self:center;}.kt-inner-column-height-full:not(.kt-has-1-columns) > .wp-block-kadence-column.kadence-column300_2fff1b-35{align-self:auto;}.kt-inner-column-height-full:not(.kt-has-1-columns) > .wp-block-kadence-column.kadence-column300_2fff1b-35 > .kt-inside-inner-col{align-items:center;}.kadence-column300_2fff1b-35 > .kt-inside-inner-col:before{opacity:0.3;}.kadence-column300_2fff1b-35{position:relative;}@media all and (max-width: 1024px){.kt-row-column-wrap > .kadence-column300_2fff1b-35{align-self:center;}}@media all and (max-width: 1024px){.kt-inner-column-height-full:not(.kt-has-1-columns) > .wp-block-kadence-column.kadence-column300_2fff1b-35{align-self:auto;}}@media all and (max-width: 1024px){.kt-inner-column-height-full:not(.kt-has-1-columns) > .wp-block-kadence-column.kadence-column300_2fff1b-35 > .kt-inside-inner-col{align-items:center;}}@media all and (max-width: 1024px){.kadence-column300_2fff1b-35 > .kt-inside-inner-col{flex-direction:row;flex-wrap:wrap;align-items:center;justify-content:center;}}@media all and (min-width: 768px) and (max-width: 1024px){.kadence-column300_2fff1b-35 > .kt-inside-inner-col > *, .kadence-column300_2fff1b-35 > .kt-inside-inner-col > figure.wp-block-image, .kadence-column300_2fff1b-35 > .kt-inside-inner-col > figure.wp-block-kadence-image{margin-top:0px;margin-bottom:0px;}.kadence-column300_2fff1b-35 > .kt-inside-inner-col > .kb-image-is-ratio-size{flex-grow:1;}}@media all and (max-width: 767px){.kt-row-column-wrap > .kadence-column300_2fff1b-35{align-self:center;}.kt-inner-column-height-full:not(.kt-has-1-columns) > .wp-block-kadence-column.kadence-column300_2fff1b-35{align-self:auto;}.kt-inner-column-height-full:not(.kt-has-1-columns) > .wp-block-kadence-column.kadence-column300_2fff1b-35 > .kt-inside-inner-col{flex-direction:column;justify-content:center;}.kadence-column300_2fff1b-35 > .kt-inside-inner-col{flex-direction:column-reverse;justify-content:center;align-items:stretch;flex-wrap:nowrap;}.wp-block-kadence-column.kb-section-dir-horizontal.kadence-column300_2fff1b-35 > .kt-inside-inner-col > .wp-block-kadence-infobox{align-self:unset;}}<\/style>\n<div class=\"wp-block-kadence-column kadence-column300_2fff1b-35 kb-section-dir-horizontal kb-section-sm-dir-vertical-reverse\"><div class=\"kt-inside-inner-col\"><style>.kadence-column300_9190f4-61, .wp-block-kadence-column.kb-section-dir-horizontal > .kt-inside-inner-col > .kadence-column300_9190f4-61{flex-grow:1;}.kadence-column300_9190f4-61 > .kt-inside-inner-col{height:100%;}.kadence-column300_9190f4-61 > .kt-inside-inner-col,.kadence-column300_9190f4-61 > .kt-inside-inner-col:before{border-top-left-radius:0px;border-top-right-radius:0px;border-bottom-right-radius:0px;border-bottom-left-radius:0px;}.kadence-column300_9190f4-61 > .kt-inside-inner-col{column-gap:var(--global-kb-gap-sm, 1rem);}.kadence-column300_9190f4-61 > .kt-inside-inner-col{flex-direction:column;}.kadence-column300_9190f4-61 > .kt-inside-inner-col > .aligncenter{width:100%;}.kadence-column300_9190f4-61 > .kt-inside-inner-col:before{opacity:0.3;}.kadence-column300_9190f4-61{position:relative;}@media all and (max-width: 1024px){.kadence-column300_9190f4-61 > .kt-inside-inner-col{flex-direction:column;justify-content:center;}}@media all and (max-width: 767px){.kadence-column300_9190f4-61 > .kt-inside-inner-col{flex-direction:column;justify-content:center;}}<\/style>\n<div class=\"wp-block-kadence-column kadence-column300_9190f4-61\"><div class=\"kt-inside-inner-col\"><style>.kb-image300_38c534-71 .kb-image-has-overlay:after{opacity:0.3;border-top-left-radius:5px;border-top-right-radius:5px;border-bottom-right-radius:5px;border-bottom-left-radius:5px;}.kb-image300_38c534-71 img.kb-img, .kb-image300_38c534-71 .kb-img img{border-top-left-radius:5px;border-top-right-radius:5px;border-bottom-right-radius:5px;border-bottom-left-radius:5px;}<\/style>\n<figure class=\"wp-block-kadence-image kb-image300_38c534-71 size-large\"><img decoding=\"async\" width=\"1024\" height=\"1024\" src=\"https:\/\/laspezieriadellaseta.it\/wp-content\/uploads\/2025\/02\/La-Spezieria-della-Seta-Profumi-bertrand-douchafour-1024x1024.jpg\" alt=\"Profumeria Artistica La Spezieria della Seta Profumiere Naso Bertrand Duchaufour\" class=\"kb-img wp-image-725\" srcset=\"https:\/\/laspezieriadellaseta.it\/wp-content\/uploads\/2025\/02\/La-Spezieria-della-Seta-Profumi-bertrand-douchafour-1024x1024.jpg 1024w, https:\/\/laspezieriadellaseta.it\/wp-content\/uploads\/2025\/02\/La-Spezieria-della-Seta-Profumi-bertrand-douchafour-300x300.jpg 300w, https:\/\/laspezieriadellaseta.it\/wp-content\/uploads\/2025\/02\/La-Spezieria-della-Seta-Profumi-bertrand-douchafour-150x150.jpg 150w, https:\/\/laspezieriadellaseta.it\/wp-content\/uploads\/2025\/02\/La-Spezieria-della-Seta-Profumi-bertrand-douchafour-768x768.jpg 768w, https:\/\/laspezieriadellaseta.it\/wp-content\/uploads\/2025\/02\/La-Spezieria-della-Seta-Profumi-bertrand-douchafour-12x12.jpg 12w, https:\/\/laspezieriadellaseta.it\/wp-content\/uploads\/2025\/02\/La-Spezieria-della-Seta-Profumi-bertrand-douchafour-600x600.jpg 600w, https:\/\/laspezieriadellaseta.it\/wp-content\/uploads\/2025\/02\/La-Spezieria-della-Seta-Profumi-bertrand-douchafour-900x900.jpg 900w, https:\/\/laspezieriadellaseta.it\/wp-content\/uploads\/2025\/02\/La-Spezieria-della-Seta-Profumi-bertrand-douchafour.jpg 1080w\" sizes=\"(max-width: 1024px) 100vw, 1024px\" \/><\/figure>\n<\/div><\/div>\n\n\n<style>.kadence-column300_ca5185-56 > .kt-inside-inner-col{display:flex;}.kadence-column300_ca5185-56, .wp-block-kadence-column.kb-section-dir-horizontal > .kt-inside-inner-col > .kadence-column300_ca5185-56{flex-grow:2;}.kadence-column300_ca5185-56 > .kt-inside-inner-col{height:100%;}.kadence-column300_ca5185-56 > .kt-inside-inner-col,.kadence-column300_ca5185-56 > .kt-inside-inner-col:before{border-top-left-radius:0px;border-top-right-radius:0px;border-bottom-right-radius:0px;border-bottom-left-radius:0px;}.kadence-column300_ca5185-56 > .kt-inside-inner-col{column-gap:var(--global-kb-gap-sm, 1rem);}.kadence-column300_ca5185-56 > .kt-inside-inner-col{flex-direction:column;justify-content:center;}.kadence-column300_ca5185-56 > .kt-inside-inner-col > .aligncenter{width:100%;}.kt-row-column-wrap > .kadence-column300_ca5185-56{align-self:center;}.kt-inner-column-height-full:not(.kt-has-1-columns) > .wp-block-kadence-column.kadence-column300_ca5185-56{align-self:auto;}.kt-inner-column-height-full:not(.kt-has-1-columns) > .wp-block-kadence-column.kadence-column300_ca5185-56 > .kt-inside-inner-col{flex-direction:column;justify-content:center;}.kadence-column300_ca5185-56 > .kt-inside-inner-col:before{opacity:0.3;}.kadence-column300_ca5185-56{position:relative;}@media all and (max-width: 1024px){.kt-row-column-wrap > .kadence-column300_ca5185-56{align-self:center;}}@media all and (max-width: 1024px){.kt-inner-column-height-full:not(.kt-has-1-columns) > .wp-block-kadence-column.kadence-column300_ca5185-56{align-self:auto;}}@media all and (max-width: 1024px){.kt-inner-column-height-full:not(.kt-has-1-columns) > .wp-block-kadence-column.kadence-column300_ca5185-56 > .kt-inside-inner-col{flex-direction:column;justify-content:center;}}@media all and (max-width: 1024px){.kadence-column300_ca5185-56 > .kt-inside-inner-col{flex-direction:column;justify-content:center;}}@media all and (max-width: 767px){.kt-row-column-wrap > .kadence-column300_ca5185-56{align-self:center;}.kt-inner-column-height-full:not(.kt-has-1-columns) > .wp-block-kadence-column.kadence-column300_ca5185-56{align-self:auto;}.kt-inner-column-height-full:not(.kt-has-1-columns) > .wp-block-kadence-column.kadence-column300_ca5185-56 > .kt-inside-inner-col{flex-direction:column;justify-content:center;}.kadence-column300_ca5185-56 > .kt-inside-inner-col{flex-direction:column;justify-content:center;}}<\/style>\n<div class=\"wp-block-kadence-column kadence-column300_ca5185-56\"><div class=\"kt-inside-inner-col\">\n<h2 class=\"wp-block-heading\" id=\"le-parole-del-profumiere-bertrand-duchaufour\">Le parole del profumiere &#8211; Bertrand Duchaufour<\/h2>\n\n\n\n<p><em>&#8220;Abbandonati a \u00cclios, un accattivante profumo orientale legnoso con note di caff\u00e8, vaniglia, cannella e legno. Questa fragranza evoca l&#8217;energia delle vivaci strade urbane, offrendo un&#8217;esperienza sensoriale unica e confortante.&#8221;<\/em><\/p>\n<\/div><\/div>\n<\/div><\/div>\n\n<\/div><\/div>\n\n\n<h2 class=\"wp-block-heading has-text-align-center\">Note olfattive<\/h2>\n\n\n\n<div style=\"height:30px\" aria-hidden=\"true\" class=\"wp-block-spacer\"><\/div>\n\n\n<style>.wp-block-kadence-column.kb-section-dir-horizontal > .kt-inside-inner-col > .kt-info-box300_e8a3e6-c9 .kt-blocks-info-box-link-wrap{max-width:unset;}.kt-info-box300_e8a3e6-c9 .kt-blocks-info-box-link-wrap{border-top:2px solid #F6F6F6;border-right:2px solid #F6F6F6;border-bottom:2px solid #F6F6F6;border-left:2px solid #F6F6F6;border-top-left-radius:20px;border-top-right-radius:20px;border-bottom-right-radius:20px;border-bottom-left-radius:20px;background:#ffffff;padding-top:var(--global-kb-spacing-sm, 1.5rem);padding-right:var(--global-kb-spacing-sm, 1.5rem);padding-bottom:var(--global-kb-spacing-sm, 1.5rem);padding-left:var(--global-kb-spacing-sm, 1.5rem);margin-top:50px;}.kt-info-box300_e8a3e6-c9 .kt-blocks-info-box-media-align-top .kt-blocks-info-box-media-container{max-width:100%;}.kt-info-box300_e8a3e6-c9.wp-block-kadence-infobox{max-width:100%;}.kt-info-box300_e8a3e6-c9 .kadence-info-box-image-inner-intrisic-container{max-width:100px;}.kt-info-box300_e8a3e6-c9 .kadence-info-box-image-inner-intrisic-container .kadence-info-box-image-intrisic{max-width:100%;}.kt-info-box300_e8a3e6-c9 .kt-blocks-info-box-media .kt-info-box-image{width:100px;height:auto;}.kt-info-box300_e8a3e6-c9 .kadence-info-box-icon-container .kt-info-svg-icon, .kt-info-box300_e8a3e6-c9 .kt-info-svg-icon-flip, .kt-info-box300_e8a3e6-c9 .kt-blocks-info-box-number{font-size:50px;}.kt-info-box300_e8a3e6-c9 .kt-blocks-info-box-media{background:#ffffff;border-color:#F6F6F6;border-top-width:0px;border-right-width:0px;border-bottom-width:0px;border-left-width:0px;padding-top:5px;padding-right:5px;padding-bottom:5px;padding-left:5px;}.kt-info-box300_e8a3e6-c9 .kt-blocks-info-box-media-container{margin-top:-75px;margin-right:0px;margin-bottom:20px;margin-left:0px;}.kt-info-box300_e8a3e6-c9 .kt-infobox-textcontent h3.kt-blocks-info-box-title{padding-top:0px;padding-right:0px;padding-bottom:0px;padding-left:0px;margin-top:5px;margin-right:0px;margin-bottom:10px;margin-left:0px;}.kt-info-box300_e8a3e6-c9 .kt-blocks-info-box-learnmore{background:transparent;border-width:0px 0px 0px 0px;padding-top:4px;padding-right:8px;padding-bottom:4px;padding-left:8px;margin-top:10px;margin-right:0px;margin-bottom:10px;margin-left:0px;}@media all and (max-width: 1024px){.kt-info-box300_e8a3e6-c9 .kt-blocks-info-box-link-wrap{border-top:2px solid #F6F6F6;border-right:2px solid #F6F6F6;border-bottom:2px solid #F6F6F6;border-left:2px solid #F6F6F6;}}@media all and (max-width: 767px){.kt-info-box300_e8a3e6-c9 .kt-blocks-info-box-link-wrap{border-top:2px solid #F6F6F6;border-right:2px solid #F6F6F6;border-bottom:2px solid #F6F6F6;border-left:2px solid #F6F6F6;}}<\/style>\n<div class=\"wp-block-kadence-infobox kt-info-box300_e8a3e6-c9\"><span class=\"kt-blocks-info-box-link-wrap info-box-link kt-blocks-info-box-media-align-top kt-info-halign-center\"><div class=\"kt-blocks-info-box-media-container\"><div class=\"kt-blocks-info-box-media kt-info-media-animate-none\"><div class=\"kadence-info-box-image-inner-intrisic-container\"><div class=\"kadence-info-box-image-intrisic kt-info-animate-none kb-info-box-image-type-svg\"><div class=\"kadence-info-box-image-inner-intrisic\"><img decoding=\"async\" src=\"https:\/\/laspezieriadellaseta.it\/wp-content\/uploads\/2025\/03\/profumi-nicchia-piramide-olfattiva-testa.svg\" alt=\"La Spezieria della Seta Piramide Olfattiva Testa\" width=\"100\" class=\"kt-info-box-image wp-image-713 kt-info-svg-image\"\/><\/div><\/div><\/div><\/div><\/div><div class=\"kt-infobox-textcontent\"><h3 class=\"kt-blocks-info-box-title\">Testa<\/h3><p class=\"kt-blocks-info-box-text\">Le note di testa aprono con una <strong>freschezza aromatica e speziata<\/strong>. Il <strong>bergamotto <\/strong>e il <strong>limone <\/strong>donano un\u2019<strong>esplosione vivace e agrumata <\/strong>che subito cattura l\u2019attenzione, mentre la <strong>lavanda <\/strong>aggiunge un tocco floreale leggermente erbaceo, calmante ma elegante. La <strong>cinnamon<\/strong>, con la sua nota calda e speziata, inizia a introdurre una profondit\u00e0 intrigante, preparando il terreno per una transizione verso note pi\u00f9 calde e gourmand. Questo contrasto crea una partenza frizzante ma gi\u00e0 accogliente, perfetto per chi cerca una fragranza dinamica e non convenzionale.<\/p><\/div><\/span><\/div>\n\n\n<style>.wp-block-kadence-column.kb-section-dir-horizontal > .kt-inside-inner-col > .kt-info-box300_dbdb41-6c .kt-blocks-info-box-link-wrap{max-width:unset;}.kt-info-box300_dbdb41-6c .kt-blocks-info-box-link-wrap{border-top:2px solid #F6F6F6;border-right:2px solid #F6F6F6;border-bottom:2px solid #F6F6F6;border-left:2px solid #F6F6F6;border-top-left-radius:20px;border-top-right-radius:20px;border-bottom-right-radius:20px;border-bottom-left-radius:20px;background:#ffffff;padding-top:var(--global-kb-spacing-sm, 1.5rem);padding-right:var(--global-kb-spacing-sm, 1.5rem);padding-bottom:var(--global-kb-spacing-sm, 1.5rem);padding-left:var(--global-kb-spacing-sm, 1.5rem);margin-top:50px;}.kt-info-box300_dbdb41-6c .kt-blocks-info-box-media-align-top .kt-blocks-info-box-media-container{max-width:100%;}.kt-info-box300_dbdb41-6c.wp-block-kadence-infobox{max-width:100%;}.kt-info-box300_dbdb41-6c .kadence-info-box-image-inner-intrisic-container{max-width:100px;}.kt-info-box300_dbdb41-6c .kadence-info-box-image-inner-intrisic-container .kadence-info-box-image-intrisic{max-width:100%;}.kt-info-box300_dbdb41-6c .kt-blocks-info-box-media .kt-info-box-image{width:100px;height:auto;}.kt-info-box300_dbdb41-6c .kadence-info-box-icon-container .kt-info-svg-icon, .kt-info-box300_dbdb41-6c .kt-info-svg-icon-flip, .kt-info-box300_dbdb41-6c .kt-blocks-info-box-number{font-size:50px;}.kt-info-box300_dbdb41-6c .kt-blocks-info-box-media{background:#ffffff;border-color:#F6F6F6;border-top-width:0px;border-right-width:0px;border-bottom-width:0px;border-left-width:0px;padding-top:5px;padding-right:5px;padding-bottom:5px;padding-left:5px;}.kt-info-box300_dbdb41-6c .kt-blocks-info-box-media-container{margin-top:-75px;margin-right:0px;margin-bottom:20px;margin-left:0px;}.kt-info-box300_dbdb41-6c .kt-infobox-textcontent h3.kt-blocks-info-box-title{padding-top:0px;padding-right:0px;padding-bottom:0px;padding-left:0px;margin-top:5px;margin-right:0px;margin-bottom:10px;margin-left:0px;}.kt-info-box300_dbdb41-6c .kt-blocks-info-box-learnmore{background:transparent;border-width:0px 0px 0px 0px;padding-top:4px;padding-right:8px;padding-bottom:4px;padding-left:8px;margin-top:10px;margin-right:0px;margin-bottom:10px;margin-left:0px;}@media all and (max-width: 1024px){.kt-info-box300_dbdb41-6c .kt-blocks-info-box-link-wrap{border-top:2px solid #F6F6F6;border-right:2px solid #F6F6F6;border-bottom:2px solid #F6F6F6;border-left:2px solid #F6F6F6;}}@media all and (max-width: 767px){.kt-info-box300_dbdb41-6c .kt-blocks-info-box-link-wrap{border-top:2px solid #F6F6F6;border-right:2px solid #F6F6F6;border-bottom:2px solid #F6F6F6;border-left:2px solid #F6F6F6;}}<\/style>\n<div class=\"wp-block-kadence-infobox kt-info-box300_dbdb41-6c\"><span class=\"kt-blocks-info-box-link-wrap info-box-link kt-blocks-info-box-media-align-top kt-info-halign-center\"><div class=\"kt-blocks-info-box-media-container\"><div class=\"kt-blocks-info-box-media kt-info-media-animate-none\"><div class=\"kadence-info-box-image-inner-intrisic-container\"><div class=\"kadence-info-box-image-intrisic kt-info-animate-none kb-info-box-image-type-svg\"><div class=\"kadence-info-box-image-inner-intrisic\"><img decoding=\"async\" src=\"https:\/\/laspezieriadellaseta.it\/wp-content\/uploads\/2025\/03\/profumi-nicchia-piramide-olfattiva-cuore.svg\" alt=\"La Spezieria della Seta Piramide Olfattiva Cuore\" width=\"100\" class=\"kt-info-box-image wp-image-711 kt-info-svg-image\"\/><\/div><\/div><\/div><\/div><\/div><div class=\"kt-infobox-textcontent\"><h3 class=\"kt-blocks-info-box-title\">Cuore<\/h3><p class=\"kt-blocks-info-box-text\">Nel cuore della fragranza troviamo un <strong>connubio gourmand irresistibile<\/strong>. Il <strong>latte e il latte di cocco<\/strong> aggiungono una texture cremosa e avvolgente, trasportando immediatamente verso una dimensione di comfort e calore. La <strong>nota di caff\u00e8<\/strong> conferisce una profondit\u00e0 ricca e tostata, con un carattere quasi legnoso che si amalgama perfettamente al lato gourmand della fragranza. La presenza dei <strong>biscotti al burro<\/strong>, con la loro dolcezza delicata e burrosa, aggiunge un tocco nostalgico e raffinato, richiamando memorie di dolci artigianali.<\/p><\/div><\/span><\/div>\n\n\n<style>.wp-block-kadence-column.kb-section-dir-horizontal > .kt-inside-inner-col > .kt-info-box300_28dd82-57 .kt-blocks-info-box-link-wrap{max-width:unset;}.kt-info-box300_28dd82-57 .kt-blocks-info-box-link-wrap{border-top:2px solid #F6F6F6;border-right:2px solid #F6F6F6;border-bottom:2px solid #F6F6F6;border-left:2px solid #F6F6F6;border-top-left-radius:20px;border-top-right-radius:20px;border-bottom-right-radius:20px;border-bottom-left-radius:20px;background:#ffffff;padding-top:var(--global-kb-spacing-sm, 1.5rem);padding-right:var(--global-kb-spacing-sm, 1.5rem);padding-bottom:var(--global-kb-spacing-sm, 1.5rem);padding-left:var(--global-kb-spacing-sm, 1.5rem);margin-top:50px;margin-bottom:50px;}.kt-info-box300_28dd82-57 .kt-blocks-info-box-media-align-top .kt-blocks-info-box-media-container{max-width:100%;}.kt-info-box300_28dd82-57.wp-block-kadence-infobox{max-width:100%;}.kt-info-box300_28dd82-57 .kadence-info-box-image-inner-intrisic-container{max-width:100px;}.kt-info-box300_28dd82-57 .kadence-info-box-image-inner-intrisic-container .kadence-info-box-image-intrisic{max-width:100%;}.kt-info-box300_28dd82-57 .kt-blocks-info-box-media .kt-info-box-image{width:100px;height:auto;}.kt-info-box300_28dd82-57 .kadence-info-box-icon-container .kt-info-svg-icon, .kt-info-box300_28dd82-57 .kt-info-svg-icon-flip, .kt-info-box300_28dd82-57 .kt-blocks-info-box-number{font-size:50px;}.kt-info-box300_28dd82-57 .kt-blocks-info-box-media{background:#ffffff;border-color:#F6F6F6;border-top-width:0px;border-right-width:0px;border-bottom-width:0px;border-left-width:0px;padding-top:5px;padding-right:5px;padding-bottom:5px;padding-left:5px;}.kt-info-box300_28dd82-57 .kt-blocks-info-box-media-container{margin-top:-75px;margin-right:0px;margin-bottom:20px;margin-left:0px;}.kt-info-box300_28dd82-57 .kt-infobox-textcontent h3.kt-blocks-info-box-title{padding-top:0px;padding-right:0px;padding-bottom:0px;padding-left:0px;margin-top:5px;margin-right:0px;margin-bottom:10px;margin-left:0px;}.kt-info-box300_28dd82-57 .kt-blocks-info-box-learnmore{background:transparent;border-width:0px 0px 0px 0px;padding-top:4px;padding-right:8px;padding-bottom:4px;padding-left:8px;margin-top:10px;margin-right:0px;margin-bottom:10px;margin-left:0px;}@media all and (max-width: 1024px){.kt-info-box300_28dd82-57 .kt-blocks-info-box-link-wrap{border-top:2px solid #F6F6F6;border-right:2px solid #F6F6F6;border-bottom:2px solid #F6F6F6;border-left:2px solid #F6F6F6;}}@media all and (max-width: 767px){.kt-info-box300_28dd82-57 .kt-blocks-info-box-link-wrap{border-top:2px solid #F6F6F6;border-right:2px solid #F6F6F6;border-bottom:2px solid #F6F6F6;border-left:2px solid #F6F6F6;}}<\/style>\n<div class=\"wp-block-kadence-infobox kt-info-box300_28dd82-57\"><span class=\"kt-blocks-info-box-link-wrap info-box-link kt-blocks-info-box-media-align-top kt-info-halign-center\"><div class=\"kt-blocks-info-box-media-container\"><div class=\"kt-blocks-info-box-media kt-info-media-animate-none\"><div class=\"kadence-info-box-image-inner-intrisic-container\"><div class=\"kadence-info-box-image-intrisic kt-info-animate-none kb-info-box-image-type-svg\"><div class=\"kadence-info-box-image-inner-intrisic\"><img decoding=\"async\" src=\"https:\/\/laspezieriadellaseta.it\/wp-content\/uploads\/2025\/03\/profumi-nicchia-piramide-olfattiva-fondo.svg\" alt=\"La Spezieria della Seta Piramide Olfattiva Fondo\" width=\"100\" class=\"kt-info-box-image wp-image-712 kt-info-svg-image\"\/><\/div><\/div><\/div><\/div><\/div><div class=\"kt-infobox-textcontent\"><h3 class=\"kt-blocks-info-box-title\">Fondo<\/h3><p class=\"kt-blocks-info-box-text\">La base della fragranza si fa intensa e sensuale, con il <strong>sandalwood<\/strong> e il <strong>cedro <\/strong>che offrono un fondo legnoso e vellutato, mentre il <strong>musk <\/strong>aggiunge una morbidezza pulita e sensuale che completa l\u2019esperienza olfattiva. La <strong>vaniglia <\/strong>porta una dolcezza calda, che si fonde perfettamente con le note balsamiche, creando una scia dolce ma non stucchevole, anzi, elegante e accattivante.<\/p><\/div><\/span><\/div>\n\n\n\n<details class=\"wp-block-details dett-prod is-layout-flow wp-block-details-is-layout-flow\"><summary>Stile e carattere della fragranza<\/summary>\n<p>Questa <strong>fragranza artistica ha uno stile gourmand<\/strong> <strong>sofisticato<\/strong> e <strong>moderno<\/strong>, arricchito da <strong>tocchi speziati e legnosi<\/strong>. La combinazione di note cremoso-dolci, speziate e legnose d\u00e0 vita a un profumo avvolgente, che veste la pelle con una sensazione di comfort elegante e raffinato, senza per\u00f2 essere pesante o soffocante. Ideale per chi ama fragranze che evocano comfort e sofisticazione, ma con un twist inaspettato grazie alle note di caff\u00e8 e spezie.<\/p>\n<\/details>\n\n\n\n<details class=\"wp-block-details dett-prod is-layout-flow wp-block-details-is-layout-flow\"><summary>Per chi \u00e8 perfetto<\/summary>\n<p>Questo <strong>profumo \u00e8 ideale per chi cerca una fragranza confortevole ma intrigante<\/strong>, che si adatti sia a momenti di intimit\u00e0 che a occasioni formali. \u00c8 perfetto per persone che amano sentirsi coccolate da una fragranza calda e rassicurante, ma che non vogliono rinunciare a un tocco di originalit\u00e0. \u00c8 adatto a entrambi i sessi, con una versatilit\u00e0 che lo rende perfetto sia per chi apprezza i profumi gourmand che per gli amanti delle fragranze legnose.<\/p>\n<\/details>\n\n\n\n<details class=\"wp-block-details dett-prod is-layout-flow wp-block-details-is-layout-flow\"><summary>Punteggio FLORINDEX\u00ae: B<\/summary>\n<p>Questo prodotto contiene una fragranza eco-socio-concepita*:<br>\u2022 Sostenibilit\u00e0 certificata<br>\u2022 Minimo impatto ambientale e un design responsabile.<br>\u2022 Sviluppata rispettando rigorosi criteri di eco-socio-design.<br><em>*Per ulteriori informazioni, visita www.flor-index.fr<\/em><\/p>\n\n\n\n<p><\/p>\n<\/details>\n\n\n\n<details class=\"wp-block-details dett-prod is-layout-flow wp-block-details-is-layout-flow\"><summary>Ingredienti<\/summary>\n<p>Alcohol Denat., Parfum (Fragrance), Aqua (Water), Benzyl Benzoate, Benzyl Cinnamate, Cinnamal, Cinnamyl Alcohol, Citral, Eugenol, Geraniol, Hydroxycitronellal, Isoeugenol, Limonene, Linalool, Beta-caryophyllene, Champor, Carvone, Citrus Aurantium Bergamia Oil, Cinnamomum Zeylanicum Bark Oil, Geranyl Acetate, Juniperus Virginiana Oil, Lavandula Oil\/extract, Linalyl Acetate, Pinene, Terpineol, Terpinolene, Tetramethyl Acetyloctahydronaphthalenes, Trimethylcyclopentenyl Methylisopentenol, Vanillin.<\/p>\n<\/details>","protected":false},"excerpt":{"rendered":"<p>Immergiti nell&#8217;affascinante mondo di \u00cclios, dove le fragranze si intrecciano in un&#8217;esperienza olfattiva unica. Dalla freschezza agrumata alle note gourmand di latte e cocco, fino alla calda sinfonia di legni preziosi, ogni elemento racconta una storia avvolgente.<\/p>","protected":false},"featured_media":906,"comment_status":"open","ping_status":"closed","template":"","meta":[],"product_brand":[25],"product_cat":[15],"product_tag":[],"famiglia_olfattiva":[78,27],"ingrediente":[174,137,222,155,138,176,162,163,145,183,147,169,194],"profumieri":[122],"class_list":{"0":"post-300","1":"product","2":"type-product","3":"status-publish","4":"has-post-thumbnail","6":"product_brand-la-spezieria-della-seta","7":"product_cat-profumi-persona","8":"famiglia_olfattiva-gourmand","9":"famiglia_olfattiva-legnosa","10":"ingrediente-balsami","11":"ingrediente-bergamotto","12":"ingrediente-biscotto-al-burro","13":"ingrediente-caffe","14":"ingrediente-cannella","15":"ingrediente-cedro","16":"ingrediente-latte","17":"ingrediente-latte-di-cocco","18":"ingrediente-lavanda","19":"ingrediente-legno-di-sandalo","20":"ingrediente-limone","21":"ingrediente-musk","22":"ingrediente-vaniglia","23":"profumieri-bertrand-duchaufour","25":"first","26":"instock","27":"taxable","28":"shipping-taxable","29":"purchasable","30":"product-type-simple"},"yoast_head":"<!-- This site is optimized with the Yoast SEO plugin v27.4 - https:\/\/yoast.com\/product\/yoast-seo-wordpress\/ -->\n<title>\u00cclios Eau de Parfum - profumo gourmand e legnoso con caff\u00e8 e vaniglia<\/title>\n<meta name=\"description\" content=\"La Spezieria della Seta \u2013 \u00cclios \u00e8 una fragranza per persona con note gourmand e legnose come cannella, bergamotto, biscotto al burro, vaniglia e legno di sandalo.\" \/>\n<meta name=\"robots\" content=\"index, follow, max-snippet:-1, max-image-preview:large, max-video-preview:-1\" \/>\n<link rel=\"canonical\" href=\"https:\/\/laspezieriadellaseta.it\/en\/product\/ilios-eau-de-parfum\/\" \/>\n<meta property=\"og:locale\" content=\"en_GB\" \/>\n<meta property=\"og:type\" content=\"article\" \/>\n<meta property=\"og:title\" content=\"\u00cclios Eau de Parfum - profumo gourmand e legnoso con caff\u00e8 e vaniglia\" \/>\n<meta property=\"og:description\" content=\"La Spezieria della Seta \u2013 \u00cclios \u00e8 una fragranza per persona con note gourmand e legnose come cannella, bergamotto, biscotto al burro, vaniglia e legno di sandalo.\" \/>\n<meta property=\"og:url\" content=\"https:\/\/laspezieriadellaseta.it\/en\/product\/ilios-eau-de-parfum\/\" \/>\n<meta property=\"og:site_name\" content=\"La Spezieria della Seta\" \/>\n<meta property=\"article:publisher\" content=\"https:\/\/www.facebook.com\/profile.php?id=61573979611482\" \/>\n<meta property=\"article:modified_time\" content=\"2026-01-30T09:01:03+00:00\" \/>\n<meta property=\"og:image\" content=\"https:\/\/laspezieriadellaseta.it\/wp-content\/uploads\/2025\/02\/ilios.png\" \/>\n\t<meta property=\"og:image:width\" content=\"1920\" \/>\n\t<meta property=\"og:image:height\" content=\"1920\" \/>\n\t<meta property=\"og:image:type\" content=\"image\/png\" \/>\n<meta name=\"twitter:card\" content=\"summary_large_image\" \/>\n<meta name=\"twitter:label1\" content=\"Estimated reading time\" \/>\n\t<meta name=\"twitter:data1\" content=\"5 minutes\" \/>\n<script type=\"application\/ld+json\" class=\"yoast-schema-graph\">{\"@context\":\"https:\\\/\\\/schema.org\",\"@graph\":[{\"@type\":\"WebPage\",\"@id\":\"https:\\\/\\\/laspezieriadellaseta.it\\\/prodotto\\\/ilios-eau-de-parfum\\\/\",\"url\":\"https:\\\/\\\/laspezieriadellaseta.it\\\/prodotto\\\/ilios-eau-de-parfum\\\/\",\"name\":\"\u00cclios Eau de Parfum - profumo gourmand e legnoso con caff\u00e8 e vaniglia\",\"isPartOf\":{\"@id\":\"https:\\\/\\\/laspezieriadellaseta.it\\\/#website\"},\"primaryImageOfPage\":{\"@id\":\"https:\\\/\\\/laspezieriadellaseta.it\\\/prodotto\\\/ilios-eau-de-parfum\\\/#primaryimage\"},\"image\":{\"@id\":\"https:\\\/\\\/laspezieriadellaseta.it\\\/prodotto\\\/ilios-eau-de-parfum\\\/#primaryimage\"},\"thumbnailUrl\":\"https:\\\/\\\/laspezieriadellaseta.it\\\/wp-content\\\/uploads\\\/2025\\\/02\\\/ilios.png\",\"datePublished\":\"2025-02-17T12:58:24+00:00\",\"dateModified\":\"2026-01-30T09:01:03+00:00\",\"description\":\"La Spezieria della Seta \u2013 \u00cclios \u00e8 una fragranza per persona con note gourmand e legnose come cannella, bergamotto, biscotto al burro, vaniglia e legno di sandalo.\",\"breadcrumb\":{\"@id\":\"https:\\\/\\\/laspezieriadellaseta.it\\\/prodotto\\\/ilios-eau-de-parfum\\\/#breadcrumb\"},\"inLanguage\":\"en-GB\",\"potentialAction\":[{\"@type\":\"ReadAction\",\"target\":[\"https:\\\/\\\/laspezieriadellaseta.it\\\/prodotto\\\/ilios-eau-de-parfum\\\/\"]}]},{\"@type\":\"ImageObject\",\"inLanguage\":\"en-GB\",\"@id\":\"https:\\\/\\\/laspezieriadellaseta.it\\\/prodotto\\\/ilios-eau-de-parfum\\\/#primaryimage\",\"url\":\"https:\\\/\\\/laspezieriadellaseta.it\\\/wp-content\\\/uploads\\\/2025\\\/02\\\/ilios.png\",\"contentUrl\":\"https:\\\/\\\/laspezieriadellaseta.it\\\/wp-content\\\/uploads\\\/2025\\\/02\\\/ilios.png\",\"width\":1920,\"height\":1920,\"caption\":\"La Spezieria della Seta Profumi di nicchia Bologna \u00cclios Eau de Parfum Bertrand Duchaufour\"},{\"@type\":\"BreadcrumbList\",\"@id\":\"https:\\\/\\\/laspezieriadellaseta.it\\\/prodotto\\\/ilios-eau-de-parfum\\\/#breadcrumb\",\"itemListElement\":[{\"@type\":\"ListItem\",\"position\":1,\"name\":\"Home\",\"item\":\"https:\\\/\\\/laspezieriadellaseta.it\\\/\"},{\"@type\":\"ListItem\",\"position\":2,\"name\":\"Fragranze La Spezieria della Seta\",\"item\":\"https:\\\/\\\/laspezieriadellaseta.it\\\/profumi-di-nicchia\\\/\"},{\"@type\":\"ListItem\",\"position\":3,\"name\":\"\u00cclios \u2013 Eau de Parfum\"}]},{\"@type\":\"WebSite\",\"@id\":\"https:\\\/\\\/laspezieriadellaseta.it\\\/#website\",\"url\":\"https:\\\/\\\/laspezieriadellaseta.it\\\/\",\"name\":\"La Spezieria della Seta - Profumi di nicchia\",\"description\":\"Profumi di nicchia per persona e ambiente\",\"publisher\":{\"@id\":\"https:\\\/\\\/laspezieriadellaseta.it\\\/#organization\"},\"alternateName\":\"La Spezieria della Seta - Profumi di nicchia\",\"potentialAction\":[{\"@type\":\"SearchAction\",\"target\":{\"@type\":\"EntryPoint\",\"urlTemplate\":\"https:\\\/\\\/laspezieriadellaseta.it\\\/?s={search_term_string}\"},\"query-input\":{\"@type\":\"PropertyValueSpecification\",\"valueRequired\":true,\"valueName\":\"search_term_string\"}}],\"inLanguage\":\"en-GB\"},{\"@type\":\"Organization\",\"@id\":\"https:\\\/\\\/laspezieriadellaseta.it\\\/#organization\",\"name\":\"La Spezieria della Seta\",\"url\":\"https:\\\/\\\/laspezieriadellaseta.it\\\/\",\"logo\":{\"@type\":\"ImageObject\",\"inLanguage\":\"en-GB\",\"@id\":\"https:\\\/\\\/laspezieriadellaseta.it\\\/#\\\/schema\\\/logo\\\/image\\\/\",\"url\":\"https:\\\/\\\/laspezieriadellaseta.it\\\/wp-content\\\/uploads\\\/2025\\\/03\\\/logo-la-spezieria-della-seta.png\",\"contentUrl\":\"https:\\\/\\\/laspezieriadellaseta.it\\\/wp-content\\\/uploads\\\/2025\\\/03\\\/logo-la-spezieria-della-seta.png\",\"width\":750,\"height\":750,\"caption\":\"La Spezieria della Seta\"},\"image\":{\"@id\":\"https:\\\/\\\/laspezieriadellaseta.it\\\/#\\\/schema\\\/logo\\\/image\\\/\"},\"sameAs\":[\"https:\\\/\\\/www.facebook.com\\\/profile.php?id=61573979611482\",\"https:\\\/\\\/www.instagram.com\\\/laspezieriadellaseta\",\"https:\\\/\\\/www.tiktok.com\\\/@laspezieriadellaseta\"]}]}<\/script>\n<!-- \/ Yoast SEO plugin. -->","yoast_head_json":{"title":"\u00cclios Eau de Parfum - profumo gourmand e legnoso con caff\u00e8 e vaniglia","description":"La Spezieria della Seta \u2013 \u00cclios \u00e8 una fragranza per persona con note gourmand e legnose come cannella, bergamotto, biscotto al burro, vaniglia e legno di sandalo.","robots":{"index":"index","follow":"follow","max-snippet":"max-snippet:-1","max-image-preview":"max-image-preview:large","max-video-preview":"max-video-preview:-1"},"canonical":"https:\/\/laspezieriadellaseta.it\/en\/product\/ilios-eau-de-parfum\/","og_locale":"en_GB","og_type":"article","og_title":"\u00cclios Eau de Parfum - profumo gourmand e legnoso con caff\u00e8 e vaniglia","og_description":"La Spezieria della Seta \u2013 \u00cclios \u00e8 una fragranza per persona con note gourmand e legnose come cannella, bergamotto, biscotto al burro, vaniglia e legno di sandalo.","og_url":"https:\/\/laspezieriadellaseta.it\/en\/product\/ilios-eau-de-parfum\/","og_site_name":"La Spezieria della Seta","article_publisher":"https:\/\/www.facebook.com\/profile.php?id=61573979611482","article_modified_time":"2026-01-30T09:01:03+00:00","og_image":[{"width":1920,"height":1920,"url":"https:\/\/laspezieriadellaseta.it\/wp-content\/uploads\/2025\/02\/ilios.png","type":"image\/png"}],"twitter_card":"summary_large_image","twitter_misc":{"Estimated reading time":"5 minutes"},"schema":{"@context":"https:\/\/schema.org","@graph":[{"@type":"WebPage","@id":"https:\/\/laspezieriadellaseta.it\/prodotto\/ilios-eau-de-parfum\/","url":"https:\/\/laspezieriadellaseta.it\/prodotto\/ilios-eau-de-parfum\/","name":"\u00cclios Eau de Parfum - profumo gourmand e legnoso con caff\u00e8 e vaniglia","isPartOf":{"@id":"https:\/\/laspezieriadellaseta.it\/#website"},"primaryImageOfPage":{"@id":"https:\/\/laspezieriadellaseta.it\/prodotto\/ilios-eau-de-parfum\/#primaryimage"},"image":{"@id":"https:\/\/laspezieriadellaseta.it\/prodotto\/ilios-eau-de-parfum\/#primaryimage"},"thumbnailUrl":"https:\/\/laspezieriadellaseta.it\/wp-content\/uploads\/2025\/02\/ilios.png","datePublished":"2025-02-17T12:58:24+00:00","dateModified":"2026-01-30T09:01:03+00:00","description":"La Spezieria della Seta \u2013 \u00cclios \u00e8 una fragranza per persona con note gourmand e legnose come cannella, bergamotto, biscotto al burro, vaniglia e legno di sandalo.","breadcrumb":{"@id":"https:\/\/laspezieriadellaseta.it\/prodotto\/ilios-eau-de-parfum\/#breadcrumb"},"inLanguage":"en-GB","potentialAction":[{"@type":"ReadAction","target":["https:\/\/laspezieriadellaseta.it\/prodotto\/ilios-eau-de-parfum\/"]}]},{"@type":"ImageObject","inLanguage":"en-GB","@id":"https:\/\/laspezieriadellaseta.it\/prodotto\/ilios-eau-de-parfum\/#primaryimage","url":"https:\/\/laspezieriadellaseta.it\/wp-content\/uploads\/2025\/02\/ilios.png","contentUrl":"https:\/\/laspezieriadellaseta.it\/wp-content\/uploads\/2025\/02\/ilios.png","width":1920,"height":1920,"caption":"La Spezieria della Seta Profumi di nicchia Bologna \u00cclios Eau de Parfum Bertrand Duchaufour"},{"@type":"BreadcrumbList","@id":"https:\/\/laspezieriadellaseta.it\/prodotto\/ilios-eau-de-parfum\/#breadcrumb","itemListElement":[{"@type":"ListItem","position":1,"name":"Home","item":"https:\/\/laspezieriadellaseta.it\/"},{"@type":"ListItem","position":2,"name":"Fragranze La Spezieria della Seta","item":"https:\/\/laspezieriadellaseta.it\/profumi-di-nicchia\/"},{"@type":"ListItem","position":3,"name":"\u00cclios \u2013 Eau de Parfum"}]},{"@type":"WebSite","@id":"https:\/\/laspezieriadellaseta.it\/#website","url":"https:\/\/laspezieriadellaseta.it\/","name":"La Spezieria della Seta - Profumi di nicchia","description":"Profumi di nicchia per persona e ambiente","publisher":{"@id":"https:\/\/laspezieriadellaseta.it\/#organization"},"alternateName":"La Spezieria della Seta - Profumi di nicchia","potentialAction":[{"@type":"SearchAction","target":{"@type":"EntryPoint","urlTemplate":"https:\/\/laspezieriadellaseta.it\/?s={search_term_string}"},"query-input":{"@type":"PropertyValueSpecification","valueRequired":true,"valueName":"search_term_string"}}],"inLanguage":"en-GB"},{"@type":"Organization","@id":"https:\/\/laspezieriadellaseta.it\/#organization","name":"La Spezieria della Seta","url":"https:\/\/laspezieriadellaseta.it\/","logo":{"@type":"ImageObject","inLanguage":"en-GB","@id":"https:\/\/laspezieriadellaseta.it\/#\/schema\/logo\/image\/","url":"https:\/\/laspezieriadellaseta.it\/wp-content\/uploads\/2025\/03\/logo-la-spezieria-della-seta.png","contentUrl":"https:\/\/laspezieriadellaseta.it\/wp-content\/uploads\/2025\/03\/logo-la-spezieria-della-seta.png","width":750,"height":750,"caption":"La Spezieria della Seta"},"image":{"@id":"https:\/\/laspezieriadellaseta.it\/#\/schema\/logo\/image\/"},"sameAs":["https:\/\/www.facebook.com\/profile.php?id=61573979611482","https:\/\/www.instagram.com\/laspezieriadellaseta","https:\/\/www.tiktok.com\/@laspezieriadellaseta"]}]}},"_links":{"self":[{"href":"https:\/\/laspezieriadellaseta.it\/en\/wp-json\/wp\/v2\/product\/300","targetHints":{"allow":["GET"]}}],"collection":[{"href":"https:\/\/laspezieriadellaseta.it\/en\/wp-json\/wp\/v2\/product"}],"about":[{"href":"https:\/\/laspezieriadellaseta.it\/en\/wp-json\/wp\/v2\/types\/product"}],"replies":[{"embeddable":true,"href":"https:\/\/laspezieriadellaseta.it\/en\/wp-json\/wp\/v2\/comments?post=300"}],"wp:featuredmedia":[{"embeddable":true,"href":"https:\/\/laspezieriadellaseta.it\/en\/wp-json\/wp\/v2\/media\/906"}],"wp:attachment":[{"href":"https:\/\/laspezieriadellaseta.it\/en\/wp-json\/wp\/v2\/media?parent=300"}],"wp:term":[{"taxonomy":"product_brand","embeddable":true,"href":"https:\/\/laspezieriadellaseta.it\/en\/wp-json\/wp\/v2\/product_brand?post=300"},{"taxonomy":"product_cat","embeddable":true,"href":"https:\/\/laspezieriadellaseta.it\/en\/wp-json\/wp\/v2\/product_cat?post=300"},{"taxonomy":"product_tag","embeddable":true,"href":"https:\/\/laspezieriadellaseta.it\/en\/wp-json\/wp\/v2\/product_tag?post=300"},{"taxonomy":"famiglia_olfattiva","embeddable":true,"href":"https:\/\/laspezieriadellaseta.it\/en\/wp-json\/wp\/v2\/famiglia_olfattiva?post=300"},{"taxonomy":"ingrediente","embeddable":true,"href":"https:\/\/laspezieriadellaseta.it\/en\/wp-json\/wp\/v2\/ingrediente?post=300"},{"taxonomy":"profumieri","embeddable":true,"href":"https:\/\/laspezieriadellaseta.it\/en\/wp-json\/wp\/v2\/profumieri?post=300"}],"curies":[{"name":"wp","href":"https:\/\/api.w.org\/{rel}","templated":true}]}}