{"id":472,"date":"2025-03-13T14:33:56","date_gmt":"2025-03-13T13:33:56","guid":{"rendered":"https:\/\/laspezieriadellaseta.it\/?post_type=product&#038;p=472"},"modified":"2026-02-18T09:21:16","modified_gmt":"2026-02-18T08:21:16","slug":"fuo-fragranza-ambiente","status":"publish","type":"product","link":"https:\/\/laspezieriadellaseta.it\/en\/product\/fuo-fragranza-ambiente\/","title":{"rendered":"Fu\u00f2 \u2013 Fragrance environment\u00a0"},"content":{"rendered":"<h2 class=\"wp-block-heading\">Il calore dei focolari nelle dimore dei mercanti di seta.<\/h2>\n\n\n\n<p>Il freddo pungente dell&#8217;inverno bolognese si insinua sotto le volte dei portici. Basta avvicinarsi alle case dei mercanti di seta per sentire l\u2019aria cambiare. Dentro quelle mura, che appartengono a chi ogni giorno plasma il tessuto prezioso, i focolari crepitano intensi per scaldare l\u2019ambiente. Quel tepore non \u00e8 solo fuoco, ma vita e accoglienza. E quando la famiglia si riunisce, le cucine si animano: dolci raffinati prendono forma e paste burrose si dorano nel forno, rilasciando il loro profumo avvolgente. Nell&#8217;atmosfera si mescolano l&#8217;essenza nobile dei tessuti con le fragranze golose che salgono dalle cucine e dai bracieri, avvolgendo l&#8217;olfatto in un abbraccio invisibile fatto di calore e dolcezza.<\/p>\n\n\n\n<p>Fu\u00f2 \u00e8 l\u2019essenza del riparo e un rifugio dei sensi: le note di testa di <strong>mandorla <\/strong>e <strong>cognac <\/strong>si fondono con l\u2019<strong>accordo di bab\u00e0 al rum <\/strong>ed <strong>eliotropio <\/strong>evocando il primo tepore che si sprigiona da un focolare acceso. Le note di fondo di <strong>vaniglia <\/strong>e <strong>latte di caramello<\/strong> lasciano una scia persistente: una carezza che resta nell\u2019aria come una pasta squisita appena sfornata, fissando nell&#8217;ambiente un&#8217;accoglienza che non smette mai di avvolgere.<\/p>\n\n\n\n<p>Fu\u00f2 \u00e8 un profumo che scalda il cuore e l&#8217;anima, un&#8217;ode al calore del focolare. Fu\u00f2 trasforma ogni ambiente in un tripudio di dolcezza.<\/p>\n\n\n<style>.kb-row-layout-id472_16b292-83 > .kt-row-column-wrap{align-content:start;}:where(.kb-row-layout-id472_16b292-83 > .kt-row-column-wrap) > .wp-block-kadence-column{justify-content:start;}.kb-row-layout-id472_16b292-83 > .kt-row-column-wrap{column-gap:var(--global-kb-gap-md, 2rem);row-gap:var(--global-kb-gap-md, 2rem);padding-top:var(--global-kb-spacing-sm, 1.5rem);padding-bottom:var(--global-kb-spacing-sm, 1.5rem);grid-template-columns:minmax(0, 1fr);}.kb-row-layout-id472_16b292-83 > .kt-row-layout-overlay{opacity:0.30;}@media all and (max-width: 1024px){.kb-row-layout-id472_16b292-83 > .kt-row-column-wrap{grid-template-columns:minmax(0, 1fr);}}@media all and (max-width: 767px){.kb-row-layout-id472_16b292-83 > .kt-row-column-wrap{grid-template-columns:minmax(0, 1fr);}}<\/style><div class=\"kb-row-layout-wrap kb-row-layout-id472_16b292-83 alignnone wp-block-kadence-rowlayout\"><div class=\"kt-row-column-wrap kt-has-1-columns kt-row-layout-equal kt-tab-layout-inherit kt-mobile-layout-row kt-row-valign-top\">\n<style>.kadence-column472_ca370b-c5 > .kt-inside-inner-col{display:flex;}.kadence-column472_ca370b-c5 > .kt-inside-inner-col,.kadence-column472_ca370b-c5 > .kt-inside-inner-col:before{border-top-left-radius:0px;border-top-right-radius:0px;border-bottom-right-radius:0px;border-bottom-left-radius:0px;}.kadence-column472_ca370b-c5 > .kt-inside-inner-col{column-gap:var(--global-kb-gap-sm, 1rem);}.kadence-column472_ca370b-c5 > .kt-inside-inner-col{flex-direction:row;flex-wrap:wrap;align-items:center;justify-content:center;}.kadence-column472_ca370b-c5 > .kt-inside-inner-col > *, .kadence-column472_ca370b-c5 > .kt-inside-inner-col > figure.wp-block-image, .kadence-column472_ca370b-c5 > .kt-inside-inner-col > figure.wp-block-kadence-image{margin-top:0px;margin-bottom:0px;}.kadence-column472_ca370b-c5 > .kt-inside-inner-col > .kb-image-is-ratio-size{flex-grow:1;}.kt-row-column-wrap > .kadence-column472_ca370b-c5{align-self:center;}.kt-inner-column-height-full:not(.kt-has-1-columns) > .wp-block-kadence-column.kadence-column472_ca370b-c5{align-self:auto;}.kt-inner-column-height-full:not(.kt-has-1-columns) > .wp-block-kadence-column.kadence-column472_ca370b-c5 > .kt-inside-inner-col{align-items:center;}.kadence-column472_ca370b-c5 > .kt-inside-inner-col:before{opacity:0.3;}.kadence-column472_ca370b-c5{position:relative;}@media all and (max-width: 1024px){.kt-row-column-wrap > .kadence-column472_ca370b-c5{align-self:center;}}@media all and (max-width: 1024px){.kt-inner-column-height-full:not(.kt-has-1-columns) > .wp-block-kadence-column.kadence-column472_ca370b-c5{align-self:auto;}}@media all and (max-width: 1024px){.kt-inner-column-height-full:not(.kt-has-1-columns) > .wp-block-kadence-column.kadence-column472_ca370b-c5 > .kt-inside-inner-col{align-items:center;}}@media all and (max-width: 1024px){.kadence-column472_ca370b-c5 > .kt-inside-inner-col{flex-direction:row;flex-wrap:wrap;align-items:center;justify-content:center;}}@media all and (min-width: 768px) and (max-width: 1024px){.kadence-column472_ca370b-c5 > .kt-inside-inner-col > *, .kadence-column472_ca370b-c5 > .kt-inside-inner-col > figure.wp-block-image, .kadence-column472_ca370b-c5 > .kt-inside-inner-col > figure.wp-block-kadence-image{margin-top:0px;margin-bottom:0px;}.kadence-column472_ca370b-c5 > .kt-inside-inner-col > .kb-image-is-ratio-size{flex-grow:1;}}@media all and (max-width: 767px){.kt-row-column-wrap > .kadence-column472_ca370b-c5{align-self:center;}.kt-inner-column-height-full:not(.kt-has-1-columns) > .wp-block-kadence-column.kadence-column472_ca370b-c5{align-self:auto;}.kt-inner-column-height-full:not(.kt-has-1-columns) > .wp-block-kadence-column.kadence-column472_ca370b-c5 > .kt-inside-inner-col{flex-direction:column;justify-content:center;}.kadence-column472_ca370b-c5 > .kt-inside-inner-col{flex-direction:column-reverse;justify-content:center;align-items:stretch;flex-wrap:nowrap;}.wp-block-kadence-column.kb-section-dir-horizontal.kadence-column472_ca370b-c5 > .kt-inside-inner-col > .wp-block-kadence-infobox{align-self:unset;}}<\/style>\n<div class=\"wp-block-kadence-column kadence-column472_ca370b-c5 kb-section-dir-horizontal kb-section-sm-dir-vertical-reverse\"><div class=\"kt-inside-inner-col\"><style>.kadence-column472_8cda61-5c, .wp-block-kadence-column.kb-section-dir-horizontal > .kt-inside-inner-col > .kadence-column472_8cda61-5c{flex-grow:1;}.kadence-column472_8cda61-5c > .kt-inside-inner-col{height:100%;}.kadence-column472_8cda61-5c > .kt-inside-inner-col,.kadence-column472_8cda61-5c > .kt-inside-inner-col:before{border-top-left-radius:0px;border-top-right-radius:0px;border-bottom-right-radius:0px;border-bottom-left-radius:0px;}.kadence-column472_8cda61-5c > .kt-inside-inner-col{column-gap:var(--global-kb-gap-sm, 1rem);}.kadence-column472_8cda61-5c > .kt-inside-inner-col{flex-direction:column;}.kadence-column472_8cda61-5c > .kt-inside-inner-col > .aligncenter{width:100%;}.kadence-column472_8cda61-5c > .kt-inside-inner-col:before{opacity:0.3;}.kadence-column472_8cda61-5c{position:relative;}@media all and (max-width: 1024px){.kadence-column472_8cda61-5c > .kt-inside-inner-col{flex-direction:column;justify-content:center;}}@media all and (max-width: 767px){.kadence-column472_8cda61-5c > .kt-inside-inner-col{flex-direction:column;justify-content:center;}}<\/style>\n<div class=\"wp-block-kadence-column kadence-column472_8cda61-5c\"><div class=\"kt-inside-inner-col\"><style>.kb-image472_bc717a-a4 .kb-image-has-overlay:after{opacity:0.3;border-top-left-radius:5px;border-top-right-radius:5px;border-bottom-right-radius:5px;border-bottom-left-radius:5px;}.kb-image472_bc717a-a4 img.kb-img, .kb-image472_bc717a-a4 .kb-img img{border-top-left-radius:5px;border-top-right-radius:5px;border-bottom-right-radius:5px;border-bottom-left-radius:5px;}<\/style>\n<figure class=\"wp-block-kadence-image kb-image472_bc717a-a4 size-large\"><img decoding=\"async\" width=\"1024\" height=\"1024\" src=\"https:\/\/laspezieriadellaseta.it\/wp-content\/uploads\/2025\/02\/La-Spezieria-della-Seta-Profumi-bertrand-douchafour-1024x1024.jpg\" alt=\"Profumeria Artistica La Spezieria della Seta Profumiere Naso Bertrand Duchaufour\" class=\"kb-img wp-image-725\" srcset=\"https:\/\/laspezieriadellaseta.it\/wp-content\/uploads\/2025\/02\/La-Spezieria-della-Seta-Profumi-bertrand-douchafour-1024x1024.jpg 1024w, https:\/\/laspezieriadellaseta.it\/wp-content\/uploads\/2025\/02\/La-Spezieria-della-Seta-Profumi-bertrand-douchafour-300x300.jpg 300w, https:\/\/laspezieriadellaseta.it\/wp-content\/uploads\/2025\/02\/La-Spezieria-della-Seta-Profumi-bertrand-douchafour-150x150.jpg 150w, https:\/\/laspezieriadellaseta.it\/wp-content\/uploads\/2025\/02\/La-Spezieria-della-Seta-Profumi-bertrand-douchafour-768x768.jpg 768w, https:\/\/laspezieriadellaseta.it\/wp-content\/uploads\/2025\/02\/La-Spezieria-della-Seta-Profumi-bertrand-douchafour-12x12.jpg 12w, https:\/\/laspezieriadellaseta.it\/wp-content\/uploads\/2025\/02\/La-Spezieria-della-Seta-Profumi-bertrand-douchafour-600x600.jpg 600w, https:\/\/laspezieriadellaseta.it\/wp-content\/uploads\/2025\/02\/La-Spezieria-della-Seta-Profumi-bertrand-douchafour-900x900.jpg 900w, https:\/\/laspezieriadellaseta.it\/wp-content\/uploads\/2025\/02\/La-Spezieria-della-Seta-Profumi-bertrand-douchafour.jpg 1080w\" sizes=\"(max-width: 1024px) 100vw, 1024px\" \/><\/figure>\n<\/div><\/div>\n\n\n<style>.kadence-column472_aa03e7-e0 > .kt-inside-inner-col{display:flex;}.kadence-column472_aa03e7-e0, .wp-block-kadence-column.kb-section-dir-horizontal > .kt-inside-inner-col > .kadence-column472_aa03e7-e0{flex-grow:2;}.kadence-column472_aa03e7-e0 > .kt-inside-inner-col{height:100%;}.kadence-column472_aa03e7-e0 > .kt-inside-inner-col,.kadence-column472_aa03e7-e0 > .kt-inside-inner-col:before{border-top-left-radius:0px;border-top-right-radius:0px;border-bottom-right-radius:0px;border-bottom-left-radius:0px;}.kadence-column472_aa03e7-e0 > .kt-inside-inner-col{column-gap:var(--global-kb-gap-sm, 1rem);}.kadence-column472_aa03e7-e0 > .kt-inside-inner-col{flex-direction:column;justify-content:center;}.kadence-column472_aa03e7-e0 > .kt-inside-inner-col > .aligncenter{width:100%;}.kt-row-column-wrap > .kadence-column472_aa03e7-e0{align-self:center;}.kt-inner-column-height-full:not(.kt-has-1-columns) > .wp-block-kadence-column.kadence-column472_aa03e7-e0{align-self:auto;}.kt-inner-column-height-full:not(.kt-has-1-columns) > .wp-block-kadence-column.kadence-column472_aa03e7-e0 > .kt-inside-inner-col{flex-direction:column;justify-content:center;}.kadence-column472_aa03e7-e0 > .kt-inside-inner-col:before{opacity:0.3;}.kadence-column472_aa03e7-e0{position:relative;}@media all and (max-width: 1024px){.kt-row-column-wrap > .kadence-column472_aa03e7-e0{align-self:center;}}@media all and (max-width: 1024px){.kt-inner-column-height-full:not(.kt-has-1-columns) > .wp-block-kadence-column.kadence-column472_aa03e7-e0{align-self:auto;}}@media all and (max-width: 1024px){.kt-inner-column-height-full:not(.kt-has-1-columns) > .wp-block-kadence-column.kadence-column472_aa03e7-e0 > .kt-inside-inner-col{flex-direction:column;justify-content:center;}}@media all and (max-width: 1024px){.kadence-column472_aa03e7-e0 > .kt-inside-inner-col{flex-direction:column;justify-content:center;}}@media all and (max-width: 767px){.kt-row-column-wrap > .kadence-column472_aa03e7-e0{align-self:center;}.kt-inner-column-height-full:not(.kt-has-1-columns) > .wp-block-kadence-column.kadence-column472_aa03e7-e0{align-self:auto;}.kt-inner-column-height-full:not(.kt-has-1-columns) > .wp-block-kadence-column.kadence-column472_aa03e7-e0 > .kt-inside-inner-col{flex-direction:column;justify-content:center;}.kadence-column472_aa03e7-e0 > .kt-inside-inner-col{flex-direction:column;justify-content:center;}}<\/style>\n<div class=\"wp-block-kadence-column kadence-column472_aa03e7-e0\"><div class=\"kt-inside-inner-col\">\n<h2 class=\"wp-block-heading\" id=\"le-parole-del-profumiere-bertrand-duchaufour\">Le parole del profumiere &#8211; Bertrand Duchaufour<\/h2>\n\n\n\n<p><em>&#8220;Fu\u00f2 cattura l&#8217;<strong>essenza gourmet di un dessert raffinato per una lussuosa esperienza olfattiva<\/strong>. Le note di testa combinano mandorla dolce e cognac, mentre il cuore svela un irresistibile accordo di baba al rhum, eliotropio e brioche al burro. Infine, la vaniglia setosa e il caramello lattiginoso lasciano una scia dolce che evoca la dolcezza confortante di una pasta squisita.&#8221;<\/em><\/p>\n<\/div><\/div>\n<\/div><\/div>\n\n<\/div><\/div>\n\n\n<h2 class=\"wp-block-heading has-text-align-center\">Note olfattive<\/h2>\n\n\n\n<div style=\"height:30px\" aria-hidden=\"true\" class=\"wp-block-spacer\"><\/div>\n\n\n<style>.wp-block-kadence-column.kb-section-dir-horizontal > .kt-inside-inner-col > .kt-info-box472_dd9db8-77 .kt-blocks-info-box-link-wrap{max-width:unset;}.kt-info-box472_dd9db8-77 .kt-blocks-info-box-link-wrap{border-top:2px solid #F6F6F6;border-right:2px solid #F6F6F6;border-bottom:2px solid #F6F6F6;border-left:2px solid #F6F6F6;border-top-left-radius:20px;border-top-right-radius:20px;border-bottom-right-radius:20px;border-bottom-left-radius:20px;background:#ffffff;padding-top:var(--global-kb-spacing-sm, 1.5rem);padding-right:var(--global-kb-spacing-sm, 1.5rem);padding-bottom:var(--global-kb-spacing-sm, 1.5rem);padding-left:var(--global-kb-spacing-sm, 1.5rem);margin-top:50px;}.kt-info-box472_dd9db8-77 .kt-blocks-info-box-media-align-top .kt-blocks-info-box-media-container{max-width:100%;}.kt-info-box472_dd9db8-77.wp-block-kadence-infobox{max-width:100%;}.kt-info-box472_dd9db8-77 .kadence-info-box-image-inner-intrisic-container{max-width:100px;}.kt-info-box472_dd9db8-77 .kadence-info-box-image-inner-intrisic-container .kadence-info-box-image-intrisic{max-width:100%;}.kt-info-box472_dd9db8-77 .kt-blocks-info-box-media .kt-info-box-image{width:100px;height:auto;}.kt-info-box472_dd9db8-77 .kadence-info-box-icon-container .kt-info-svg-icon, .kt-info-box472_dd9db8-77 .kt-info-svg-icon-flip, .kt-info-box472_dd9db8-77 .kt-blocks-info-box-number{font-size:50px;}.kt-info-box472_dd9db8-77 .kt-blocks-info-box-media{background:#ffffff;border-color:#F6F6F6;border-top-width:0px;border-right-width:0px;border-bottom-width:0px;border-left-width:0px;padding-top:5px;padding-right:5px;padding-bottom:5px;padding-left:5px;}.kt-info-box472_dd9db8-77 .kt-blocks-info-box-media-container{margin-top:-75px;margin-right:0px;margin-bottom:20px;margin-left:0px;}.kt-info-box472_dd9db8-77 .kt-infobox-textcontent h3.kt-blocks-info-box-title{padding-top:0px;padding-right:0px;padding-bottom:0px;padding-left:0px;margin-top:5px;margin-right:0px;margin-bottom:10px;margin-left:0px;}.kt-info-box472_dd9db8-77 .kt-blocks-info-box-learnmore{background:transparent;border-width:0px 0px 0px 0px;padding-top:4px;padding-right:8px;padding-bottom:4px;padding-left:8px;margin-top:10px;margin-right:0px;margin-bottom:10px;margin-left:0px;}@media all and (max-width: 1024px){.kt-info-box472_dd9db8-77 .kt-blocks-info-box-link-wrap{border-top:2px solid #F6F6F6;border-right:2px solid #F6F6F6;border-bottom:2px solid #F6F6F6;border-left:2px solid #F6F6F6;}}@media all and (max-width: 767px){.kt-info-box472_dd9db8-77 .kt-blocks-info-box-link-wrap{border-top:2px solid #F6F6F6;border-right:2px solid #F6F6F6;border-bottom:2px solid #F6F6F6;border-left:2px solid #F6F6F6;}}<\/style>\n<div class=\"wp-block-kadence-infobox kt-info-box472_dd9db8-77\"><span class=\"kt-blocks-info-box-link-wrap info-box-link kt-blocks-info-box-media-align-top kt-info-halign-center\"><div class=\"kt-blocks-info-box-media-container\"><div class=\"kt-blocks-info-box-media kt-info-media-animate-none\"><div class=\"kadence-info-box-image-inner-intrisic-container\"><div class=\"kadence-info-box-image-intrisic kt-info-animate-none kb-info-box-image-type-svg\"><div class=\"kadence-info-box-image-inner-intrisic\"><img decoding=\"async\" src=\"https:\/\/laspezieriadellaseta.it\/wp-content\/uploads\/2025\/03\/profumi-nicchia-piramide-olfattiva-testa.svg\" alt=\"La Spezieria della Seta Piramide Olfattiva Testa\" width=\"100\" class=\"kt-info-box-image wp-image-713 kt-info-svg-image\"\/><\/div><\/div><\/div><\/div><\/div><div class=\"kt-infobox-textcontent\"><h3 class=\"kt-blocks-info-box-title\">Testa<\/h3><p class=\"kt-blocks-info-box-text\">Le note di testa di questa fragranza, caratterizzate da <strong>cognac<\/strong>, <strong>mandorla <\/strong>e <strong>myrrh<\/strong>, creano un&#8217;apertura ricca e avvolgente. Il cognac apporta una sensazione di calore e sofisticatezza, evocando atmosfere conviviali. La mandorla, con il suo profumo dolce e leggermente nocciolato, aggiunge un tocco di morbidezza, mentre la mirra, una resina aromatica, conferisce profondit\u00e0 e una nota esotica. <br>Questa combinazione iniziale suggerisce un <strong>profumo artistico<\/strong> che si distingue per il suo carattere intrigante.<\/p><\/div><\/span><\/div>\n\n\n<style>.wp-block-kadence-column.kb-section-dir-horizontal > .kt-inside-inner-col > .kt-info-box472_a65772-31 .kt-blocks-info-box-link-wrap{max-width:unset;}.kt-info-box472_a65772-31 .kt-blocks-info-box-link-wrap{border-top:2px solid #F6F6F6;border-right:2px solid #F6F6F6;border-bottom:2px solid #F6F6F6;border-left:2px solid #F6F6F6;border-top-left-radius:20px;border-top-right-radius:20px;border-bottom-right-radius:20px;border-bottom-left-radius:20px;background:#ffffff;padding-top:var(--global-kb-spacing-sm, 1.5rem);padding-right:var(--global-kb-spacing-sm, 1.5rem);padding-bottom:var(--global-kb-spacing-sm, 1.5rem);padding-left:var(--global-kb-spacing-sm, 1.5rem);margin-top:50px;}.kt-info-box472_a65772-31 .kt-blocks-info-box-media-align-top .kt-blocks-info-box-media-container{max-width:100%;}.kt-info-box472_a65772-31.wp-block-kadence-infobox{max-width:100%;}.kt-info-box472_a65772-31 .kadence-info-box-image-inner-intrisic-container{max-width:100px;}.kt-info-box472_a65772-31 .kadence-info-box-image-inner-intrisic-container .kadence-info-box-image-intrisic{max-width:100%;}.kt-info-box472_a65772-31 .kt-blocks-info-box-media .kt-info-box-image{width:100px;height:auto;}.kt-info-box472_a65772-31 .kadence-info-box-icon-container .kt-info-svg-icon, .kt-info-box472_a65772-31 .kt-info-svg-icon-flip, .kt-info-box472_a65772-31 .kt-blocks-info-box-number{font-size:50px;}.kt-info-box472_a65772-31 .kt-blocks-info-box-media{background:#ffffff;border-color:#F6F6F6;border-top-width:0px;border-right-width:0px;border-bottom-width:0px;border-left-width:0px;padding-top:5px;padding-right:5px;padding-bottom:5px;padding-left:5px;}.kt-info-box472_a65772-31 .kt-blocks-info-box-media-container{margin-top:-75px;margin-right:0px;margin-bottom:20px;margin-left:0px;}.kt-info-box472_a65772-31 .kt-infobox-textcontent h3.kt-blocks-info-box-title{padding-top:0px;padding-right:0px;padding-bottom:0px;padding-left:0px;margin-top:5px;margin-right:0px;margin-bottom:10px;margin-left:0px;}.kt-info-box472_a65772-31 .kt-blocks-info-box-learnmore{background:transparent;border-width:0px 0px 0px 0px;padding-top:4px;padding-right:8px;padding-bottom:4px;padding-left:8px;margin-top:10px;margin-right:0px;margin-bottom:10px;margin-left:0px;}@media all and (max-width: 1024px){.kt-info-box472_a65772-31 .kt-blocks-info-box-link-wrap{border-top:2px solid #F6F6F6;border-right:2px solid #F6F6F6;border-bottom:2px solid #F6F6F6;border-left:2px solid #F6F6F6;}}@media all and (max-width: 767px){.kt-info-box472_a65772-31 .kt-blocks-info-box-link-wrap{border-top:2px solid #F6F6F6;border-right:2px solid #F6F6F6;border-bottom:2px solid #F6F6F6;border-left:2px solid #F6F6F6;}}<\/style>\n<div class=\"wp-block-kadence-infobox kt-info-box472_a65772-31\"><span class=\"kt-blocks-info-box-link-wrap info-box-link kt-blocks-info-box-media-align-top kt-info-halign-center\"><div class=\"kt-blocks-info-box-media-container\"><div class=\"kt-blocks-info-box-media kt-info-media-animate-none\"><div class=\"kadence-info-box-image-inner-intrisic-container\"><div class=\"kadence-info-box-image-intrisic kt-info-animate-none kb-info-box-image-type-svg\"><div class=\"kadence-info-box-image-inner-intrisic\"><img decoding=\"async\" src=\"https:\/\/laspezieriadellaseta.it\/wp-content\/uploads\/2025\/03\/profumi-nicchia-piramide-olfattiva-cuore.svg\" alt=\"La Spezieria della Seta Piramide Olfattiva Cuore\" width=\"100\" class=\"kt-info-box-image wp-image-711 kt-info-svg-image\"\/><\/div><\/div><\/div><\/div><\/div><div class=\"kt-infobox-textcontent\"><h3 class=\"kt-blocks-info-box-title\">Cuore<\/h3><p class=\"kt-blocks-info-box-text\">Nel cuore della fragranza troviamo <strong>prugna<\/strong>, <strong>accordo bab\u00e0 al rum<\/strong>, <strong>eliotropio <\/strong>e <strong>cinnamon<\/strong>. La prugna offre una dolcezza fruttata che si sposa perfettamente con l&#8217;accordo bab\u00e0 al rum, creando un effetto gourmand che ricorda dessert ricchi e confortanti. L&#8217;eliotropio, con le sue note floreali e polverose, aggiunge un elemento di eleganza, mentre la cannella infonde calore e spezia, rendendo il bouquet pi\u00f9 dinamico. <br>Queste note centrali contribuiscono a un&#8217;esperienza olfattiva che \u00e8 sia nostalgica che avvolgente, perfetta per chi cerca un profumo che racconti una storia.<\/p><\/div><\/span><\/div>\n\n\n<style>.wp-block-kadence-column.kb-section-dir-horizontal > .kt-inside-inner-col > .kt-info-box472_fa45f8-62 .kt-blocks-info-box-link-wrap{max-width:unset;}.kt-info-box472_fa45f8-62 .kt-blocks-info-box-link-wrap{border-top:2px solid #F6F6F6;border-right:2px solid #F6F6F6;border-bottom:2px solid #F6F6F6;border-left:2px solid #F6F6F6;border-top-left-radius:20px;border-top-right-radius:20px;border-bottom-right-radius:20px;border-bottom-left-radius:20px;background:#ffffff;padding-top:var(--global-kb-spacing-sm, 1.5rem);padding-right:var(--global-kb-spacing-sm, 1.5rem);padding-bottom:var(--global-kb-spacing-sm, 1.5rem);padding-left:var(--global-kb-spacing-sm, 1.5rem);margin-top:50px;margin-bottom:50px;}.kt-info-box472_fa45f8-62 .kt-blocks-info-box-media-align-top .kt-blocks-info-box-media-container{max-width:100%;}.kt-info-box472_fa45f8-62.wp-block-kadence-infobox{max-width:100%;}.kt-info-box472_fa45f8-62 .kadence-info-box-image-inner-intrisic-container{max-width:100px;}.kt-info-box472_fa45f8-62 .kadence-info-box-image-inner-intrisic-container .kadence-info-box-image-intrisic{max-width:100%;}.kt-info-box472_fa45f8-62 .kt-blocks-info-box-media .kt-info-box-image{width:100px;height:auto;}.kt-info-box472_fa45f8-62 .kadence-info-box-icon-container .kt-info-svg-icon, .kt-info-box472_fa45f8-62 .kt-info-svg-icon-flip, .kt-info-box472_fa45f8-62 .kt-blocks-info-box-number{font-size:50px;}.kt-info-box472_fa45f8-62 .kt-blocks-info-box-media{background:#ffffff;border-color:#F6F6F6;border-top-width:0px;border-right-width:0px;border-bottom-width:0px;border-left-width:0px;padding-top:5px;padding-right:5px;padding-bottom:5px;padding-left:5px;}.kt-info-box472_fa45f8-62 .kt-blocks-info-box-media-container{margin-top:-75px;margin-right:0px;margin-bottom:20px;margin-left:0px;}.kt-info-box472_fa45f8-62 .kt-infobox-textcontent h3.kt-blocks-info-box-title{padding-top:0px;padding-right:0px;padding-bottom:0px;padding-left:0px;margin-top:5px;margin-right:0px;margin-bottom:10px;margin-left:0px;}.kt-info-box472_fa45f8-62 .kt-blocks-info-box-learnmore{background:transparent;border-width:0px 0px 0px 0px;padding-top:4px;padding-right:8px;padding-bottom:4px;padding-left:8px;margin-top:10px;margin-right:0px;margin-bottom:10px;margin-left:0px;}@media all and (max-width: 1024px){.kt-info-box472_fa45f8-62 .kt-blocks-info-box-link-wrap{border-top:2px solid #F6F6F6;border-right:2px solid #F6F6F6;border-bottom:2px solid #F6F6F6;border-left:2px solid #F6F6F6;}}@media all and (max-width: 767px){.kt-info-box472_fa45f8-62 .kt-blocks-info-box-link-wrap{border-top:2px solid #F6F6F6;border-right:2px solid #F6F6F6;border-bottom:2px solid #F6F6F6;border-left:2px solid #F6F6F6;}}<\/style>\n<div class=\"wp-block-kadence-infobox kt-info-box472_fa45f8-62\"><span class=\"kt-blocks-info-box-link-wrap info-box-link kt-blocks-info-box-media-align-top kt-info-halign-center\"><div class=\"kt-blocks-info-box-media-container\"><div class=\"kt-blocks-info-box-media kt-info-media-animate-none\"><div class=\"kadence-info-box-image-inner-intrisic-container\"><div class=\"kadence-info-box-image-intrisic kt-info-animate-none kb-info-box-image-type-svg\"><div class=\"kadence-info-box-image-inner-intrisic\"><img decoding=\"async\" src=\"https:\/\/laspezieriadellaseta.it\/wp-content\/uploads\/2025\/03\/profumi-nicchia-piramide-olfattiva-fondo.svg\" alt=\"La Spezieria della Seta Piramide Olfattiva Fondo\" width=\"100\" class=\"kt-info-box-image wp-image-712 kt-info-svg-image\"\/><\/div><\/div><\/div><\/div><\/div><div class=\"kt-infobox-textcontent\"><h3 class=\"kt-blocks-info-box-title\">Fondo<\/h3><p class=\"kt-blocks-info-box-text\">Le note di fondo, composte da <strong>ambra grigia<\/strong>, <strong>vaniglia <\/strong>e <strong>latte al caramello<\/strong>, offrono un <strong>finale dolce<\/strong>. L&#8217;ambra grigia \u00e8 nota per la sua capacit\u00e0 di conferire una profondit\u00e0 calda e muschiata, mentre la vaniglia aggiunge una dolcezza cremosa . Il latte al caramello completa questa trilogia con un tocco goloso, evocando immagini di comfort e intimit\u00e0. <br>Queste note di fondo non solo stabilizzano la fragranza ma la rendono anche irresistibilmente avvolgente, creando un&#8217;atmosfera accogliente.<\/p><\/div><\/span><\/div>\n\n\n\n<details class=\"wp-block-details dett-prod is-layout-flow wp-block-details-is-layout-flow\"><summary>Punteggio FLORINDEX\u00ae: B<\/summary>\n<p>Questo prodotto contiene una fragranza eco-socio-concepita*:<br>\u2022 Sostenibilit\u00e0 certificata<br>\u2022 Minimo impatto ambientale e un design responsabile.<br>\u2022 Sviluppata rispettando rigorosi criteri di eco-socio-design.<br><em>*Per ulteriori informazioni, visita www.flor-index.fr<\/em><\/p>\n<\/details>\n\n\n\n<details class=\"wp-block-details dett-prod is-layout-flow wp-block-details-is-layout-flow\"><summary>Ingredienti<\/summary>\n<p>Isolongifolanone, Tetramethyl acetyloctahydronaphthalenes, Hexamethylindanopyran, Pentamethylheptenone, Linalyl acetate, Cinnamaldehyde.&nbsp;<\/p>\n<\/details>","protected":false},"excerpt":{"rendered":"<p>Enveloping notes of cognac and almond weave the smoke of myrrh, creating a warm and mysterious. The heart of the fragrance reveals plum, bab\u00e0 al rum and cinnamon, while a fund of ambergris and vanilla closes with sensuality. An invitation to discover the timeless elegance of Fu\u00f2.<\/p>","protected":false},"featured_media":919,"comment_status":"open","ping_status":"closed","template":"","meta":[],"product_brand":[25],"product_cat":[71],"product_tag":[],"famiglia_olfattiva":[57,87,27,32],"ingrediente":[153,172,138,141,158,179,149,150,193,194],"profumieri":[122],"class_list":{"0":"post-472","1":"product","2":"type-product","3":"status-publish","4":"has-post-thumbnail","6":"product_brand-la-spezieria-della-seta","7":"product_cat-fragranze-ambiente","8":"famiglia_olfattiva-ambrata","9":"famiglia_olfattiva-fruttata","10":"famiglia_olfattiva-legnosa","11":"famiglia_olfattiva-orientale","12":"ingrediente-accordo-baba-al-rum","13":"ingrediente-ambra-grigia","14":"ingrediente-cannella","15":"ingrediente-cognac","16":"ingrediente-eliotropio","17":"ingrediente-latte-al-caramello","18":"ingrediente-mandorla","19":"ingrediente-mirra","20":"ingrediente-prugna","21":"ingrediente-vaniglia","22":"profumieri-bertrand-duchaufour","24":"first","25":"instock","26":"taxable","27":"shipping-taxable","28":"purchasable","29":"product-type-simple"},"yoast_head":"<!-- This site is optimized with the Yoast SEO plugin v27.4 - https:\/\/yoast.com\/product\/yoast-seo-wordpress\/ -->\n<title>Fu\u00f2 - Fragranza ambiente ambrata con essenza gourmet<\/title>\n<meta name=\"description\" content=\"La Spezieria della Seta - Fu\u00f2 \u00e8 una profumazione d&#039;ambiente per una lussuosa esperienza olfattiva con note di cognac, mandorla e vaniglia.\" \/>\n<meta name=\"robots\" content=\"index, follow, max-snippet:-1, max-image-preview:large, max-video-preview:-1\" \/>\n<link rel=\"canonical\" href=\"https:\/\/laspezieriadellaseta.it\/en\/product\/fuo-fragranza-ambiente\/\" \/>\n<meta property=\"og:locale\" content=\"en_GB\" \/>\n<meta property=\"og:type\" content=\"article\" \/>\n<meta property=\"og:title\" content=\"Fu\u00f2 - Fragranza ambiente ambrata con essenza gourmet\" \/>\n<meta property=\"og:description\" content=\"La Spezieria della Seta - Fu\u00f2 \u00e8 una profumazione d&#039;ambiente per una lussuosa esperienza olfattiva con note di cognac, mandorla e vaniglia.\" \/>\n<meta property=\"og:url\" content=\"https:\/\/laspezieriadellaseta.it\/en\/product\/fuo-fragranza-ambiente\/\" \/>\n<meta property=\"og:site_name\" content=\"La Spezieria della Seta\" \/>\n<meta property=\"article:publisher\" content=\"https:\/\/www.facebook.com\/profile.php?id=61573979611482\" \/>\n<meta property=\"article:modified_time\" content=\"2026-02-18T08:21:16+00:00\" \/>\n<meta property=\"og:image\" content=\"https:\/\/laspezieriadellaseta.it\/wp-content\/uploads\/2025\/03\/la-spezieria-della-seta-profumeri-ambiente-fuo-duchaufour.png\" \/>\n\t<meta property=\"og:image:width\" content=\"1920\" \/>\n\t<meta property=\"og:image:height\" content=\"1920\" \/>\n\t<meta property=\"og:image:type\" content=\"image\/png\" \/>\n<meta name=\"twitter:card\" content=\"summary_large_image\" \/>\n<meta name=\"twitter:label1\" content=\"Estimated reading time\" \/>\n\t<meta name=\"twitter:data1\" content=\"4 minutes\" \/>\n<script type=\"application\/ld+json\" class=\"yoast-schema-graph\">{\"@context\":\"https:\\\/\\\/schema.org\",\"@graph\":[{\"@type\":\"WebPage\",\"@id\":\"https:\\\/\\\/laspezieriadellaseta.it\\\/prodotto\\\/fuo-fragranza-ambiente\\\/\",\"url\":\"https:\\\/\\\/laspezieriadellaseta.it\\\/prodotto\\\/fuo-fragranza-ambiente\\\/\",\"name\":\"Fu\u00f2 - Fragranza ambiente ambrata con essenza gourmet\",\"isPartOf\":{\"@id\":\"https:\\\/\\\/laspezieriadellaseta.it\\\/#website\"},\"primaryImageOfPage\":{\"@id\":\"https:\\\/\\\/laspezieriadellaseta.it\\\/prodotto\\\/fuo-fragranza-ambiente\\\/#primaryimage\"},\"image\":{\"@id\":\"https:\\\/\\\/laspezieriadellaseta.it\\\/prodotto\\\/fuo-fragranza-ambiente\\\/#primaryimage\"},\"thumbnailUrl\":\"https:\\\/\\\/laspezieriadellaseta.it\\\/wp-content\\\/uploads\\\/2025\\\/03\\\/la-spezieria-della-seta-profumeri-ambiente-fuo-duchaufour.png\",\"datePublished\":\"2025-03-13T13:33:56+00:00\",\"dateModified\":\"2026-02-18T08:21:16+00:00\",\"description\":\"La Spezieria della Seta - Fu\u00f2 \u00e8 una profumazione d'ambiente per una lussuosa esperienza olfattiva con note di cognac, mandorla e vaniglia.\",\"breadcrumb\":{\"@id\":\"https:\\\/\\\/laspezieriadellaseta.it\\\/prodotto\\\/fuo-fragranza-ambiente\\\/#breadcrumb\"},\"inLanguage\":\"en-GB\",\"potentialAction\":[{\"@type\":\"ReadAction\",\"target\":[\"https:\\\/\\\/laspezieriadellaseta.it\\\/prodotto\\\/fuo-fragranza-ambiente\\\/\"]}]},{\"@type\":\"ImageObject\",\"inLanguage\":\"en-GB\",\"@id\":\"https:\\\/\\\/laspezieriadellaseta.it\\\/prodotto\\\/fuo-fragranza-ambiente\\\/#primaryimage\",\"url\":\"https:\\\/\\\/laspezieriadellaseta.it\\\/wp-content\\\/uploads\\\/2025\\\/03\\\/la-spezieria-della-seta-profumeri-ambiente-fuo-duchaufour.png\",\"contentUrl\":\"https:\\\/\\\/laspezieriadellaseta.it\\\/wp-content\\\/uploads\\\/2025\\\/03\\\/la-spezieria-della-seta-profumeri-ambiente-fuo-duchaufour.png\",\"width\":1920,\"height\":1920,\"caption\":\"La Spezieria della Seta Fu\u00f2 Profumo Ambiente Bertrand Duchaufour\"},{\"@type\":\"BreadcrumbList\",\"@id\":\"https:\\\/\\\/laspezieriadellaseta.it\\\/prodotto\\\/fuo-fragranza-ambiente\\\/#breadcrumb\",\"itemListElement\":[{\"@type\":\"ListItem\",\"position\":1,\"name\":\"Home\",\"item\":\"https:\\\/\\\/laspezieriadellaseta.it\\\/\"},{\"@type\":\"ListItem\",\"position\":2,\"name\":\"Fragranze La Spezieria della Seta\",\"item\":\"https:\\\/\\\/laspezieriadellaseta.it\\\/profumi-di-nicchia\\\/\"},{\"@type\":\"ListItem\",\"position\":3,\"name\":\"Fu\u00f2 \u2013 Fragranza ambiente\u00a0\"}]},{\"@type\":\"WebSite\",\"@id\":\"https:\\\/\\\/laspezieriadellaseta.it\\\/#website\",\"url\":\"https:\\\/\\\/laspezieriadellaseta.it\\\/\",\"name\":\"La Spezieria della Seta - Profumi di nicchia\",\"description\":\"Profumi di nicchia per persona e ambiente\",\"publisher\":{\"@id\":\"https:\\\/\\\/laspezieriadellaseta.it\\\/#organization\"},\"alternateName\":\"La Spezieria della Seta - Profumi di nicchia\",\"potentialAction\":[{\"@type\":\"SearchAction\",\"target\":{\"@type\":\"EntryPoint\",\"urlTemplate\":\"https:\\\/\\\/laspezieriadellaseta.it\\\/?s={search_term_string}\"},\"query-input\":{\"@type\":\"PropertyValueSpecification\",\"valueRequired\":true,\"valueName\":\"search_term_string\"}}],\"inLanguage\":\"en-GB\"},{\"@type\":\"Organization\",\"@id\":\"https:\\\/\\\/laspezieriadellaseta.it\\\/#organization\",\"name\":\"La Spezieria della Seta\",\"url\":\"https:\\\/\\\/laspezieriadellaseta.it\\\/\",\"logo\":{\"@type\":\"ImageObject\",\"inLanguage\":\"en-GB\",\"@id\":\"https:\\\/\\\/laspezieriadellaseta.it\\\/#\\\/schema\\\/logo\\\/image\\\/\",\"url\":\"https:\\\/\\\/laspezieriadellaseta.it\\\/wp-content\\\/uploads\\\/2025\\\/03\\\/logo-la-spezieria-della-seta.png\",\"contentUrl\":\"https:\\\/\\\/laspezieriadellaseta.it\\\/wp-content\\\/uploads\\\/2025\\\/03\\\/logo-la-spezieria-della-seta.png\",\"width\":750,\"height\":750,\"caption\":\"La Spezieria della Seta\"},\"image\":{\"@id\":\"https:\\\/\\\/laspezieriadellaseta.it\\\/#\\\/schema\\\/logo\\\/image\\\/\"},\"sameAs\":[\"https:\\\/\\\/www.facebook.com\\\/profile.php?id=61573979611482\",\"https:\\\/\\\/www.instagram.com\\\/laspezieriadellaseta\",\"https:\\\/\\\/www.tiktok.com\\\/@laspezieriadellaseta\"]}]}<\/script>\n<!-- \/ Yoast SEO plugin. -->","yoast_head_json":{"title":"Fu\u00f2 - Fragranza ambiente ambrata con essenza gourmet","description":"La Spezieria della Seta - Fu\u00f2 \u00e8 una profumazione d'ambiente per una lussuosa esperienza olfattiva con note di cognac, mandorla e vaniglia.","robots":{"index":"index","follow":"follow","max-snippet":"max-snippet:-1","max-image-preview":"max-image-preview:large","max-video-preview":"max-video-preview:-1"},"canonical":"https:\/\/laspezieriadellaseta.it\/en\/product\/fuo-fragranza-ambiente\/","og_locale":"en_GB","og_type":"article","og_title":"Fu\u00f2 - Fragranza ambiente ambrata con essenza gourmet","og_description":"La Spezieria della Seta - Fu\u00f2 \u00e8 una profumazione d'ambiente per una lussuosa esperienza olfattiva con note di cognac, mandorla e vaniglia.","og_url":"https:\/\/laspezieriadellaseta.it\/en\/product\/fuo-fragranza-ambiente\/","og_site_name":"La Spezieria della Seta","article_publisher":"https:\/\/www.facebook.com\/profile.php?id=61573979611482","article_modified_time":"2026-02-18T08:21:16+00:00","og_image":[{"width":1920,"height":1920,"url":"https:\/\/laspezieriadellaseta.it\/wp-content\/uploads\/2025\/03\/la-spezieria-della-seta-profumeri-ambiente-fuo-duchaufour.png","type":"image\/png"}],"twitter_card":"summary_large_image","twitter_misc":{"Estimated reading time":"4 minutes"},"schema":{"@context":"https:\/\/schema.org","@graph":[{"@type":"WebPage","@id":"https:\/\/laspezieriadellaseta.it\/prodotto\/fuo-fragranza-ambiente\/","url":"https:\/\/laspezieriadellaseta.it\/prodotto\/fuo-fragranza-ambiente\/","name":"Fu\u00f2 - Fragranza ambiente ambrata con essenza gourmet","isPartOf":{"@id":"https:\/\/laspezieriadellaseta.it\/#website"},"primaryImageOfPage":{"@id":"https:\/\/laspezieriadellaseta.it\/prodotto\/fuo-fragranza-ambiente\/#primaryimage"},"image":{"@id":"https:\/\/laspezieriadellaseta.it\/prodotto\/fuo-fragranza-ambiente\/#primaryimage"},"thumbnailUrl":"https:\/\/laspezieriadellaseta.it\/wp-content\/uploads\/2025\/03\/la-spezieria-della-seta-profumeri-ambiente-fuo-duchaufour.png","datePublished":"2025-03-13T13:33:56+00:00","dateModified":"2026-02-18T08:21:16+00:00","description":"La Spezieria della Seta - Fu\u00f2 \u00e8 una profumazione d'ambiente per una lussuosa esperienza olfattiva con note di cognac, mandorla e vaniglia.","breadcrumb":{"@id":"https:\/\/laspezieriadellaseta.it\/prodotto\/fuo-fragranza-ambiente\/#breadcrumb"},"inLanguage":"en-GB","potentialAction":[{"@type":"ReadAction","target":["https:\/\/laspezieriadellaseta.it\/prodotto\/fuo-fragranza-ambiente\/"]}]},{"@type":"ImageObject","inLanguage":"en-GB","@id":"https:\/\/laspezieriadellaseta.it\/prodotto\/fuo-fragranza-ambiente\/#primaryimage","url":"https:\/\/laspezieriadellaseta.it\/wp-content\/uploads\/2025\/03\/la-spezieria-della-seta-profumeri-ambiente-fuo-duchaufour.png","contentUrl":"https:\/\/laspezieriadellaseta.it\/wp-content\/uploads\/2025\/03\/la-spezieria-della-seta-profumeri-ambiente-fuo-duchaufour.png","width":1920,"height":1920,"caption":"La Spezieria della Seta Fu\u00f2 Profumo Ambiente Bertrand Duchaufour"},{"@type":"BreadcrumbList","@id":"https:\/\/laspezieriadellaseta.it\/prodotto\/fuo-fragranza-ambiente\/#breadcrumb","itemListElement":[{"@type":"ListItem","position":1,"name":"Home","item":"https:\/\/laspezieriadellaseta.it\/"},{"@type":"ListItem","position":2,"name":"Fragranze La Spezieria della Seta","item":"https:\/\/laspezieriadellaseta.it\/profumi-di-nicchia\/"},{"@type":"ListItem","position":3,"name":"Fu\u00f2 \u2013 Fragranza ambiente\u00a0"}]},{"@type":"WebSite","@id":"https:\/\/laspezieriadellaseta.it\/#website","url":"https:\/\/laspezieriadellaseta.it\/","name":"La Spezieria della Seta - Profumi di nicchia","description":"Profumi di nicchia per persona e ambiente","publisher":{"@id":"https:\/\/laspezieriadellaseta.it\/#organization"},"alternateName":"La Spezieria della Seta - Profumi di nicchia","potentialAction":[{"@type":"SearchAction","target":{"@type":"EntryPoint","urlTemplate":"https:\/\/laspezieriadellaseta.it\/?s={search_term_string}"},"query-input":{"@type":"PropertyValueSpecification","valueRequired":true,"valueName":"search_term_string"}}],"inLanguage":"en-GB"},{"@type":"Organization","@id":"https:\/\/laspezieriadellaseta.it\/#organization","name":"La Spezieria della Seta","url":"https:\/\/laspezieriadellaseta.it\/","logo":{"@type":"ImageObject","inLanguage":"en-GB","@id":"https:\/\/laspezieriadellaseta.it\/#\/schema\/logo\/image\/","url":"https:\/\/laspezieriadellaseta.it\/wp-content\/uploads\/2025\/03\/logo-la-spezieria-della-seta.png","contentUrl":"https:\/\/laspezieriadellaseta.it\/wp-content\/uploads\/2025\/03\/logo-la-spezieria-della-seta.png","width":750,"height":750,"caption":"La Spezieria della Seta"},"image":{"@id":"https:\/\/laspezieriadellaseta.it\/#\/schema\/logo\/image\/"},"sameAs":["https:\/\/www.facebook.com\/profile.php?id=61573979611482","https:\/\/www.instagram.com\/laspezieriadellaseta","https:\/\/www.tiktok.com\/@laspezieriadellaseta"]}]}},"_links":{"self":[{"href":"https:\/\/laspezieriadellaseta.it\/en\/wp-json\/wp\/v2\/product\/472","targetHints":{"allow":["GET"]}}],"collection":[{"href":"https:\/\/laspezieriadellaseta.it\/en\/wp-json\/wp\/v2\/product"}],"about":[{"href":"https:\/\/laspezieriadellaseta.it\/en\/wp-json\/wp\/v2\/types\/product"}],"replies":[{"embeddable":true,"href":"https:\/\/laspezieriadellaseta.it\/en\/wp-json\/wp\/v2\/comments?post=472"}],"wp:featuredmedia":[{"embeddable":true,"href":"https:\/\/laspezieriadellaseta.it\/en\/wp-json\/wp\/v2\/media\/919"}],"wp:attachment":[{"href":"https:\/\/laspezieriadellaseta.it\/en\/wp-json\/wp\/v2\/media?parent=472"}],"wp:term":[{"taxonomy":"product_brand","embeddable":true,"href":"https:\/\/laspezieriadellaseta.it\/en\/wp-json\/wp\/v2\/product_brand?post=472"},{"taxonomy":"product_cat","embeddable":true,"href":"https:\/\/laspezieriadellaseta.it\/en\/wp-json\/wp\/v2\/product_cat?post=472"},{"taxonomy":"product_tag","embeddable":true,"href":"https:\/\/laspezieriadellaseta.it\/en\/wp-json\/wp\/v2\/product_tag?post=472"},{"taxonomy":"famiglia_olfattiva","embeddable":true,"href":"https:\/\/laspezieriadellaseta.it\/en\/wp-json\/wp\/v2\/famiglia_olfattiva?post=472"},{"taxonomy":"ingrediente","embeddable":true,"href":"https:\/\/laspezieriadellaseta.it\/en\/wp-json\/wp\/v2\/ingrediente?post=472"},{"taxonomy":"profumieri","embeddable":true,"href":"https:\/\/laspezieriadellaseta.it\/en\/wp-json\/wp\/v2\/profumieri?post=472"}],"curies":[{"name":"wp","href":"https:\/\/api.w.org\/{rel}","templated":true}]}}