{"id":48,"date":"2025-01-28T20:42:30","date_gmt":"2025-01-28T19:42:30","guid":{"rendered":"http:\/\/localhost\/lsds28\/?post_type=product&#038;p=48"},"modified":"2026-01-30T10:01:08","modified_gmt":"2026-01-30T09:01:08","slug":"armonia-eau-de-parfum","status":"publish","type":"product","link":"https:\/\/laspezieriadellaseta.it\/en\/product\/armonia-eau-de-parfum\/","title":{"rendered":"Arm\u00f2nia \u2013 Eau de Parfum"},"content":{"rendered":"<h2 class=\"wp-block-heading\">Arm\u00f2nia: un incontro mistico dove spezie esotiche danzano con la sensualit\u00e0 senza tempo<\/h2>\n\n\n\n<p>Nel cuore pulsante del mercato, mercanti da terre lontane contrattano animatamente. L&#8217;aria \u00e8 densa di profumi contrastanti: spezie piccanti dall&#8217;Oriente si mescolano con la delicatezza delle sete appena srotolate. Un giovane apprendista della spezieria passa, portando un vassoio di erbe e resine. Gli aromi si fondono in una sinfonia olfattiva perfetta. &#8220;<strong>Arm\u00f2nia&#8221; racchiude<\/strong> questo preciso istante, <strong>l&#8217;equilibrio magico tra mondi diversi che si incontrano<\/strong>.<\/p>\n\n\n\n<p>Un&#8217;essenza enigmatica che evoca il fascino dell&#8217;Oriente misterioso e della sensualit\u00e0 senza tempo. Questo profumo audace si apre con un accordo intenso e avvolgente di delicato incenso, zafferano prezioso e anice stellato esotico.<\/p>\n\n\n\n<p>Nel cuore, l&#8217;<strong>eleganza dell&#8217;iris si fonde con la calda sensualit\u00e0 della cannella e il tocco piccante della noce moscata<\/strong>, creando un <strong>bouquet speziato<\/strong> che risveglia i sensi e accende l&#8217;immaginazione.<\/p>\n\n\n\n<p>Il fondo rivela la vera anima di questa fragranza: un <strong>abbraccio ambrato e muschiato che perdura sulla pelle<\/strong>. Il musk voluttuoso si intreccia con la sensualit\u00e0 del legno di sandalo e le note resinose della mirra, lasciando una scia seducente e indimenticabile.<\/p>\n\n\n\n<p>Arm\u00f2nia \u00e8 un inno alla raffinatezza e al mistero, perfetta per chi cerca un&#8217;aura di sofisticata sensualit\u00e0. Un profumo che racconta storie di terre lontane e notti intrise di magia.<\/p>\n\n\n<style>.kb-row-layout-id48_f8fe49-00 > .kt-row-column-wrap{align-content:start;}:where(.kb-row-layout-id48_f8fe49-00 > .kt-row-column-wrap) > .wp-block-kadence-column{justify-content:start;}.kb-row-layout-id48_f8fe49-00 > .kt-row-column-wrap{column-gap:var(--global-kb-gap-md, 2rem);row-gap:var(--global-kb-gap-md, 2rem);padding-top:var(--global-kb-spacing-sm, 1.5rem);padding-bottom:var(--global-kb-spacing-sm, 1.5rem);grid-template-columns:minmax(0, 1fr);}.kb-row-layout-id48_f8fe49-00 > .kt-row-layout-overlay{opacity:0.30;}@media all and (max-width: 1024px){.kb-row-layout-id48_f8fe49-00 > .kt-row-column-wrap{grid-template-columns:minmax(0, 1fr);}}@media all and (max-width: 767px){.kb-row-layout-id48_f8fe49-00 > .kt-row-column-wrap{grid-template-columns:minmax(0, 1fr);}}<\/style><div class=\"kb-row-layout-wrap kb-row-layout-id48_f8fe49-00 alignnone wp-block-kadence-rowlayout\"><div class=\"kt-row-column-wrap kt-has-1-columns kt-row-layout-equal kt-tab-layout-inherit kt-mobile-layout-row kt-row-valign-top\">\n<style>.kadence-column48_487012-0b > .kt-inside-inner-col{display:flex;}.kadence-column48_487012-0b > .kt-inside-inner-col,.kadence-column48_487012-0b > .kt-inside-inner-col:before{border-top-left-radius:0px;border-top-right-radius:0px;border-bottom-right-radius:0px;border-bottom-left-radius:0px;}.kadence-column48_487012-0b > .kt-inside-inner-col{column-gap:var(--global-kb-gap-sm, 1rem);}.kadence-column48_487012-0b > .kt-inside-inner-col{flex-direction:row;flex-wrap:wrap;align-items:center;justify-content:center;}.kadence-column48_487012-0b > .kt-inside-inner-col > *, .kadence-column48_487012-0b > .kt-inside-inner-col > figure.wp-block-image, .kadence-column48_487012-0b > .kt-inside-inner-col > figure.wp-block-kadence-image{margin-top:0px;margin-bottom:0px;}.kadence-column48_487012-0b > .kt-inside-inner-col > .kb-image-is-ratio-size{flex-grow:1;}.kt-row-column-wrap > .kadence-column48_487012-0b{align-self:center;}.kt-inner-column-height-full:not(.kt-has-1-columns) > .wp-block-kadence-column.kadence-column48_487012-0b{align-self:auto;}.kt-inner-column-height-full:not(.kt-has-1-columns) > .wp-block-kadence-column.kadence-column48_487012-0b > .kt-inside-inner-col{align-items:center;}.kadence-column48_487012-0b > .kt-inside-inner-col:before{opacity:0.3;}.kadence-column48_487012-0b{position:relative;}@media all and (max-width: 1024px){.kt-row-column-wrap > .kadence-column48_487012-0b{align-self:center;}}@media all and (max-width: 1024px){.kt-inner-column-height-full:not(.kt-has-1-columns) > .wp-block-kadence-column.kadence-column48_487012-0b{align-self:auto;}}@media all and (max-width: 1024px){.kt-inner-column-height-full:not(.kt-has-1-columns) > .wp-block-kadence-column.kadence-column48_487012-0b > .kt-inside-inner-col{align-items:center;}}@media all and (max-width: 1024px){.kadence-column48_487012-0b > .kt-inside-inner-col{flex-direction:row;flex-wrap:wrap;align-items:center;justify-content:center;}}@media all and (min-width: 768px) and (max-width: 1024px){.kadence-column48_487012-0b > .kt-inside-inner-col > *, .kadence-column48_487012-0b > .kt-inside-inner-col > figure.wp-block-image, .kadence-column48_487012-0b > .kt-inside-inner-col > figure.wp-block-kadence-image{margin-top:0px;margin-bottom:0px;}.kadence-column48_487012-0b > .kt-inside-inner-col > .kb-image-is-ratio-size{flex-grow:1;}}@media all and (max-width: 767px){.kt-row-column-wrap > .kadence-column48_487012-0b{align-self:center;}.kt-inner-column-height-full:not(.kt-has-1-columns) > .wp-block-kadence-column.kadence-column48_487012-0b{align-self:auto;}.kt-inner-column-height-full:not(.kt-has-1-columns) > .wp-block-kadence-column.kadence-column48_487012-0b > .kt-inside-inner-col{flex-direction:column;justify-content:center;}.kadence-column48_487012-0b > .kt-inside-inner-col{flex-direction:column-reverse;justify-content:center;align-items:stretch;flex-wrap:nowrap;}.wp-block-kadence-column.kb-section-dir-horizontal.kadence-column48_487012-0b > .kt-inside-inner-col > .wp-block-kadence-infobox{align-self:unset;}}<\/style>\n<div class=\"wp-block-kadence-column kadence-column48_487012-0b kb-section-dir-horizontal kb-section-sm-dir-vertical-reverse\"><div class=\"kt-inside-inner-col\"><style>.kadence-column48_9c4e28-ef, .wp-block-kadence-column.kb-section-dir-horizontal > .kt-inside-inner-col > .kadence-column48_9c4e28-ef{flex-grow:1;}.kadence-column48_9c4e28-ef > .kt-inside-inner-col{height:100%;}.kadence-column48_9c4e28-ef > .kt-inside-inner-col,.kadence-column48_9c4e28-ef > .kt-inside-inner-col:before{border-top-left-radius:0px;border-top-right-radius:0px;border-bottom-right-radius:0px;border-bottom-left-radius:0px;}.kadence-column48_9c4e28-ef > .kt-inside-inner-col{column-gap:var(--global-kb-gap-sm, 1rem);}.kadence-column48_9c4e28-ef > .kt-inside-inner-col{flex-direction:column;}.kadence-column48_9c4e28-ef > .kt-inside-inner-col > .aligncenter{width:100%;}.kadence-column48_9c4e28-ef > .kt-inside-inner-col:before{opacity:0.3;}.kadence-column48_9c4e28-ef{position:relative;}@media all and (max-width: 1024px){.kadence-column48_9c4e28-ef > .kt-inside-inner-col{flex-direction:column;justify-content:center;}}@media all and (max-width: 767px){.kadence-column48_9c4e28-ef > .kt-inside-inner-col{flex-direction:column;justify-content:center;}}<\/style>\n<div class=\"wp-block-kadence-column kadence-column48_9c4e28-ef\"><div class=\"kt-inside-inner-col\"><style>.kb-image48_2fde4f-74 .kb-image-has-overlay:after{opacity:0.3;border-top-left-radius:5px;border-top-right-radius:5px;border-bottom-right-radius:5px;border-bottom-left-radius:5px;}.kb-image48_2fde4f-74 img.kb-img, .kb-image48_2fde4f-74 .kb-img img{border-top-left-radius:5px;border-top-right-radius:5px;border-bottom-right-radius:5px;border-bottom-left-radius:5px;}<\/style>\n<figure class=\"wp-block-kadence-image kb-image48_2fde4f-74\"><img decoding=\"async\" width=\"1080\" height=\"1080\" src=\"https:\/\/laspezieriadellaseta.it\/wp-content\/uploads\/2025\/02\/La-Spezieria-della-Seta-Profumi-romain-keller.jpg\" alt=\"Profumeria Artistica La Spezieria della Seta Profumiere Naso Romain Keller\" class=\"kb-img wp-image-728\" srcset=\"https:\/\/laspezieriadellaseta.it\/wp-content\/uploads\/2025\/02\/La-Spezieria-della-Seta-Profumi-romain-keller.jpg 1080w, https:\/\/laspezieriadellaseta.it\/wp-content\/uploads\/2025\/02\/La-Spezieria-della-Seta-Profumi-romain-keller-300x300.jpg 300w, https:\/\/laspezieriadellaseta.it\/wp-content\/uploads\/2025\/02\/La-Spezieria-della-Seta-Profumi-romain-keller-1024x1024.jpg 1024w, https:\/\/laspezieriadellaseta.it\/wp-content\/uploads\/2025\/02\/La-Spezieria-della-Seta-Profumi-romain-keller-150x150.jpg 150w, https:\/\/laspezieriadellaseta.it\/wp-content\/uploads\/2025\/02\/La-Spezieria-della-Seta-Profumi-romain-keller-768x768.jpg 768w, https:\/\/laspezieriadellaseta.it\/wp-content\/uploads\/2025\/02\/La-Spezieria-della-Seta-Profumi-romain-keller-12x12.jpg 12w, https:\/\/laspezieriadellaseta.it\/wp-content\/uploads\/2025\/02\/La-Spezieria-della-Seta-Profumi-romain-keller-600x600.jpg 600w, https:\/\/laspezieriadellaseta.it\/wp-content\/uploads\/2025\/02\/La-Spezieria-della-Seta-Profumi-romain-keller-900x900.jpg 900w\" sizes=\"(max-width: 1080px) 100vw, 1080px\" \/><\/figure>\n<\/div><\/div>\n\n\n<style>.kadence-column48_aaadf2-1f > .kt-inside-inner-col{display:flex;}.kadence-column48_aaadf2-1f, .wp-block-kadence-column.kb-section-dir-horizontal > .kt-inside-inner-col > .kadence-column48_aaadf2-1f{flex-grow:2;}.kadence-column48_aaadf2-1f > .kt-inside-inner-col{height:100%;}.kadence-column48_aaadf2-1f > .kt-inside-inner-col,.kadence-column48_aaadf2-1f > .kt-inside-inner-col:before{border-top-left-radius:0px;border-top-right-radius:0px;border-bottom-right-radius:0px;border-bottom-left-radius:0px;}.kadence-column48_aaadf2-1f > .kt-inside-inner-col{column-gap:var(--global-kb-gap-sm, 1rem);}.kadence-column48_aaadf2-1f > .kt-inside-inner-col{flex-direction:column;justify-content:center;}.kadence-column48_aaadf2-1f > .kt-inside-inner-col > .aligncenter{width:100%;}.kt-row-column-wrap > .kadence-column48_aaadf2-1f{align-self:center;}.kt-inner-column-height-full:not(.kt-has-1-columns) > .wp-block-kadence-column.kadence-column48_aaadf2-1f{align-self:auto;}.kt-inner-column-height-full:not(.kt-has-1-columns) > .wp-block-kadence-column.kadence-column48_aaadf2-1f > .kt-inside-inner-col{flex-direction:column;justify-content:center;}.kadence-column48_aaadf2-1f > .kt-inside-inner-col:before{opacity:0.3;}.kadence-column48_aaadf2-1f{position:relative;}@media all and (max-width: 1024px){.kt-row-column-wrap > .kadence-column48_aaadf2-1f{align-self:center;}}@media all and (max-width: 1024px){.kt-inner-column-height-full:not(.kt-has-1-columns) > .wp-block-kadence-column.kadence-column48_aaadf2-1f{align-self:auto;}}@media all and (max-width: 1024px){.kt-inner-column-height-full:not(.kt-has-1-columns) > .wp-block-kadence-column.kadence-column48_aaadf2-1f > .kt-inside-inner-col{flex-direction:column;justify-content:center;}}@media all and (max-width: 1024px){.kadence-column48_aaadf2-1f > .kt-inside-inner-col{flex-direction:column;justify-content:center;}}@media all and (max-width: 767px){.kt-row-column-wrap > .kadence-column48_aaadf2-1f{align-self:center;}.kt-inner-column-height-full:not(.kt-has-1-columns) > .wp-block-kadence-column.kadence-column48_aaadf2-1f{align-self:auto;}.kt-inner-column-height-full:not(.kt-has-1-columns) > .wp-block-kadence-column.kadence-column48_aaadf2-1f > .kt-inside-inner-col{flex-direction:column;justify-content:center;}.kadence-column48_aaadf2-1f > .kt-inside-inner-col{flex-direction:column;justify-content:center;}}<\/style>\n<div class=\"wp-block-kadence-column kadence-column48_aaadf2-1f\"><div class=\"kt-inside-inner-col\">\n<h2 class=\"wp-block-heading\" id=\"le-parole-del-profumiere-bertrand-duchaufour\">Le parole del profumiere &#8211; Romain Keller<\/h2>\n\n\n\n<p><em>&#8220;Altamente coinvolgente, Arm\u00f2nia seduce con le sue note speziate esilaranti e gli accordi avvolgenti di muschio, rivelando una dualit\u00e0 tra potenza e sensibilit\u00e0 quasi tangibile. Questa fragranza evoca un ardore appassionato, capace di accendere i sensi e risvegliare emozioni inaspettate.&#8221;<\/em><\/p>\n<\/div><\/div>\n<\/div><\/div>\n\n<\/div><\/div>\n\n\n<h2 class=\"wp-block-heading has-text-align-center\">Note olfattive<\/h2>\n\n\n\n<div style=\"height:30px\" aria-hidden=\"true\" class=\"wp-block-spacer\"><\/div>\n\n\n<style>.wp-block-kadence-column.kb-section-dir-horizontal > .kt-inside-inner-col > .kt-info-box48_8672eb-eb .kt-blocks-info-box-link-wrap{max-width:unset;}.kt-info-box48_8672eb-eb .kt-blocks-info-box-link-wrap{border-top:2px solid #F6F6F6;border-right:2px solid #F6F6F6;border-bottom:2px solid #F6F6F6;border-left:2px solid #F6F6F6;border-top-left-radius:20px;border-top-right-radius:20px;border-bottom-right-radius:20px;border-bottom-left-radius:20px;background:#ffffff;padding-top:var(--global-kb-spacing-sm, 1.5rem);padding-right:var(--global-kb-spacing-sm, 1.5rem);padding-bottom:var(--global-kb-spacing-sm, 1.5rem);padding-left:var(--global-kb-spacing-sm, 1.5rem);margin-top:50px;}.kt-info-box48_8672eb-eb .kt-blocks-info-box-media-align-top .kt-blocks-info-box-media-container{max-width:100%;}.kt-info-box48_8672eb-eb.wp-block-kadence-infobox{max-width:100%;}.kt-info-box48_8672eb-eb .kadence-info-box-image-inner-intrisic-container{max-width:100px;}.kt-info-box48_8672eb-eb .kadence-info-box-image-inner-intrisic-container .kadence-info-box-image-intrisic{max-width:100%;}.kt-info-box48_8672eb-eb .kt-blocks-info-box-media .kt-info-box-image{width:100px;height:auto;}.kt-info-box48_8672eb-eb .kadence-info-box-icon-container .kt-info-svg-icon, .kt-info-box48_8672eb-eb .kt-info-svg-icon-flip, .kt-info-box48_8672eb-eb .kt-blocks-info-box-number{font-size:50px;}.kt-info-box48_8672eb-eb .kt-blocks-info-box-media{background:#ffffff;border-color:#F6F6F6;border-top-width:0px;border-right-width:0px;border-bottom-width:0px;border-left-width:0px;padding-top:5px;padding-right:5px;padding-bottom:5px;padding-left:5px;}.kt-info-box48_8672eb-eb .kt-blocks-info-box-media-container{margin-top:-75px;margin-right:0px;margin-bottom:20px;margin-left:0px;}.kt-info-box48_8672eb-eb .kt-infobox-textcontent h3.kt-blocks-info-box-title{padding-top:0px;padding-right:0px;padding-bottom:0px;padding-left:0px;margin-top:5px;margin-right:0px;margin-bottom:10px;margin-left:0px;}.kt-info-box48_8672eb-eb .kt-blocks-info-box-learnmore{background:transparent;border-width:0px 0px 0px 0px;padding-top:4px;padding-right:8px;padding-bottom:4px;padding-left:8px;margin-top:10px;margin-right:0px;margin-bottom:10px;margin-left:0px;}@media all and (max-width: 1024px){.kt-info-box48_8672eb-eb .kt-blocks-info-box-link-wrap{border-top:2px solid #F6F6F6;border-right:2px solid #F6F6F6;border-bottom:2px solid #F6F6F6;border-left:2px solid #F6F6F6;}}@media all and (max-width: 767px){.kt-info-box48_8672eb-eb .kt-blocks-info-box-link-wrap{border-top:2px solid #F6F6F6;border-right:2px solid #F6F6F6;border-bottom:2px solid #F6F6F6;border-left:2px solid #F6F6F6;}}<\/style>\n<div class=\"wp-block-kadence-infobox kt-info-box48_8672eb-eb\"><span class=\"kt-blocks-info-box-link-wrap info-box-link kt-blocks-info-box-media-align-top kt-info-halign-center\"><div class=\"kt-blocks-info-box-media-container\"><div class=\"kt-blocks-info-box-media kt-info-media-animate-none\"><div class=\"kadence-info-box-image-inner-intrisic-container\"><div class=\"kadence-info-box-image-intrisic kt-info-animate-none kb-info-box-image-type-svg\"><div class=\"kadence-info-box-image-inner-intrisic\"><img decoding=\"async\" src=\"https:\/\/laspezieriadellaseta.it\/wp-content\/uploads\/2025\/03\/profumi-nicchia-piramide-olfattiva-testa.svg\" alt=\"La Spezieria della Seta Piramide Olfattiva Testa\" width=\"100\" class=\"kt-info-box-image wp-image-713 kt-info-svg-image\"\/><\/div><\/div><\/div><\/div><\/div><div class=\"kt-infobox-textcontent\"><h3 class=\"kt-blocks-info-box-title\">Testa<\/h3><p class=\"kt-blocks-info-box-text\">L&#8217;<strong>apertura del profumo \u00e8 un gioco intrigante tra spezie e gourmand<\/strong>. Il <strong>cardamomo <\/strong>aggiunge una <strong>freschezza speziata e quasi agrumata<\/strong>, contrastata dalla robustezza pungente del <strong>pepe nero<\/strong>. La <strong>cinnamon <\/strong>introduce una <strong>dolcezza calda, avvolgente e leggermente esotica<\/strong>, mentre la <strong>nocciola tostata<\/strong> apporta un <strong>tocco goloso e cremoso<\/strong>, che rende il profumo subito invitante e confortevole. Le note di testa si combinano per creare un&#8217;apertura intrigante e avvolgente, che stimola i sensi e prepara il terreno per lo sviluppo delle note centrali.<\/p><\/div><\/span><\/div>\n\n\n<style>.wp-block-kadence-column.kb-section-dir-horizontal > .kt-inside-inner-col > .kt-info-box48_f460e2-78 .kt-blocks-info-box-link-wrap{max-width:unset;}.kt-info-box48_f460e2-78 .kt-blocks-info-box-link-wrap{border-top:2px solid #F6F6F6;border-right:2px solid #F6F6F6;border-bottom:2px solid #F6F6F6;border-left:2px solid #F6F6F6;border-top-left-radius:20px;border-top-right-radius:20px;border-bottom-right-radius:20px;border-bottom-left-radius:20px;background:#ffffff;padding-top:var(--global-kb-spacing-sm, 1.5rem);padding-right:var(--global-kb-spacing-sm, 1.5rem);padding-bottom:var(--global-kb-spacing-sm, 1.5rem);padding-left:var(--global-kb-spacing-sm, 1.5rem);margin-top:50px;}.kt-info-box48_f460e2-78 .kt-blocks-info-box-media-align-top .kt-blocks-info-box-media-container{max-width:100%;}.kt-info-box48_f460e2-78.wp-block-kadence-infobox{max-width:100%;}.kt-info-box48_f460e2-78 .kadence-info-box-image-inner-intrisic-container{max-width:100px;}.kt-info-box48_f460e2-78 .kadence-info-box-image-inner-intrisic-container .kadence-info-box-image-intrisic{max-width:100%;}.kt-info-box48_f460e2-78 .kt-blocks-info-box-media .kt-info-box-image{width:100px;height:auto;}.kt-info-box48_f460e2-78 .kadence-info-box-icon-container .kt-info-svg-icon, .kt-info-box48_f460e2-78 .kt-info-svg-icon-flip, .kt-info-box48_f460e2-78 .kt-blocks-info-box-number{font-size:50px;}.kt-info-box48_f460e2-78 .kt-blocks-info-box-media{background:#ffffff;border-color:#F6F6F6;border-top-width:0px;border-right-width:0px;border-bottom-width:0px;border-left-width:0px;padding-top:5px;padding-right:5px;padding-bottom:5px;padding-left:5px;}.kt-info-box48_f460e2-78 .kt-blocks-info-box-media-container{margin-top:-75px;margin-right:0px;margin-bottom:20px;margin-left:0px;}.kt-info-box48_f460e2-78 .kt-infobox-textcontent h3.kt-blocks-info-box-title{padding-top:0px;padding-right:0px;padding-bottom:0px;padding-left:0px;margin-top:5px;margin-right:0px;margin-bottom:10px;margin-left:0px;}.kt-info-box48_f460e2-78 .kt-blocks-info-box-learnmore{background:transparent;border-width:0px 0px 0px 0px;padding-top:4px;padding-right:8px;padding-bottom:4px;padding-left:8px;margin-top:10px;margin-right:0px;margin-bottom:10px;margin-left:0px;}@media all and (max-width: 1024px){.kt-info-box48_f460e2-78 .kt-blocks-info-box-link-wrap{border-top:2px solid #F6F6F6;border-right:2px solid #F6F6F6;border-bottom:2px solid #F6F6F6;border-left:2px solid #F6F6F6;}}@media all and (max-width: 767px){.kt-info-box48_f460e2-78 .kt-blocks-info-box-link-wrap{border-top:2px solid #F6F6F6;border-right:2px solid #F6F6F6;border-bottom:2px solid #F6F6F6;border-left:2px solid #F6F6F6;}}<\/style>\n<div class=\"wp-block-kadence-infobox kt-info-box48_f460e2-78\"><span class=\"kt-blocks-info-box-link-wrap info-box-link kt-blocks-info-box-media-align-top kt-info-halign-center\"><div class=\"kt-blocks-info-box-media-container\"><div class=\"kt-blocks-info-box-media kt-info-media-animate-none\"><div class=\"kadence-info-box-image-inner-intrisic-container\"><div class=\"kadence-info-box-image-intrisic kt-info-animate-none kb-info-box-image-type-svg\"><div class=\"kadence-info-box-image-inner-intrisic\"><img decoding=\"async\" src=\"https:\/\/laspezieriadellaseta.it\/wp-content\/uploads\/2025\/03\/profumi-nicchia-piramide-olfattiva-cuore.svg\" alt=\"La Spezieria della Seta Piramide Olfattiva Cuore\" width=\"100\" class=\"kt-info-box-image wp-image-711 kt-info-svg-image\"\/><\/div><\/div><\/div><\/div><\/div><div class=\"kt-infobox-textcontent\"><h3 class=\"kt-blocks-info-box-title\">Cuore<\/h3><p class=\"kt-blocks-info-box-text\">Nel cuore della fragranza, l&#8217;elemento spirituale e mistico prende il sopravvento. L&#8217;<strong>incense<\/strong> conferisce una <strong>sensazione di sacralit\u00e0<\/strong>, evocando atmosfere fumose e meditative. Il <strong>t\u00e8 bianco<\/strong>, fresco e delicato, bilancia l&#8217;intensit\u00e0 dell&#8217;incenso, apportando una leggerezza eterea che rende il cuore del profumo meno opprimente e pi\u00f9 arioso. Il <strong>driftwood <\/strong>(legno portato dal mare) contribuisce con una <strong>freschezza marina, quasi salmastra<\/strong>, aggiungendo una sfumatura naturale e terrosa. Infine, l&#8217;<strong>orchidea apporta un tocco floreale delicato<\/strong>, leggermente dolce e sensuale, che conferisce eleganza e raffinatezza al cuore della fragranza.<\/p><\/div><\/span><\/div>\n\n\n<style>.wp-block-kadence-column.kb-section-dir-horizontal > .kt-inside-inner-col > .kt-info-box48_91816d-6c .kt-blocks-info-box-link-wrap{max-width:unset;}.kt-info-box48_91816d-6c .kt-blocks-info-box-link-wrap{border-top:2px solid #F6F6F6;border-right:2px solid #F6F6F6;border-bottom:2px solid #F6F6F6;border-left:2px solid #F6F6F6;border-top-left-radius:20px;border-top-right-radius:20px;border-bottom-right-radius:20px;border-bottom-left-radius:20px;background:#ffffff;padding-top:var(--global-kb-spacing-sm, 1.5rem);padding-right:var(--global-kb-spacing-sm, 1.5rem);padding-bottom:var(--global-kb-spacing-sm, 1.5rem);padding-left:var(--global-kb-spacing-sm, 1.5rem);margin-top:50px;margin-bottom:50px;}.kt-info-box48_91816d-6c .kt-blocks-info-box-media-align-top .kt-blocks-info-box-media-container{max-width:100%;}.kt-info-box48_91816d-6c.wp-block-kadence-infobox{max-width:100%;}.kt-info-box48_91816d-6c .kadence-info-box-image-inner-intrisic-container{max-width:100px;}.kt-info-box48_91816d-6c .kadence-info-box-image-inner-intrisic-container .kadence-info-box-image-intrisic{max-width:100%;}.kt-info-box48_91816d-6c .kt-blocks-info-box-media .kt-info-box-image{width:100px;height:auto;}.kt-info-box48_91816d-6c .kadence-info-box-icon-container .kt-info-svg-icon, .kt-info-box48_91816d-6c .kt-info-svg-icon-flip, .kt-info-box48_91816d-6c .kt-blocks-info-box-number{font-size:50px;}.kt-info-box48_91816d-6c .kt-blocks-info-box-media{background:#ffffff;border-color:#F6F6F6;border-top-width:0px;border-right-width:0px;border-bottom-width:0px;border-left-width:0px;padding-top:5px;padding-right:5px;padding-bottom:5px;padding-left:5px;}.kt-info-box48_91816d-6c .kt-blocks-info-box-media-container{margin-top:-75px;margin-right:0px;margin-bottom:20px;margin-left:0px;}.kt-info-box48_91816d-6c .kt-infobox-textcontent h3.kt-blocks-info-box-title{padding-top:0px;padding-right:0px;padding-bottom:0px;padding-left:0px;margin-top:5px;margin-right:0px;margin-bottom:10px;margin-left:0px;}.kt-info-box48_91816d-6c .kt-blocks-info-box-learnmore{background:transparent;border-width:0px 0px 0px 0px;padding-top:4px;padding-right:8px;padding-bottom:4px;padding-left:8px;margin-top:10px;margin-right:0px;margin-bottom:10px;margin-left:0px;}@media all and (max-width: 1024px){.kt-info-box48_91816d-6c .kt-blocks-info-box-link-wrap{border-top:2px solid #F6F6F6;border-right:2px solid #F6F6F6;border-bottom:2px solid #F6F6F6;border-left:2px solid #F6F6F6;}}@media all and (max-width: 767px){.kt-info-box48_91816d-6c .kt-blocks-info-box-link-wrap{border-top:2px solid #F6F6F6;border-right:2px solid #F6F6F6;border-bottom:2px solid #F6F6F6;border-left:2px solid #F6F6F6;}}<\/style>\n<div class=\"wp-block-kadence-infobox kt-info-box48_91816d-6c\"><span class=\"kt-blocks-info-box-link-wrap info-box-link kt-blocks-info-box-media-align-top kt-info-halign-center\"><div class=\"kt-blocks-info-box-media-container\"><div class=\"kt-blocks-info-box-media kt-info-media-animate-none\"><div class=\"kadence-info-box-image-inner-intrisic-container\"><div class=\"kadence-info-box-image-intrisic kt-info-animate-none kb-info-box-image-type-svg\"><div class=\"kadence-info-box-image-inner-intrisic\"><img decoding=\"async\" src=\"https:\/\/laspezieriadellaseta.it\/wp-content\/uploads\/2025\/03\/profumi-nicchia-piramide-olfattiva-fondo.svg\" alt=\"La Spezieria della Seta Piramide Olfattiva Fondo\" width=\"100\" class=\"kt-info-box-image wp-image-712 kt-info-svg-image\"\/><\/div><\/div><\/div><\/div><\/div><div class=\"kt-infobox-textcontent\"><h3 class=\"kt-blocks-info-box-title\">Fondo<\/h3><p class=\"kt-blocks-info-box-text\">Le <strong>note di fondo sono ricche e avvolgenti<\/strong>, con il <strong>musk che si presenta con la sua morbidezza naturale<\/strong> simile ad un respiro profondo e rassicurante. Il <strong>sandalwood<\/strong> emerge lentamente fondendosi con la mirra, che conferisce una <strong>nota leggermente ambrata e terrosa<\/strong>, persistente ma delicata. Un tocco di calore che regala una traccia di sacralit\u00e0 e mistero.<\/p><\/div><\/span><\/div>\n\n\n\n<details class=\"wp-block-details dett-prod is-layout-flow wp-block-details-is-layout-flow\"><summary>Stile e carattere della fragranza<\/summary>\n<p>Questa fragranza ha uno <strong>stile sofisticato, complesso e seducente<\/strong>, che si posiziona tra i profumi artistici di nicchia. Si tratta di una <strong>creazione pensata per chi ama profumi intensi, evocativi e intellettuali<\/strong>, che combinano calore speziato e profondit\u00e0 legnosa con tocchi eterei e misteriosi. \u00c8 un profumo che racconta una storia, evolvendosi lentamente sulla pelle e rivelando nuove sfumature a ogni fase.<\/p>\n<\/details>\n\n\n\n<details class=\"wp-block-details dett-prod is-layout-flow wp-block-details-is-layout-flow\"><summary>Per chi \u00e8 perfetto<\/summary>\n<p>Questa fragranza \u00e8 <strong>ideale per chi cerca un profumo che si distingua per complessit\u00e0 e carattere<\/strong>. Perfetto per chi ama fragranze profonde, speziate e legnose, con un cuore mistico e floreale. \u00c8 una scelta eccellente per persone sicure di s\u00e9, con uno spirito introspettivo e artistico, che desiderano un profumo che trasmetta personalit\u00e0, senza essere eccessivamente invasivo.<\/p>\n<\/details>\n\n\n\n<details class=\"wp-block-details dett-prod is-layout-flow wp-block-details-is-layout-flow\"><summary>Punteggio FLORINDEX\u00ae: B<\/summary>\n<p>Questo prodotto contiene una fragranza eco-socio-concepita*:<br>\u2022 Sostenibilit\u00e0 certificata<br>\u2022 Minimo impatto ambientale e un design responsabile.<br>\u2022 Sviluppata rispettando rigorosi criteri di eco-socio-design.<br><em>*Per ulteriori informazioni, visita www.flor-index.fr<\/em><\/p>\n\n\n\n<p><\/p>\n<\/details>\n\n\n\n<details class=\"wp-block-details dett-prod is-layout-flow wp-block-details-is-layout-flow\"><summary>Ingredienti<\/summary>\n<p>Alcohol Denat., Parfum (Fragrance), Aqua (Water), Cinnamal, Eugenol, Isoeugenol, Limonene, Linalool, Anethol, Beta-caryophyllene, Camphor, Hexamethylindanopyran, Pinene, Terpineol, Terpinolene.<\/p>\n\n\n\n<p><\/p>\n<\/details>","protected":false},"excerpt":{"rendered":"<p>Let yourself be enveloped by a fragrance that combines incense, saffron and iris in an enveloping bouquet. This bold fragrance tells stories of refinement and mystery, perfect for those who desire an unforgettable impression.<\/p>","protected":false},"featured_media":891,"comment_status":"open","ping_status":"closed","template":"","meta":[],"product_brand":[25],"product_cat":[15],"product_tag":[],"famiglia_olfattiva":[57,60,35],"ingrediente":[135,138,144,160,183,150,169,152,192],"profumieri":[125],"class_list":{"0":"post-48","1":"product","2":"type-product","3":"status-publish","4":"has-post-thumbnail","6":"product_brand-la-spezieria-della-seta","7":"product_cat-profumi-persona","8":"famiglia_olfattiva-ambrata","9":"famiglia_olfattiva-muschiata","10":"famiglia_olfattiva-speziata","11":"ingrediente-anice-stellato","12":"ingrediente-cannella","13":"ingrediente-incenso","14":"ingrediente-iris","15":"ingrediente-legno-di-sandalo","16":"ingrediente-mirra","17":"ingrediente-musk","18":"ingrediente-noce-moscata","19":"ingrediente-zafferano","20":"profumieri-romain-keller","22":"first","23":"instock","24":"taxable","25":"shipping-taxable","26":"purchasable","27":"product-type-simple"},"yoast_head":"<!-- This site is optimized with the Yoast SEO plugin v27.4 - https:\/\/yoast.com\/product\/yoast-seo-wordpress\/ -->\n<title>Arm\u00f2nia Eau de Parfum - fragranza speziata, ambrata e muschiata<\/title>\n<meta name=\"description\" content=\"Arm\u00f2nia Eau de Parfum \u00e8 una sinfonia di incenso, zafferano e iris che sfuma in un fondo di musk e sandalo. Un profumo di nicchia sofisticato e avvolgente.\" \/>\n<meta name=\"robots\" content=\"index, follow, max-snippet:-1, max-image-preview:large, max-video-preview:-1\" \/>\n<link rel=\"canonical\" href=\"https:\/\/laspezieriadellaseta.it\/en\/product\/armonia-eau-de-parfum\/\" \/>\n<meta property=\"og:locale\" content=\"en_GB\" \/>\n<meta property=\"og:type\" content=\"article\" \/>\n<meta property=\"og:title\" content=\"Arm\u00f2nia Eau de Parfum - fragranza speziata, ambrata e muschiata\" \/>\n<meta property=\"og:description\" content=\"Arm\u00f2nia Eau de Parfum \u00e8 una sinfonia di incenso, zafferano e iris che sfuma in un fondo di musk e sandalo. Un profumo di nicchia sofisticato e avvolgente.\" \/>\n<meta property=\"og:url\" content=\"https:\/\/laspezieriadellaseta.it\/en\/product\/armonia-eau-de-parfum\/\" \/>\n<meta property=\"og:site_name\" content=\"La Spezieria della Seta\" \/>\n<meta property=\"article:publisher\" content=\"https:\/\/www.facebook.com\/profile.php?id=61573979611482\" \/>\n<meta property=\"article:modified_time\" content=\"2026-01-30T09:01:08+00:00\" \/>\n<meta property=\"og:image\" content=\"https:\/\/laspezieriadellaseta.it\/wp-content\/uploads\/2025\/01\/la-spezieria-della-seta-profumeria-artistica-armonia-keller.png\" \/>\n\t<meta property=\"og:image:width\" content=\"1920\" \/>\n\t<meta property=\"og:image:height\" content=\"1920\" \/>\n\t<meta property=\"og:image:type\" content=\"image\/png\" \/>\n<meta name=\"twitter:card\" content=\"summary_large_image\" \/>\n<meta name=\"twitter:label1\" content=\"Estimated reading time\" \/>\n\t<meta name=\"twitter:data1\" content=\"5 minutes\" \/>\n<script type=\"application\/ld+json\" class=\"yoast-schema-graph\">{\"@context\":\"https:\\\/\\\/schema.org\",\"@graph\":[{\"@type\":\"WebPage\",\"@id\":\"https:\\\/\\\/laspezieriadellaseta.it\\\/prodotto\\\/armonia-eau-de-parfum\\\/\",\"url\":\"https:\\\/\\\/laspezieriadellaseta.it\\\/prodotto\\\/armonia-eau-de-parfum\\\/\",\"name\":\"Arm\u00f2nia Eau de Parfum - fragranza speziata, ambrata e muschiata\",\"isPartOf\":{\"@id\":\"https:\\\/\\\/laspezieriadellaseta.it\\\/#website\"},\"primaryImageOfPage\":{\"@id\":\"https:\\\/\\\/laspezieriadellaseta.it\\\/prodotto\\\/armonia-eau-de-parfum\\\/#primaryimage\"},\"image\":{\"@id\":\"https:\\\/\\\/laspezieriadellaseta.it\\\/prodotto\\\/armonia-eau-de-parfum\\\/#primaryimage\"},\"thumbnailUrl\":\"https:\\\/\\\/laspezieriadellaseta.it\\\/wp-content\\\/uploads\\\/2025\\\/01\\\/la-spezieria-della-seta-profumeria-artistica-armonia-keller.png\",\"datePublished\":\"2025-01-28T19:42:30+00:00\",\"dateModified\":\"2026-01-30T09:01:08+00:00\",\"description\":\"Arm\u00f2nia Eau de Parfum \u00e8 una sinfonia di incenso, zafferano e iris che sfuma in un fondo di musk e sandalo. Un profumo di nicchia sofisticato e avvolgente.\",\"breadcrumb\":{\"@id\":\"https:\\\/\\\/laspezieriadellaseta.it\\\/prodotto\\\/armonia-eau-de-parfum\\\/#breadcrumb\"},\"inLanguage\":\"en-GB\",\"potentialAction\":[{\"@type\":\"ReadAction\",\"target\":[\"https:\\\/\\\/laspezieriadellaseta.it\\\/prodotto\\\/armonia-eau-de-parfum\\\/\"]}]},{\"@type\":\"ImageObject\",\"inLanguage\":\"en-GB\",\"@id\":\"https:\\\/\\\/laspezieriadellaseta.it\\\/prodotto\\\/armonia-eau-de-parfum\\\/#primaryimage\",\"url\":\"https:\\\/\\\/laspezieriadellaseta.it\\\/wp-content\\\/uploads\\\/2025\\\/01\\\/la-spezieria-della-seta-profumeria-artistica-armonia-keller.png\",\"contentUrl\":\"https:\\\/\\\/laspezieriadellaseta.it\\\/wp-content\\\/uploads\\\/2025\\\/01\\\/la-spezieria-della-seta-profumeria-artistica-armonia-keller.png\",\"width\":1920,\"height\":1920,\"caption\":\"La Spezieria della Seta Profumi di nicchia Bologna Armonia Eau de Parfum Romain Keller\"},{\"@type\":\"BreadcrumbList\",\"@id\":\"https:\\\/\\\/laspezieriadellaseta.it\\\/prodotto\\\/armonia-eau-de-parfum\\\/#breadcrumb\",\"itemListElement\":[{\"@type\":\"ListItem\",\"position\":1,\"name\":\"Home\",\"item\":\"https:\\\/\\\/laspezieriadellaseta.it\\\/\"},{\"@type\":\"ListItem\",\"position\":2,\"name\":\"Fragranze La Spezieria della Seta\",\"item\":\"https:\\\/\\\/laspezieriadellaseta.it\\\/profumi-di-nicchia\\\/\"},{\"@type\":\"ListItem\",\"position\":3,\"name\":\"Arm\u00f2nia \u2013 Eau de Parfum\"}]},{\"@type\":\"WebSite\",\"@id\":\"https:\\\/\\\/laspezieriadellaseta.it\\\/#website\",\"url\":\"https:\\\/\\\/laspezieriadellaseta.it\\\/\",\"name\":\"La Spezieria della Seta - Profumi di nicchia\",\"description\":\"Profumi di nicchia per persona e ambiente\",\"publisher\":{\"@id\":\"https:\\\/\\\/laspezieriadellaseta.it\\\/#organization\"},\"alternateName\":\"La Spezieria della Seta - Profumi di nicchia\",\"potentialAction\":[{\"@type\":\"SearchAction\",\"target\":{\"@type\":\"EntryPoint\",\"urlTemplate\":\"https:\\\/\\\/laspezieriadellaseta.it\\\/?s={search_term_string}\"},\"query-input\":{\"@type\":\"PropertyValueSpecification\",\"valueRequired\":true,\"valueName\":\"search_term_string\"}}],\"inLanguage\":\"en-GB\"},{\"@type\":\"Organization\",\"@id\":\"https:\\\/\\\/laspezieriadellaseta.it\\\/#organization\",\"name\":\"La Spezieria della Seta\",\"url\":\"https:\\\/\\\/laspezieriadellaseta.it\\\/\",\"logo\":{\"@type\":\"ImageObject\",\"inLanguage\":\"en-GB\",\"@id\":\"https:\\\/\\\/laspezieriadellaseta.it\\\/#\\\/schema\\\/logo\\\/image\\\/\",\"url\":\"https:\\\/\\\/laspezieriadellaseta.it\\\/wp-content\\\/uploads\\\/2025\\\/03\\\/logo-la-spezieria-della-seta.png\",\"contentUrl\":\"https:\\\/\\\/laspezieriadellaseta.it\\\/wp-content\\\/uploads\\\/2025\\\/03\\\/logo-la-spezieria-della-seta.png\",\"width\":750,\"height\":750,\"caption\":\"La Spezieria della Seta\"},\"image\":{\"@id\":\"https:\\\/\\\/laspezieriadellaseta.it\\\/#\\\/schema\\\/logo\\\/image\\\/\"},\"sameAs\":[\"https:\\\/\\\/www.facebook.com\\\/profile.php?id=61573979611482\",\"https:\\\/\\\/www.instagram.com\\\/laspezieriadellaseta\",\"https:\\\/\\\/www.tiktok.com\\\/@laspezieriadellaseta\"]}]}<\/script>\n<!-- \/ Yoast SEO plugin. -->","yoast_head_json":{"title":"Arm\u00f2nia Eau de Parfum - fragranza speziata, ambrata e muschiata","description":"Arm\u00f2nia Eau de Parfum \u00e8 una sinfonia di incenso, zafferano e iris che sfuma in un fondo di musk e sandalo. Un profumo di nicchia sofisticato e avvolgente.","robots":{"index":"index","follow":"follow","max-snippet":"max-snippet:-1","max-image-preview":"max-image-preview:large","max-video-preview":"max-video-preview:-1"},"canonical":"https:\/\/laspezieriadellaseta.it\/en\/product\/armonia-eau-de-parfum\/","og_locale":"en_GB","og_type":"article","og_title":"Arm\u00f2nia Eau de Parfum - fragranza speziata, ambrata e muschiata","og_description":"Arm\u00f2nia Eau de Parfum \u00e8 una sinfonia di incenso, zafferano e iris che sfuma in un fondo di musk e sandalo. Un profumo di nicchia sofisticato e avvolgente.","og_url":"https:\/\/laspezieriadellaseta.it\/en\/product\/armonia-eau-de-parfum\/","og_site_name":"La Spezieria della Seta","article_publisher":"https:\/\/www.facebook.com\/profile.php?id=61573979611482","article_modified_time":"2026-01-30T09:01:08+00:00","og_image":[{"width":1920,"height":1920,"url":"https:\/\/laspezieriadellaseta.it\/wp-content\/uploads\/2025\/01\/la-spezieria-della-seta-profumeria-artistica-armonia-keller.png","type":"image\/png"}],"twitter_card":"summary_large_image","twitter_misc":{"Estimated reading time":"5 minutes"},"schema":{"@context":"https:\/\/schema.org","@graph":[{"@type":"WebPage","@id":"https:\/\/laspezieriadellaseta.it\/prodotto\/armonia-eau-de-parfum\/","url":"https:\/\/laspezieriadellaseta.it\/prodotto\/armonia-eau-de-parfum\/","name":"Arm\u00f2nia Eau de Parfum - fragranza speziata, ambrata e muschiata","isPartOf":{"@id":"https:\/\/laspezieriadellaseta.it\/#website"},"primaryImageOfPage":{"@id":"https:\/\/laspezieriadellaseta.it\/prodotto\/armonia-eau-de-parfum\/#primaryimage"},"image":{"@id":"https:\/\/laspezieriadellaseta.it\/prodotto\/armonia-eau-de-parfum\/#primaryimage"},"thumbnailUrl":"https:\/\/laspezieriadellaseta.it\/wp-content\/uploads\/2025\/01\/la-spezieria-della-seta-profumeria-artistica-armonia-keller.png","datePublished":"2025-01-28T19:42:30+00:00","dateModified":"2026-01-30T09:01:08+00:00","description":"Arm\u00f2nia Eau de Parfum \u00e8 una sinfonia di incenso, zafferano e iris che sfuma in un fondo di musk e sandalo. Un profumo di nicchia sofisticato e avvolgente.","breadcrumb":{"@id":"https:\/\/laspezieriadellaseta.it\/prodotto\/armonia-eau-de-parfum\/#breadcrumb"},"inLanguage":"en-GB","potentialAction":[{"@type":"ReadAction","target":["https:\/\/laspezieriadellaseta.it\/prodotto\/armonia-eau-de-parfum\/"]}]},{"@type":"ImageObject","inLanguage":"en-GB","@id":"https:\/\/laspezieriadellaseta.it\/prodotto\/armonia-eau-de-parfum\/#primaryimage","url":"https:\/\/laspezieriadellaseta.it\/wp-content\/uploads\/2025\/01\/la-spezieria-della-seta-profumeria-artistica-armonia-keller.png","contentUrl":"https:\/\/laspezieriadellaseta.it\/wp-content\/uploads\/2025\/01\/la-spezieria-della-seta-profumeria-artistica-armonia-keller.png","width":1920,"height":1920,"caption":"La Spezieria della Seta Profumi di nicchia Bologna Armonia Eau de Parfum Romain Keller"},{"@type":"BreadcrumbList","@id":"https:\/\/laspezieriadellaseta.it\/prodotto\/armonia-eau-de-parfum\/#breadcrumb","itemListElement":[{"@type":"ListItem","position":1,"name":"Home","item":"https:\/\/laspezieriadellaseta.it\/"},{"@type":"ListItem","position":2,"name":"Fragranze La Spezieria della Seta","item":"https:\/\/laspezieriadellaseta.it\/profumi-di-nicchia\/"},{"@type":"ListItem","position":3,"name":"Arm\u00f2nia \u2013 Eau de Parfum"}]},{"@type":"WebSite","@id":"https:\/\/laspezieriadellaseta.it\/#website","url":"https:\/\/laspezieriadellaseta.it\/","name":"La Spezieria della Seta - Profumi di nicchia","description":"Profumi di nicchia per persona e ambiente","publisher":{"@id":"https:\/\/laspezieriadellaseta.it\/#organization"},"alternateName":"La Spezieria della Seta - Profumi di nicchia","potentialAction":[{"@type":"SearchAction","target":{"@type":"EntryPoint","urlTemplate":"https:\/\/laspezieriadellaseta.it\/?s={search_term_string}"},"query-input":{"@type":"PropertyValueSpecification","valueRequired":true,"valueName":"search_term_string"}}],"inLanguage":"en-GB"},{"@type":"Organization","@id":"https:\/\/laspezieriadellaseta.it\/#organization","name":"La Spezieria della Seta","url":"https:\/\/laspezieriadellaseta.it\/","logo":{"@type":"ImageObject","inLanguage":"en-GB","@id":"https:\/\/laspezieriadellaseta.it\/#\/schema\/logo\/image\/","url":"https:\/\/laspezieriadellaseta.it\/wp-content\/uploads\/2025\/03\/logo-la-spezieria-della-seta.png","contentUrl":"https:\/\/laspezieriadellaseta.it\/wp-content\/uploads\/2025\/03\/logo-la-spezieria-della-seta.png","width":750,"height":750,"caption":"La Spezieria della Seta"},"image":{"@id":"https:\/\/laspezieriadellaseta.it\/#\/schema\/logo\/image\/"},"sameAs":["https:\/\/www.facebook.com\/profile.php?id=61573979611482","https:\/\/www.instagram.com\/laspezieriadellaseta","https:\/\/www.tiktok.com\/@laspezieriadellaseta"]}]}},"_links":{"self":[{"href":"https:\/\/laspezieriadellaseta.it\/en\/wp-json\/wp\/v2\/product\/48","targetHints":{"allow":["GET"]}}],"collection":[{"href":"https:\/\/laspezieriadellaseta.it\/en\/wp-json\/wp\/v2\/product"}],"about":[{"href":"https:\/\/laspezieriadellaseta.it\/en\/wp-json\/wp\/v2\/types\/product"}],"replies":[{"embeddable":true,"href":"https:\/\/laspezieriadellaseta.it\/en\/wp-json\/wp\/v2\/comments?post=48"}],"wp:featuredmedia":[{"embeddable":true,"href":"https:\/\/laspezieriadellaseta.it\/en\/wp-json\/wp\/v2\/media\/891"}],"wp:attachment":[{"href":"https:\/\/laspezieriadellaseta.it\/en\/wp-json\/wp\/v2\/media?parent=48"}],"wp:term":[{"taxonomy":"product_brand","embeddable":true,"href":"https:\/\/laspezieriadellaseta.it\/en\/wp-json\/wp\/v2\/product_brand?post=48"},{"taxonomy":"product_cat","embeddable":true,"href":"https:\/\/laspezieriadellaseta.it\/en\/wp-json\/wp\/v2\/product_cat?post=48"},{"taxonomy":"product_tag","embeddable":true,"href":"https:\/\/laspezieriadellaseta.it\/en\/wp-json\/wp\/v2\/product_tag?post=48"},{"taxonomy":"famiglia_olfattiva","embeddable":true,"href":"https:\/\/laspezieriadellaseta.it\/en\/wp-json\/wp\/v2\/famiglia_olfattiva?post=48"},{"taxonomy":"ingrediente","embeddable":true,"href":"https:\/\/laspezieriadellaseta.it\/en\/wp-json\/wp\/v2\/ingrediente?post=48"},{"taxonomy":"profumieri","embeddable":true,"href":"https:\/\/laspezieriadellaseta.it\/en\/wp-json\/wp\/v2\/profumieri?post=48"}],"curies":[{"name":"wp","href":"https:\/\/api.w.org\/{rel}","templated":true}]}}